{"id":15,"date":"2019-11-22T00:07:03","date_gmt":"2019-11-22T00:07:03","guid":{"rendered":"http:\/\/wolfgangepplenaturschutzundethik.de\/?page_id=15"},"modified":"2026-04-09T15:41:29","modified_gmt":"2026-04-09T15:41:29","slug":"publikationen-buecher","status":"publish","type":"page","link":"https:\/\/wolfgangepplenaturschutzundethik.de\/?page_id=15","title":{"rendered":"Publikationen\/B\u00fccher\/Essays\/Blogbeitr\u00e4ge"},"content":{"rendered":"\n<figure class=\"wp-block-image size-medium\"><img loading=\"lazy\" decoding=\"async\" width=\"228\" height=\"300\" src=\"http:\/\/wolfgangepplenaturschutzundethik.de\/wp-content\/uploads\/2019\/11\/fullsizeoutput_1e-228x300.jpeg\" alt=\"\" class=\"wp-image-334\" srcset=\"https:\/\/wolfgangepplenaturschutzundethik.de\/wp-content\/uploads\/2019\/11\/fullsizeoutput_1e-228x300.jpeg 228w, https:\/\/wolfgangepplenaturschutzundethik.de\/wp-content\/uploads\/2019\/11\/fullsizeoutput_1e.jpeg 378w\" sizes=\"(max-width: 228px) 100vw, 228px\" \/><\/figure>\n\n\n\n<p class=\"has-vivid-red-color has-text-color has-medium-font-size\"><strong>Aktueller denn je &#8211; als Buch erh\u00e4ltlich: <\/strong><\/p>\n\n\n\n<p class=\"has-vivid-red-color has-text-color has-medium-font-size\"><strong>Die um einen Essay erg\u00e4nzte Denkschrift (Zweitauflage) zum Konflikt Windkraftindustrie gegen den Naturschutz:<\/strong><\/p>\n\n\n\n<figure class=\"wp-block-image is-resized is-style-default\"><img decoding=\"async\" src=\"https:\/\/wolfgangepplenaturschutzundethik.de\/wp-content\/uploads\/2021\/05\/image.png\" alt=\"Dieses Bild hat ein leeres Alt-Attribut. Der Dateiname ist image.png\" style=\"aspect-ratio:1;object-fit:contain\"\/><figcaption class=\"wp-element-caption\"><a href=\"https:\/\/www.bod.de\/buchshop\/windkraftindustrie-und-naturschutz-wolfgang-epple-9783753416991\">https:\/\/www.bod.de\/buchshop\/windkraftindustrie-und-naturschutz-wolfgang-epple-9783753416991<\/a><\/figcaption><\/figure>\n\n\n\n<p><\/p>\n\n\n\n<p><strong>Ethologie\/Naturschutz\/Artenschutz\/Ethik:<\/strong><\/p>\n\n\n\n<p>Epple, W. (1979): Geschwisterf\u00fctterung bei jungen Schleiereulen. J. Orn.120: 226.<\/p>\n\n\n\n<p>Epple, W. (1983): Gedehnte Legeabst\u00e4nde bei der Schleiereule (Tyto alba). \u00d6kol V\u00f6gel 5: 271-276.<\/p>\n\n\n\n<p>Epple, W. (1984): Bedrohte Lebensr\u00e4ume in Baden-W\u00fcrttemberg. Tag.Ber. Naturschutz BW. (9),1987: 79-87.<\/p>\n\n\n\n<p>Epple, W. (1985): Artenschutz \u2013 warum? Tag. Ber. Naturschutz BW. (8): 94-97.<\/p>\n\n\n\n<p>Epple, W. (1985): Ethologische Anpassungen im Fortpflanzungssystem der Schleiereule (Tyto alba Scop., 1769). \u00d6kol. V\u00f6gel 7: 1-95.<\/p>\n\n\n\n<p>Epple, W. (1987): Landwirtschaft. In: J. H\u00f6lzinger: Bilanz und Konsequenzen der Gef\u00e4hrdung der V\u00f6gel. In: J. H\u00f6lzinger (Hrsg.): Die V\u00f6gel Baden-W\u00fcrttembergs, &#8211; Avifauna Bad.-W\u00fcrtt., 1 (2): 1325-1329; Karlsruhe.<\/p>\n\n\n\n<p>Epple, W. (1987): Artenhilfsprogramm Rauhfu\u00dfkauz. In: J. H\u00f6lzinger (Hrsg.): Die V\u00f6gel Baden-W\u00fcrttembergs, &#8211; Avifauna Bad.-W\u00fcrtt., 1 (2): 1101-1107; Karlsruhe.<\/p>\n\n\n\n<p>Epple, W. (1987): Artenhilfsprogramm Uhu. In: J. H\u00f6lzinger (Hrsg.): Die V\u00f6gel Baden-W\u00fcrttembergs, &#8211; Avifauna Bad.-W\u00fcrtt., 1 (2): 1069-1080; Karlsruhe.<\/p>\n\n\n\n<p>Epple, W. (1988): Bericht der Bundesrepublik Deutschland \u00fcber die Umsetzung und Anwendung der Richtlinie des Europ\u00e4ischen Rates \u00fcber die Erhaltung wildlebender Vogelarten. Gutachten des Deutschen Naturschutzrings, erst. Im Auftr. des Internationalen Rats f\u00fcr Vogelschutz. Beitr. Zum Natur- und Umweltschutz, 14, Hrsg. DNR, Bonn.<\/p>\n\n\n\n<p>Epple, W. (1988): Das Braunkehlchen \u2013 Jahresvogel 1987 \u2013 im Brennpunkt der Extensivierungsdebatte in der Landwirtschaft. Einf\u00fchrung in das Artenschutzsymposium Braunkehlchen. Beih. Ver\u00f6ff. Naturschutz Landschaftspflege Bad.-W\u00fcrtt. 51: 13-31.<\/p>\n\n\n\n<p>Epple, W. (1988): Zum Schutz von Arten im Interessenkonflikt \u2013 Einf\u00fchrung in das Artenschutzsymposium Saatkr\u00e4he. Beih. Ver\u00f6ff. Naturschutz&nbsp;&nbsp;Landschaftspflege Bad.-W\u00fcrtt. 53: 9-20.<\/p>\n\n\n\n<p>Epple, W. (1988): Wir brauchen die Positivliste. Gastkommentar zum Washingtoner Artenschutz\u00fcbereinkommen. Chancen 3\/1988: 59.<\/p>\n\n\n\n<p>Epple, W. (1988)\/Fotos: Manfred Rogl: Die Schleiereule. Der lautlose J\u00e4ger in der Nacht. 40 S., Kinderbuchverlag Luzern.<\/p>\n\n\n\n<figure class=\"wp-block-image is-resized\"><img decoding=\"async\" src=\"https:\/\/images-na.ssl-images-amazon.com\/images\/I\/51w10rl9AwL.jpg\" alt=\"\"\/><figcaption class=\"wp-element-caption\">Nur noch antiquarisch erh\u00e4ltlich im Internet<\/figcaption><\/figure>\n\n\n\n<p>Epple, W. (1989): Meilenstein f\u00fcr den Naturschutz in Europa: Die Fauna-, Flora-, Habitat-Richtlinie der EG. Naturschutz heute 21, 3\/1989: 4-9.<\/p>\n\n\n\n<p>Epple, W. (1992): Einf\u00fchrung in das Artenschutzsymposium Wendehals. Beih. Ver\u00f6ff. Naturschutz Landschaftspflege 66:&nbsp;&nbsp;7-18.<\/p>\n\n\n\n<p>Epple. W. (1993): Einf\u00fchrung in das Artenschutzsymposium Teichrohrs\u00e4nger. Beih. Ver\u00f6ff. Naturschutz Landschaftspflege 68:&nbsp;&nbsp;7-13.<\/p>\n\n\n\n<p>Epple, W. (1993): Schleiereulen. 105 S., G.Braun, Karlsruhe.<\/p>\n\n\n\n<figure class=\"wp-block-image is-resized\"><img decoding=\"async\" src=\"https:\/\/images-na.ssl-images-amazon.com\/images\/I\/51GrkVMdmvL._SX474_BO1,204,203,200_.jpg\" alt=\"\"\/><figcaption class=\"wp-element-caption\">Nur noch antiquarisch erh\u00e4ltlich im Internet<\/figcaption><\/figure>\n\n\n\n<p>Epple, W. (1993): Eulen. Die geheimnisvollen V\u00f6gel der Nacht. 127 S., Gr\u00e4fe und Unzer, M\u00fcnchen.<\/p>\n\n\n\n<figure class=\"wp-block-image size-medium is-resized\"><img loading=\"lazy\" decoding=\"async\" width=\"217\" height=\"300\" src=\"https:\/\/wolfgangepplenaturschutzundethik.de\/wp-content\/uploads\/2021\/05\/IMG_2580-217x300.jpg\" alt=\"\" class=\"wp-image-4141\" srcset=\"https:\/\/wolfgangepplenaturschutzundethik.de\/wp-content\/uploads\/2021\/05\/IMG_2580-217x300.jpg 217w, https:\/\/wolfgangepplenaturschutzundethik.de\/wp-content\/uploads\/2021\/05\/IMG_2580-740x1024.jpg 740w, https:\/\/wolfgangepplenaturschutzundethik.de\/wp-content\/uploads\/2021\/05\/IMG_2580-768x1063.jpg 768w, https:\/\/wolfgangepplenaturschutzundethik.de\/wp-content\/uploads\/2021\/05\/IMG_2580-1110x1536.jpg 1110w, https:\/\/wolfgangepplenaturschutzundethik.de\/wp-content\/uploads\/2021\/05\/IMG_2580-1480x2048.jpg 1480w, https:\/\/wolfgangepplenaturschutzundethik.de\/wp-content\/uploads\/2021\/05\/IMG_2580-scaled.jpg 1850w\" sizes=\"(max-width: 217px) 100vw, 217px\" \/><figcaption class=\"wp-element-caption\">Nur noch antiquarisch erh\u00e4ltlich im Internet<\/figcaption><\/figure>\n\n\n\n<p><\/p>\n\n\n\n<p>Epple, W. (1996): Rabenv\u00f6gel. G\u00f6tterv\u00f6gel \u2013 Galgenv\u00f6gel; ein Pl\u00e4doyer im \u201eRabenvogelstreit\u201c. 111 S., G.Braun, Karlsruhe.<\/p>\n\n\n\n<figure class=\"wp-block-image is-resized\"><img decoding=\"async\" src=\"https:\/\/images-na.ssl-images-amazon.com\/images\/I\/5130231635L._SY444_BO1,204,203,200_.jpg\" alt=\"\"\/><figcaption class=\"wp-element-caption\">Noch antiquarisch erh\u00e4ltlich im Internet<\/figcaption><\/figure>\n\n\n\n<p>Epple, W. (1999): Lebenden L\u00e4mmern Augen ausgehackt? Zur Aussagekraft von \u201eBeweisfotos\u201c gegen Rabenkr\u00e4hen, die angeblich lebende L\u00e4mmer durch Aushacken der Augen t\u00f6ten.&nbsp;&nbsp;Jahresber. Ornithol. Arbeit gem. Oldenburg 15: 165-168.<\/p>\n\n\n\n<p>Epple, W. (1999): Rabenv\u00f6gel &#8211; Problemv\u00f6gel? Heimat-Jahrbuch f\u00fcr das Osnabr\u00fccker Land: 135-143.<\/p>\n\n\n\n<p>Epple, W. (2001): Rabenv\u00f6gel. In Richarz et al. (Hrsg): Taschenbuch f\u00fcr Vogelschutz. Aula Verlag. S. 421-439.<\/p>\n\n\n\n<p>Epple, W. (2002): Jagd \u2013 eine Frage der Ethik. In: Vogeljagd. Zusammenfassung Seminar des&nbsp;&nbsp;\u00d6JV 2001: 68-80.<\/p>\n\n\n\n<p>Epple, W. (2005): Nachlese &#8211; Kommentar zu &#8222;DAS! ab 4&#8220;; Sendung des NDR vom 20.07.2005 &#8222;Rabenkr\u00e4hen &#8211; Naturschutz oder Frevel?&#8220;. Pollichia-Kurier 21(4): 33-34.<\/p>\n\n\n\n<p>Epple, W. (2006): Offener Brief an den bayerischen \u201eB\u00e4renanwalt\u201c. Pollichia-Kurier 22(3): 54.&nbsp;<a href=\"https:\/\/www.zobodat.at\/pdf\/Pollichia-Kurier_22_2006_3_0001-0062.pdf \">https:\/\/www.zobodat.at\/pdf\/Pollichia-Kurier_22_2006_3_0001-0062.pdf <\/a><\/p>\n\n\n\n<p>Epple, W. (2006): Verantwortung \u00fcbernehmen und Sch\u00f6pfung bewahren. Nationalpark Nr. 131, 1\/2006: 12-16.<\/p>\n\n\n\n<p>Epple, W. (2006\/2007): Ethik und Naturschutz<\/p>\n\n\n\n<p><em>Teil 1: Aktueller Anlass. Zur Frage des Umgangs mit Arten im Interessenkonflikt. Informativ. Magazin des Naturschutzbundes Ober\u00f6sterreich 43\/2006: 4-7.<\/em><em><\/em><\/p>\n\n\n\n<p><em>Teil 2: Einige Hintergrundfakten. Informativ. Magazin des Naturschutzbundes Ober\u00f6sterreich 44\/2006: 5-8.<\/em><\/p>\n\n\n\n<p><em>Teil 3: Rechtliche und \u00f6kologische Interessenskollisionen \u2013 die Grenzen der<\/em><em><br><\/em><em>\u00e4u\u00dferlichen Wissenschaft f\u00fcr den Artenschutz.&nbsp;&nbsp;Informativ. Magazin des Naturschutzbundes Ober\u00f6sterreich 45\/2007: 5-7.<\/em><em><\/em><\/p>\n\n\n\n<p><em>Teil 4: Von der Anthropozentrik zur ganzheitlichen Ethik des Naturschutzes. Informativ. Magazin des Naturschutzbundes Ober\u00f6sterreich 47\/2007: 4-7.<\/em><\/p>\n\n\n\n<p>Epple, W. (2007): Hass auf Kr\u00e4hen. Arten im Interessenkonflikt und der erbarmungslose Umgang mit der Sch\u00f6pfung. Nationalpark 135, 1\/2007: 32-35.<\/p>\n\n\n\n<p>Epple, W. (2009): 30 Jahre Hans Jonas \u201eDas Prinzip Verantwortung\u201c: Zur ethischen Begr\u00fcndung des Naturschutzes. Osnabr\u00fccker Naturwiss. Mitteilungen 35: 121-150.<a href=\" https:\/\/ethz.ch\/content\/dam\/ethz\/special-interest\/usys\/ites\/ecosystem-management-dam\/documents\/EducationDOC\/Naturschutz_DOC\/Epple_2009_30JahrePrinzipVerantwortung.pdf\"> https:\/\/ethz.ch\/content\/dam\/ethz\/special-interest\/usys\/ites\/ecosystem-management-dam\/documents\/EducationDOC\/Naturschutz_DOC\/Epple_2009_30JahrePrinzipVerantwortung.pdf<\/a>;\u00a0<a href=\"http:\/\/publikationen.ub.uni-frankfurt.de\/frontdoor\/index\/index\/year\/2011\/docId\/20165\">http:\/\/publikationen.ub.uni-frankfurt.de\/frontdoor\/index\/index\/year\/2011\/docId\/20165<\/a><\/p>\n\n\n\n<p>Epple, W. (2019): Eine Geschichte aus der Zukunft. Die Sammelklage der Wildtiere vor dem Europ\u00e4ischen Gerichtshof f\u00fcr Tierrechte. Naturschutz Magazin der Naturschutzinitiative e.V. 01\/2019: 14 -16.&nbsp;<a href=\"https:\/\/naturschutz-initiative.de\/images\/PDF2019\/2019NaturschutzMagazin1.pdf\">https:\/\/naturschutz-initiative.de\/images\/PDF2019\/2019NaturschutzMagazin1.pdf<\/a><\/p>\n\n\n\n<p>Epple, W. (2019):&nbsp;Fridays for Future, bayerisches Volksbegehren f\u00fcr die Bienen, Rezo &#8211; Phantasma einer \u201e\u00f6kologischen\u201c B\u00fcrgerrevolution oder Medienputsch pro GR\u00dcN?&nbsp;<a href=\"https:\/\/umwelt-watchblog.de\/wp-content\/uploads\/Eig-Komment-zu-Stork-O%CC%88koBu%CC%88rgerrevolution-SdW220519-2.pdf\">https:\/\/umwelt-watchblog.de\/wp-content\/uploads\/Eig-Komment-zu-Stork-\u00d6koB\u00fcrgerrevolution-SdW220519-2.pdf<\/a>&nbsp;;&nbsp;<a href=\"https:\/\/www.naturschutz-initiative.de\/images\/PDF2019\/ESSAY-EPPLE-WOLFGANG.pdf\">https:\/\/www.naturschutz-initiative.de\/images\/PDF2019\/ESSAY-EPPLE-WOLFGANG.pdf<\/a> ; zuerst publiziert unter: https:\/\/umwelt-watchblog.de\/auf-dem-weg-zu-einer-buergerlichen-oekorevolution\/<\/p>\n\n\n\n<p>Epple, W. (2020): Artenschutz Made in Germany \u2013 vom Ende der Anma\u00dfung. Naturschutz Magazin der Naturschutzinitiative e.V. 01\/2020: 18.&nbsp;<a href=\"https:\/\/naturschutz-initiative.de\/images\/PDF2020\/Magazin012020.pdf\">https:\/\/naturschutz-initiative.de\/images\/PDF2020\/Magazin012020.pdf <\/a><\/p>\n\n\n\n<p>Epple, W. (2020): Naturschutz als Hindernis f\u00fcr \u201eKlimaschutz\u201c und Energiewende? Die Windlobby bestellt \u2013 die Politik liefert. Eine Chronologie. Naturschutz Magazin der Naturschutzinitiative e.V. 03\/2020: 32-37.&nbsp;<a href=\"https:\/\/www.naturschutz-initiative.de\/images\/PDF2020\/Windkraftlobby.pdf\">https:\/\/www.naturschutz-initiative.de\/images\/PDF2020\/Windkraftlobby.pdf<\/a>&nbsp;Literaturverzeichnis zu Artikel:&nbsp;<a href=\"https:\/\/www.naturschutz-initiative.de\/images\/PDF2020\/LiteraturlisteWE.pdf\">https:\/\/www.naturschutz-initiative.de\/images\/PDF2020\/LiteraturlisteWE.pdf<\/a><\/p>\n\n\n\n<p>Epple, W.(2021): &#8222;Vogelfrieden&#8220;. Die Auslieferung des Naturschutzes an die Windkraft. Anmerkungen zum Strategiepapier von NABU und B\u00fcndnis 90\/die GR\u00dcNEN zur Beschleunigung des Ausbaus der Windenergie. <a href=\"https:\/\/naturschutz-initiative.de\/images\/PDF2021\/01NM2021.pdf\">Naturschutz Magazin der Naturschutzinitiative e.V. 01\/2021: 56-59. <\/a><\/p>\n\n\n\n<p>Epple, W.(2021): Generationengerechtigkeit und der Erhalt der nat\u00fcrlichen Lebensgrundlagen. Anmerkungen zum &#8222;Klimaschutzgesetz-Urteil&#8220; des BVerfG vom 24.03.2021 aus Sicht des Naturschutzes. <a href=\"https:\/\/naturschutz-initiative.de\/images\/PDF2021\/03NM2021.pdf\">Naturschutz Magazin der Naturschutzinitiative e.V. 03\/2021: 12-18.<\/a> Der Beitrag ist als <a href=\"https:\/\/naturschutz-initiative.de\/images\/PDF2021\/Generationengerechtigkeit.pdf\">Denkansto\u00df direkt abrufbar <\/a>. Die verwendeten <a href=\"https:\/\/naturschutz-initiative.de\/images\/PDF2021\/LiteraturlisteWolfgangEppleGenerationengerechtigkeitNM032021.pdf\">Quellen hier.<\/a><\/p>\n\n\n\n<p>Epple, W. (2021): Windkraftindustrie und Naturschutz sind nicht vereinbar. Windkraft-Naturschutz-Ethik. Herausgeber. Naturschutzinitiative e.V. (NI), 272 Seiten. Zu erwerben hier:<a href=\"https:\/\/www.naturschutz-initiative.de\/geschenke\/denkschrift-windkraftindustrie-und-naturschutz-sind-nicht-vereinbar\"> https:\/\/www.naturschutz-initiative.de\/geschenke\/denkschrift-windkraftindustrie-und-naturschutz-sind-nicht-vereinbar<\/a><\/p>\n\n\n\n<p>Epple, W. (2021): Windkraftindustrie und Naturschutz. Windkraft-Naturschutz-Ethik. Eine Studie f\u00fcr die Naturschutzinitiative e.V. (NI), 544 Seiten. Verlag BoD &#8211; Books on Demand, Norderstedt.<\/p>\n\n\n\n<figure class=\"wp-block-image size-large is-resized\"><img loading=\"lazy\" decoding=\"async\" width=\"722\" height=\"1024\" src=\"https:\/\/wolfgangepplenaturschutzundethik.de\/wp-content\/uploads\/2021\/05\/image-722x1024.png\" alt=\"\" class=\"wp-image-4140\" style=\"width:181px;height:256px\" srcset=\"https:\/\/wolfgangepplenaturschutzundethik.de\/wp-content\/uploads\/2021\/05\/image-722x1024.png 722w, https:\/\/wolfgangepplenaturschutzundethik.de\/wp-content\/uploads\/2021\/05\/image-211x300.png 211w, https:\/\/wolfgangepplenaturschutzundethik.de\/wp-content\/uploads\/2021\/05\/image-768x1090.png 768w, https:\/\/wolfgangepplenaturschutzundethik.de\/wp-content\/uploads\/2021\/05\/image-1083x1536.png 1083w, https:\/\/wolfgangepplenaturschutzundethik.de\/wp-content\/uploads\/2021\/05\/image-1444x2048.png 1444w, https:\/\/wolfgangepplenaturschutzundethik.de\/wp-content\/uploads\/2021\/05\/image.png 1748w\" sizes=\"(max-width: 722px) 100vw, 722px\" \/><\/figure>\n\n\n\n<p>Epple, W. (2022, 2024): Die Klimaschutzpl\u00e4ne der Ampel-Regierung bedeuten&nbsp;das Aus f\u00fcr den Natur- und Landschaftsschutz.<br>Durchmarsch der Erneuerbaren Energien auf Biegen und Brechen.                                      In: Naturschutzinitiative (2022; Hrsg): Landschaften und W\u00e4lder sch\u00fctzen. Wissenschaftler kritisieren EEG Eckpunktepapier 2022. S. 12-17.  <a href=\"https:\/\/naturschutz-initiative.de\/images\/PDF2022\/WissenschaftlerkritisierenEEGEckpunktepapier2022.pdf\">https:\/\/naturschutz-initiative.de\/images\/PDF2022\/WissenschaftlerkritisierenEEGEckpunktepapier2022.pdf<\/a>; eine erweiterte Neuauflage im Jahr 2024 dieser Schrift der NI e.V. hier: <a href=\"https:\/\/naturschutz-initiative.de\/aktuell\/neuigkeiten\/wissenschaftler-fordern-keine-windenergie-im-wald-und-in-schutzgebieten\/\">https:\/\/naturschutz-initiative.de\/aktuell\/neuigkeiten\/wissenschaftler-fordern-keine-windenergie-im-wald-und-in-schutzgebieten\/<\/a><\/p>\n\n\n\n<p>Epple, W. (2022): Krise des Menschseins in der Natur. Gastbeitrag. Badische Neue Nachrichten\/Badisches Tagblatt vom 10.Dezember 2022. Mit freundlicher Genehmigung verlinkt in&nbsp;<a href=\"https:\/\/naturschutz-initiative.de\/images\/PDF2022\/KrisedesMenschseinsinderNaturDrEpple.pdf\">&nbsp;https:\/\/naturschutz-initiative.de\/images\/PDF2022\/KrisedesMenschseinsinderNaturDrEpple.pdf<\/a><\/p>\n\n\n\n<p>Epple, W. (2023): Auerhuhn im Sinkflug durch Windkraft im Schwarzwald? Naturschutz Magazin der Naturschutzinitiative e.V. 01\/2023: 8-15.  <a href=\"https:\/\/naturschutz-initiative.de\/images\/PDF2023\/01NM2023.pdf\" title=\"\">Naturschutz Magazin der Naturschutzinitiative e.V. 1\/2023: 8-15.<\/a><\/p>\n\n\n\n<p>Epple, W. (2023): Verschw\u00f6rungsmentalit\u00e4t ist nicht entscheidend f\u00fcr den Widerstand gegen Windkraft. Gedanken zu einer Studie von Winter et al. (2022) in &#8222;nature energy&#8220;. <a href=\"https:\/\/www.energie-naturschutz.de\/publikationen\/verschworungsmentalitat-ist-nicht-entscheidend-fur-den-widerstand-gegen-windkraft\">https:\/\/www.energie-naturschutz.de\/publikationen\/verschworungsmentalitat-ist-nicht-entscheidend-fur-den-widerstand-gegen-windkraft<\/a><\/p>\n\n\n\n<p>Epple, W. (2024): Ein Platz f\u00fcr wilde Tiere? Teil 1. Was ist das Pr\u00e4dikat &#8222;Unter Naturschutz&#8220; noch wert?  <a href=\"https:\/\/naturschutz-initiative.de\/images\/PDF2024\/01NM2024.pdf\" title=\"\">Naturschutz Magazin der Naturschutzinitiative e.V. 1\/2024: 4-11.<\/a><\/p>\n\n\n\n<p>Epple, W. (2024): Ein Platz f\u00fcr wilde Tiere? Teil 2. Umgang mit Beutegreifern &#8211; endlose Zerrei\u00dfprobe f\u00fcr den Artenschutz. <a href=\"https:\/\/naturschutz-initiative.de\/wpni\/wp-content\/uploads\/2024\/05\/naturschutzinitiative_naturschutzmagazin_2024_02.pdf\" title=\"\">Naturschutz Magazin der Naturschutzinitiative e.V. 2\/2024: 4-11<\/a><\/p>\n\n\n\n<p>Epple, W. (2024): Ein Platz f\u00fcr wilde Tiere? Teil 3. (Gro\u00dfe) Pflanzenfresser unerw\u00fcnscht? <a href=\"https:\/\/naturschutz-initiative.de\/wpni\/wp-content\/uploads\/2024\/09\/naturschutzinitiative_naturschutzmagazin_2024_03.pdf\">Naturschutz Magazin der Naturschutzinitiative e.V. 3\/2024: 4-11. <\/a><\/p>\n\n\n\n<p>Epple, W. (2025): Ein Platz f\u00fcr wilde Tiere? Teil 4. Der Konflikt mit Energiewende und &#8222;Gro\u00dfer Transformation&#8220;. <a href=\"https:\/\/naturschutz-initiative.de\/wpni\/wp-content\/uploads\/2025\/03\/naturschutzinitiative_naturschutzmagazin_2025_01.pdf\" title=\"\">Naturschutz Magazin der Naturschutzinitiative e.V. 1\/2025: 6 &#8211; 13.<\/a><\/p>\n\n\n\n<p>Epple, W. (2025): Der Koalitionsvertrag &#8211; Angriff auf Natur, Landschaften, W\u00e4lder, Wildtiere, Lebensr\u00e4ume, B\u00fcrgerbeteiligung. <a href=\"https:\/\/naturschutz-initiative.de\/aktuell\/ni-magazin\/naturschutz-magazin-2025-02\/\" title=\"\">Naturschutz Magazin der Naturschutzinitiative e.V. 2\/2025: 14-21<\/a><\/p>\n\n\n\n<p>Epple, W. (2025): REDIII erleichtert und beschleunigt den Angriff auf die Natur . Naturschutz Magazin der Naturschutzinitiative e.V. 3\/2025: 46-49. <a href=\"https:\/\/naturschutz-initiative.de\/wpni\/wp-content\/uploads\/2025\/07\/naturschutzinitiative_red-III_epple_wolfgang_dr.pdf \">https:\/\/naturschutz-initiative.de\/wpni\/wp-content\/uploads\/2025\/07\/naturschutzinitiative_red-III_epple_wolfgang_dr.pdf <\/a><\/p>\n\n\n\n<p>Epple W. (2025): Ein Platz f\u00fcr Tiere. Sammlung von 5 Essays. Beweggr\u00fcnde:  <a href=\"https:\/\/naturschutz-initiative.de\/aktuell\/neuigkeiten\/neue-publikation-ein-platz-fuer-wilde-tiere-von-dr-w-epple\/\" title=\"\">https:\/\/naturschutz-initiative.de\/aktuell\/neuigkeiten\/neue-publikation-ein-platz-fuer-wilde-tiere-von-dr-w-epple\/<\/a><\/p>\n\n\n\n<p>Direkt zur Publikation:<\/p>\n\n\n\n<p>Epple, W. (2025): Ein Platz f\u00fcr wilde Tiere. Naturschutzinitiative e. V. ( Hrsg). 32 Seiten.  <a href=\"https:\/\/naturschutz-initiative.de\/wpni\/wp-content\/uploads\/2025\/08\/naturschutzinitiative_ein_platz_fuer_wilde_tiere_epple_wolfgang_dr_rer_nat.pdf\" title=\"\">https:\/\/naturschutz-initiative.de\/wpni\/wp-content\/uploads\/2025\/08\/naturschutzinitiative_ein_platz_fuer_wilde_tiere_epple_wolfgang_dr_rer_nat.pdf<\/a><br><br>Hier Druckversion bestellen:<\/p>\n\n\n\n<p><a href=\"https:\/\/naturschutz-initiative.de\/wissen\/publikationen\/ein-platz-fuer-wilde-tiere\/\" title=\"\">https:\/\/naturschutz-initiative.de\/wissen\/publikationen\/ein-platz-fuer-wilde-tiere\/<\/a><\/p>\n\n\n\n<p><\/p>\n\n\n\n<p><\/p>\n\n\n\n<p><\/p>\n\n\n\n<p><strong>Ausgew\u00e4hlte<\/strong> <strong>Blog-Beitr\u00e4ge\/Interviews:<\/strong><\/p>\n\n\n\n<p>Epple, W. (2015): Windkraft auf Biegen und Brechen oder von der Unredlichkeit als Markenzeichen GR\u00dcNER Politik.&nbsp;<a href=\"https:\/\/www.hoher-odenwald.de\/wp-content\/uploads\/2015\/11\/WK-GR%C3%9CNE-eigen-Komm-Nov2015-Windkraft-auf-Biegen-und-Brechen.pdf\">https:\/\/www.hoher-odenwald.de\/wp-content\/uploads\/2015\/11\/WK-GR\u00dcNE-eigen-Komm-Nov2015-Windkraft-auf-Biegen-und-Brechen.pdf<\/a><\/p>\n\n\n\n<p>Epple, W. (2015): Schwarzer Tag f\u00fcr den Landschaftsschutz und die mediale Berichterstattung in Baden-W\u00fcrttemberg.&nbsp;<a href=\"http:\/\/www.vernunftkraft.de\/drei-unterstellungen-zwei-schwarze-tage\/\">http:\/\/www.vernunftkraft.de\/drei-unterstellungen-zwei-schwarze-tage\/<\/a><\/p>\n\n\n\n<p>Epple, W. (2016):&nbsp;Publikation des Bundesinstituts f\u00fcr Bau-, Stadt-und Raumforschung (BBSR), 2015, publiziert in Ausgabe 6\/2015 der Informationen zur Raumentwicklung birgt ein Horrorszenario. (Kurzkommentar zu Zaspel-Heisters 2015). Ver\u00f6ffentlicht hier:&nbsp;<a href=\"http:\/\/www.hoher-odenwald.de\/wp-content\/uploads\/2016\/02\/BBSR-2015-WK-Fl%C3%A4chenpotenzial-Publ-Komment-Epple.pdf\">http:\/\/www.hoher-odenwald.de\/wp-content\/uploads\/2016\/02\/BBSR-2015-WK-Fl%C3%A4chenpotenzial-Publ-Komment-Epple.pdf<\/a><\/p>\n\n\n\n<p>Epple, W. (2016): Ein Gedanke zu \u201eRotmilan durch Windr\u00e4der stark bedroht\u201c.&nbsp;<a href=\"https:\/\/umwelt-watchblog.de\/rotmilan-durch-windraeder-stark-bedroht\/\">https:\/\/umwelt-watchblog.de\/rotmilan-durch-windraeder-stark-bedroht\/<\/a><\/p>\n\n\n\n<p>Epple, W. (2016): Ein Gedanke zu \u201e\u00d6kostrom bedroht Fischadler in Bayern\u201c.&nbsp;<a href=\"https:\/\/umwelt-watchblog.de\/oekostrom-bedroht-fischadler-in-bayern\/\">https:\/\/umwelt-watchblog.de\/oekostrom-bedroht-fischadler-in-bayern\/<\/a><\/p>\n\n\n\n<p>Epple, W. (2016): Klimawandel findet schon statt. Kommentar zu: Watson, J. (2016): Meinung: \u201eeine Aussterbewelle rollt auf uns zu\u201c.&nbsp;<a href=\"https:\/\/www.spektrum.de\/kolumne\/meinung-eine-aussterbewelle-rollt-auf-uns-zu\/1414341#comment-1415976\">https:\/\/www.spektrum.de\/kolumne\/meinung-eine-aussterbewelle-rollt-auf-uns-zu\/1414341#comment-1415976<\/a> <\/p>\n\n\n\n<p>Epple, W. (2018): \u201eDie Windkraftindustrie zerst\u00f6rt die Natur\u201c. Interview mit Bernahrd Lutz. S\u00fcdkurier 24.01.2018.&nbsp;<a href=\"https:\/\/www.suedkurier.de\/region\/schwarzwald\/blumberg\/Die-Windkraftindustrie-zerstoert-die-Natur;art372508,9589770\">https:\/\/www.suedkurier.de\/region\/schwarzwald\/blumberg\/Die-Windkraftindustrie-zerstoert-die-Natur;art372508,9589770<\/a><\/p>\n\n\n\n<p>Epple, W. (2018): Die falsche Sau hinter der falschen Sau durchs Dorf treiben. Kommentar zu: Lingenh\u00f6hl, D. (2018): Afrikanische Schweinpest. Die falsche Sau durchs Dorf treiben.&nbsp;Spektrum.de <a href=\"https:\/\/www.spektrum.de\/kolumne\/massenhafter-abschuss-von-wildschweinen-bringt-nichts\/1532219?utm_source=sdw-nl&amp;utm_medium=newsletter&amp;utm_campaign=sdw-nl-daily&amp;utm_content=kolumne\">https:\/\/www.spektrum.de\/kolumne\/massenhafter-abschuss-von-wildschweinen-bringt-nichts\/1532219?utm_source=sdw-nl&amp;utm_medium=newsletter&amp;utm_campaign=sdw-nl-daily&amp;utm_content=kolumne<\/a><\/p>\n\n\n\n<p>Epple, W. (2018): Ein Gedanke zu \u201eEine Jahrhundertgestalt. Nachruf auf den Dirigenten und streitbaren Natursch\u00fctzer Enoch zu Guttenberg\u201c (Georg Etscheit 2018).&nbsp;<a href=\"https:\/\/umwelt-watchblog.de\/eine-jahrhundertgestalt-nachruf-auf-den-dirigenten-und-streitbaren-naturschuetzer-enoch-zu-guttenberg\/\">https:\/\/umwelt-watchblog.de\/eine-jahrhundertgestalt-nachruf-auf-den-dirigenten-und-streitbaren-naturschuetzer-enoch-zu-guttenberg\/<\/a><\/p>\n\n\n\n<p>Epple, W. (2019): Die Zeit ist reif, Tunnelblick gef\u00e4hrlich. Kommentar zu Yannyang Xu et al. (2019): Die Welt wird viel schneller hei\u00df. (Exkl. \u00dcbersetzung aus \u201enature\u201c). Spektrum.de.&nbsp;<a href=\"https:\/\/www.spektrum.de\/kolumne\/die-welt-wird-viel-schneller-heiss\/1626358\">https:\/\/www.spektrum.de\/kolumne\/die-welt-wird-viel-schneller-heiss\/1626358<\/a><\/p>\n\n\n\n<p>Epple, W. (2019): Brandstiftung.&nbsp;<a href=\"https:\/\/umwelt-watchblog.de\/wp-content\/uploads\/Brandstiftung-eig-Komm-WE-24-August-2019-1.pdf\">https:\/\/umwelt-watchblog.de\/wp-content\/uploads\/Brandstiftung-eig-Komm-WE-24-August-2019-1.pdf<\/a>&nbsp;; Beitrag unter dem Titel: Aufforstung mit Windspargeln?&nbsp;<a href=\"https:\/\/umwelt-watchblog.de\/aufforstung-mit-windspargeln\/\">https:\/\/umwelt-watchblog.de\/aufforstung-mit-windspargeln\/<\/a><\/p>\n\n\n\n<p>Epple, W. (2019): Angst sch\u00fcren, das Alarm-Gesch\u00e4ft der Medien und Populismus. Kommentar zu Ebert, V. (2019): Was w\u00e4re, wenn es keine einfachen Antworten g\u00e4be? Spektrum.de.&nbsp;<a href=\"https:\/\/www.spektrum.de\/kolumne\/was-waere-wenn-es-keine-einfachen-antworten-gaebe\/1624076#comment-1624824\">https:\/\/www.spektrum.de\/kolumne\/was-waere-wenn-es-keine-einfachen-antworten-gaebe\/1624076#comment-1624824<\/a><\/p>\n\n\n\n<p>Epple, W. (2019): Bev\u00f6lkerungsexplosion \u2013 Probleme noch nicht gel\u00f6st. Kommentar zu M\u00e4der, A. (2019): Warum die Weltbev\u00f6lkerung w\u00e4chst. Spektrum.de.&nbsp;<a href=\"https:\/\/www.spektrum.de\/kolumne\/warum-die-weltbevoelkerung-waechst\/1631642#comment-1632542\">https:\/\/www.spektrum.de\/kolumne\/warum-die-weltbevoelkerung-waechst\/1631642#comment-1632542<\/a><\/p>\n\n\n\n<p>Epple, W. (2019): Ein guter \u00dcbersichtsbeitrag. Kommentar zu: Helbing, D. (2019): Digitalisierung und Umweltschutz. Das gro\u00dfe Scheitern.&nbsp;<a href=\"https:\/\/www.spektrum.de\/kolumne\/das-grosse-scheitern\/1685328#comment-1685748\">https:\/\/www.spektrum.de\/kolumne\/das-grosse-scheitern\/1685328#comment-1685748<\/a><\/p>\n\n\n\n<p>Epple, W. (2019): Offenbarungseid der h\u00f6chsten deutschen Naturschutzbeh\u00f6rde.&nbsp;<a href=\"https:\/\/umwelt-watchblog.de\/offenbarungseid-der-hoechsten-deutschen-naturschutzbehoerde\/\">https:\/\/umwelt-watchblog.de\/offenbarungseid-der-hoechsten-deutschen-naturschutzbehoerde\/<\/a><\/p>\n\n\n\n<p>Epple, W. (2019): \u201ePlatz f\u00fcr Windkraft\u201c: UBA verr\u00e4t Mensch und Natur.&nbsp;<a href=\"https:\/\/umwelt-watchblog.de\/platz-fuer-windkraft-uba-verraet-mensch-und-natur\/\">https:\/\/umwelt-watchblog.de\/platz-fuer-windkraft-uba-verraet-mensch-und-natur\/<\/a><\/p>\n\n\n\n<p>Epple, W. (2019): Der Arbeitsplan von Minister Altmeier (BMWi) zur St\u00e4rkung der Windenergie vom 07. Oktober 2019: Ein Anschlag auf Natur, B\u00fcrger und Rechtstaat.&nbsp;<a href=\"https:\/\/naturschutz-initiative.de\/neuigkeiten\/560-11-10-2019-ein-anschlag-auf-natur-buerger-und-rechtstaat\">https:\/\/naturschutz-initiative.de\/neuigkeiten\/560-11-10-2019-ein-anschlag-auf-natur-buerger-und-rechtstaat<\/a><\/p>\n\n\n\n<p>Epple, W. (2020): Winterst\u00fcrme, Windstrom und der deutsche Journalismus.&nbsp;<a href=\"https:\/\/umwelt-watchblog.de\/winterstuerme-windstrom-und-der-deutsche-journalismus\/\">https:\/\/umwelt-watchblog.de\/winterstuerme-windstrom-und-der-deutsche-journalismus\/<\/a><\/p>\n\n\n\n<p>Epple, W. (2020). Vom Reichtum zum Endstadium. Anmerkungen zur Entwicklung k\u00fcstennaher Wiesenlandschaften.&nbsp;<a href=\"https:\/\/www.wattenrat.de\/2020\/04\/03\/vogelschutzgebiet-rheiderland-gruenlandumbruch-vernichtet-brutplaetze\/\">https:\/\/www.wattenrat.de\/2020\/04\/03\/vogelschutzgebiet-rheiderland-gruenlandumbruch-vernichtet-brutplaetze\/<\/a>; <a href=\"https:\/\/www.wattenrat.de\/2020\/04\/07\/gastkommentar-vom-reichtum-zum-endstadium-anmerkungen-zur-entwicklung-kuestennaher-wiesenlandschaften\/\">https:\/\/www.wattenrat.de\/2020\/04\/07\/gastkommentar-vom-reichtum-zum-endstadium-anmerkungen-zur-entwicklung-kuestennaher-wiesenlandschaften\/  <\/a><\/p>\n\n\n\n<p>Epple, W. (2020): Klimaneutralit\u00e4t bis 2035? \u2013<a href=\"https:\/\/www.wattenrat.de\/2020\/10\/18\/klimaneutralitaet-bis-2035-die-einordnung-eines-diskussionsbeitrags-des-wuppertal-institutes-fuer-fridays-for-future-deutschland\/\"> Die Einordnung eines &#8222;Diskussionsbeitrags des Wuppertal-Institutes f\u00fcr Fridays for Future Deutschland&#8220;<\/a>.  <\/p>\n\n\n\n<p>Epple, W. (2020): NABU und B\u00fcndnis 90\/Die Gr\u00fcnen stellen gemeinsames Strategiepapier<strong> <\/strong>zur Beschleunigung des angeblich&nbsp;\u201enaturvertr\u00e4glichen\u201c&nbsp;Ausbaus der Windenergie vor&nbsp;(Verlautbarung vom 05.12.2020). <a href=\"https:\/\/naturschutz-initiative.de\/images\/PDF2020\/Strategiepapier.pdf   \">https:\/\/naturschutz-initiative.de\/images\/PDF2020\/Strategiepapier.pdf   <\/a><\/p>\n\n\n\n<p>Epple, W. (2021): Der SPIEGEL und seine Einsager \u2013 Von wundersamer Wandlung und einer blamablen Recherche.&nbsp;<a href=\"https:\/\/www.naturschutz-initiative.de\/naturschutz\/denkanstoesse\/der-spiegel-und-seine-einsager\">https:\/\/www.naturschutz-initiative.de\/naturschutz\/denkanstoesse\/der-spiegel-und-seine-einsager<\/a>;&nbsp;<a href=\"https:\/\/www.naturschutz-initiative.de\/images\/PDF2021\/EPPLE_SPIEGEL.pdf\">https:\/\/www.naturschutz-initiative.de\/images\/PDF2021\/EPPLE_SPIEGEL.pdf<\/a> <\/p>\n\n\n\n<p>Epple, W. (2021): Auslieferung der Staatsw\u00e4lder an die Windkraftindustrie &#8211; politische Doppelmoral im Namen des &#8222;Klimaschutzes&#8220;. <a href=\"https:\/\/naturschutz-initiative.de\/naturschutz\/denkanstoesse\/auslieferung-der-staatswaelder-an-die-windkraftindustrie-von-dr-wolfgang-epple\">https:\/\/naturschutz-initiative.de\/naturschutz\/denkanstoesse\/auslieferung-der-staatswaelder-an-die-windkraftindustrie-von-dr-wolfgang-epple<\/a>; <a href=\"https:\/\/naturschutz-initiative.de\/images\/PDF2021\/Epple2021AuslieferungDerStaatswaelderAnDieWindkraftindustrie.pdf \">https:\/\/naturschutz-initiative.de\/images\/PDF2021\/Epple2021AuslieferungDerStaatswaelderAnDieWindkraftindustrie.pdf <\/a><\/p>\n\n\n\n<p>Epple, W. (2021): Skandal\u00f6se Offenbarung. Rechtsanwalt und Windkraftlobbyist Prof. Dr. Maslaton: &#8222;Diabolische Allianz mit rechtsnationalen Kr\u00e4ften&#8220;? Antidemokratische und autorit\u00e4re Tendenzen im Rahmen der Energiewende. <br><a href=\"https:\/\/naturschutz-initiative.de\/wpni\/wp-content\/uploads\/2021\/03\/EPPLE_WOLFGANG_MASLATON.pdf\">https:\/\/naturschutz-initiative.de\/wpni\/wp-content\/uploads\/2021\/03\/EPPLE_WOLFGANG_MASLATON.pdf<\/a><\/p>\n\n\n\n<p>Epple, W. (2021): Generalangriff des Konstruktivismus im Rahmen der Energiewende. Ein Gedanke zu &#8222;H\u00e4sslich ist das neue Sch\u00f6n&#8220; von Georg Etscheit. <a href=\"https:\/\/umwelt-watchblog.de\/haesslich-ist-das-neue-schoen\/#more-7123\">https:\/\/umwelt-watchblog.de\/haesslich-ist-das-neue-schoen\/#more-7123<\/a> <\/p>\n\n\n\n<p>Epple W. (2021): Ganzheitlicher Naturschutz statt Windkraftplantagen. Interview mit Axel Robert G\u00f6hring, EIKE e.V.. <a href=\"https:\/\/eike-klima-energie.eu\/2021\/10\/14\/nn-staatswaelder-nun-bald-windkraftplantagen-und-entsorgung-alter-rotoren-via-vergraben\/\">https:\/\/eike-klima-energie.eu\/2021\/10\/14\/nn-staatswaelder-nun-bald-windkraftplantagen-und-entsorgung-alter-rotoren-via-vergraben\/ <\/a><\/p>\n\n\n\n<p>Epple, W.(2021): Der Koalitionsvertrag der Ampel. Untergang des Naturschutzes im Rahmen der Transformation?&nbsp;Eine Sichtung f\u00fcr den Naturschutz. <a href=\"https:\/\/www.naturschutz-initiative.de\/images\/PDF2021\/Epple2021KoalitionsvertragAmpel.pdf \">https:\/\/www.naturschutz-initiative.de\/images\/PDF2021\/Epple2021KoalitionsvertragAmpel.pdf <\/a> ; erschienen mit reicher Bebilderung auch hier: <a href=\"https:\/\/www.wattenrat.de\/2021\/11\/27\/der-rot-gelb-gruene-ampel-koalitionsvertrag-der-untergang-des-naturschutzes-fuer-den-klimaschutz\/ \">https:\/\/www.wattenrat.de\/2021\/11\/27\/der-rot-gelb-gruene-ampel-koalitionsvertrag-der-untergang-des-naturschutzes-fuer-den-klimaschutz\/ <\/a><\/p>\n\n\n\n<p>Epple, W. (2021): Die Pervertierung von Natur- und Landschaftsschutz am Beispiel des Ebersberger Forstes &#8211; Wie die Kr\u00f6te zum K\u00f6nig wird. <a href=\"https:\/\/umwelt-watchblog.de\/die-pervertierung-von-natur-und-landschaftsschutz-am-beispiel-des-ebersberger-forstes\/ \">https:\/\/umwelt-watchblog.de\/die-pervertierung-von-natur-und-landschaftsschutz-am-beispiel-des-ebersberger-forstes\/ <\/a><\/p>\n\n\n\n<p>Epple, W. (2022): Interview mit J\u00f6rg Domke , &#8222;Merkur&#8220;: Bekannter Umweltsch\u00fctzer gegen Windkraft im Forst: Wald daf\u00fcr aufzurei\u00dfen \u201eist aberwitzig\u201c. <a href=\"https:\/\/www.merkur.de\/lokales\/ebersberg\/windkraft-ist-nicht-gleich-klima-und-umweltschutz-91222261.amp.html\">https:\/\/www.merkur.de\/lokales\/ebersberg\/windkraft-ist-nicht-gleich-klima-und-umweltschutz-91222261.amp.html<\/a><\/p>\n\n\n\n<p>Epple, W. (2022): Rechtsbruch mit Ank\u00fcndigung &#8211; Der Frontalangriff der Ampel auf den Naturschutz. <a href=\"https:\/\/umwelt-watchblog.de\/rechtsbruch-mit-ankuendigung-der-frontalangriff-der-ampel-auf-den-naturschutz\/#more-7204 \">https:\/\/umwelt-watchblog.de\/rechtsbruch-mit-ankuendigung-der-frontalangriff-der-ampel-auf-den-naturschutz\/#more-7204 <\/a>; erschienen auch hier: <a href=\"https:\/\/www.naturschutz-initiative.de\/images\/PDF2022\/WE_01_2022-Ampel-Naturschutz.pdf\">https:\/\/www.naturschutz-initiative.de\/images\/PDF2022\/WE_01_2022-Ampel-Naturschutz.pdf<\/a><\/p>\n\n\n\n<p>Epple, W. (2022): Windkraft und Rotmilan. Ein EU-Projekt und voreilige Schl\u00fcsse im \u00f6ffentlich-rechtlichen Fernsehen. Anmerkungen anl\u00e4sslich eines&nbsp;\u201efrontal\u201c-Berichtes des ZDF. (25.02.2022) <a href=\"https:\/\/www.naturschutz-initiative.de\/images\/PDF2022\/ZDFARDWindkraftRotmilanEpple.pdf \">https:\/\/www.naturschutz-initiative.de\/images\/PDF2022\/ZDFARDWindkraftRotmilanEpple.pdf <\/a><\/p>\n\n\n\n<p>Epple, W. (2022): Windkraft, Rotmilan, Voreilige Schl\u00fcsse von&nbsp;\u201efrontal\u201c&nbsp;(ZDF). (04.03.2022). <a href=\"https:\/\/www.naturschutz-initiative.de\/images\/PDF2022\/RotmilanWindkraftZDF.pdf\">https:\/\/www.naturschutz-initiative.de\/images\/PDF2022\/RotmilanWindkraftZDF.pdf<\/a><\/p>\n\n\n\n<p>Epple W. (2022): Windturbinen-Tod von Adlern, B\u00fcndnisse der Guten und moralischer Fortschritt in Zeiten der Energiewende. <a href=\"https:\/\/naturschutz-initiative.de\/naturschutz\/denkanstoesse\/moralischer-fortschritt-in-zeiten-der-energiewende \">https:\/\/naturschutz-initiative.de\/naturschutz\/denkanstoesse\/moralischer-fortschritt-in-zeiten-der-energiewende <\/a> und auf dieser Homepage: <a href=\"https:\/\/wolfgangepplenaturschutzundethik.de\/?page_id=5301\">https:\/\/wolfgangepplenaturschutzundethik.de\/?page_id=5301<\/a><\/p>\n\n\n\n<p>Epple, W. (2022): Im Artenschutz z\u00e4hlen Individuen nicht? &#8222;Instrumentalisierung&#8220; der Ornithologie gegen Windkraft? Anmerkungen aus Anlass \u00f6ffentlicher \u00c4u\u00dferungen von Prof. Dr. Katrin B\u00f6hning-Gaese zu Windkraft und Artenschutz. <a href=\"https:\/\/naturschutz-initiative.de\/images\/PDF2022\/ErwiderungEppleBoehningGaese.pdf\">https:\/\/naturschutz-initiative.de\/images\/PDF2022\/ErwiderungEppleBoehningGaese.pdf<\/a> und auf dieser Homepage: <a href=\"https:\/\/wolfgangepplenaturschutzundethik.de\/?p=5624\">https:\/\/wolfgangepplenaturschutzundethik.de\/?p=5624<\/a><\/p>\n\n\n\n<p>Epple, W. (2022): EU-Kommission schw\u00e4cht mit neuer Verordnung zum beschleunigten Ausbau der erneuerbaren Energien gezielt den Natur- und Artenschutz (09.12.2022).<a href=\"https:\/\/naturschutz-initiative.de\/2-uncategorised\/1399-eu-kommission-schwaecht-gezielt-den-natur-und-artenschutz\"> <\/a><a href=\"https:\/\/naturschutz-initiative.de\/aktuell\/neuigkeiten\/eu-kommission-schwaecht-gezielt-den-natur-und-artenschutz\/\" title=\"\">https:\/\/naturschutz-initiative.de\/aktuell\/neuigkeiten\/eu-kommission-schwaecht-gezielt-den-natur-und-artenschutz\/<\/a><\/p>\n\n\n\n<p>Epple, W. (2024): Windkraft-Boom in Bayerns Staatsw\u00e4ldern &#8211; Zeitenwende und Zeichen f\u00fcr das Ende des F\u00f6rster-Ethos. <a href=\"https:\/\/umwelt-watchblog.de\/windkraft-boom-in-bayerns-staatswaeldern-zeitenwende-und-zeichen-fuer-das-ende-des-foerster-ethos\/ \">https:\/\/umwelt-watchblog.de\/windkraft-boom-in-bayerns-staatswaeldern-zeitenwende-und-zeichen-fuer-das-ende-des-foerster-ethos\/ <\/a>; auch hier, aktualisiert: <a href=\"https:\/\/naturschutz-initiative.de\/neuigkeiten\/1714-09-02-2024-windkraft-boom-in-bayerns-staatswaeldern\">https:\/\/naturschutz-initiative.de\/neuigkeiten\/1714-09-02-2024-windkraft-boom-in-bayerns-staatswaeldern<\/a><\/p>\n\n\n\n<p>Epple, W. (2024): &#8222;B\u00fcrokratie-Irrsinn um Windr\u00e4der. ZDF missachtet erneut journalistische Sorgfaltspflicht. Kommentar zu Hans Koberstein &amp; J\u00f6rg Moll, ZDF-&#8222;frontal&#8220; vom  05.03.2024 <a href=\"https:\/\/naturschutz-initiative.de\/images\/PDF2024\/2024KommentarEppleWolfgangZDFfrontal.pdf \">https:\/\/naturschutz-initiative.de\/images\/PDF2024\/2024KommentarEppleWolfgangZDFfrontal.pdf <\/a><\/p>\n\n\n\n<p>Epple, W. (2024): Der Frontalangriff der Ampel auf den Naturschutz. Nachbetrachtung zu einer zweij\u00e4hrigen Bilanz.<a href=\"https:\/\/naturschutz-initiative.de\/aktuell\/klartext\/frontalangriff-der-ampel-auf-den-naturschutz\/\" title=\"Frontalangriff der Ampel auf Naturschutz\"> https:\/\/naturschutz-initiative.de\/aktuell\/klartext\/frontalangriff-der-ampel-auf-den-naturschutz\/<\/a><\/p>\n\n\n\n<p>Epple, W. (2024): Das Restoration-Law der EU \u2013 ein Grund zu feiern (?) &#8211; Zu Widerspr\u00fcchen der aktuellen Naturschutzpolitik. <a href=\"https:\/\/naturschutz-initiative.de\/aktuell\/klartext\/das-restoration-law-der-eu-ein-grund-zu-feiern\/\">https:\/\/naturschutz-initiative.de\/aktuell\/klartext\/das-restoration-law-der-eu-ein-grund-zu-feiern\/<\/a><\/p>\n\n\n\n<p>Epple, W. (2024): Wie Fledermausexperten den Mythos vom &#8222;naturvertr\u00e4glichen&#8220; Ausbau der Windkaft zementieren. <a href=\"https:\/\/naturschutz-initiative.de\/aktuell\/klartext\/wie-fledermausexperten-den-mythos-vom-naturvertraeglichen-ausbau-der-windkraft-zementieren\/\">https:\/\/naturschutz-initiative.de\/aktuell\/klartext\/wie-fledermausexperten-den-mythos-vom-naturvertraeglichen-ausbau-der-windkraft-zementieren\/ <\/a><\/p>\n\n\n\n<p>Epple, W. (2024): Besser nicht regieren, als falsch. Ein Kommentar zum Scheitern der Ampel aus Sicht des Naturschutzes. <a href=\"https:\/\/naturschutz-initiative.de\/aktuell\/klartext\/besser-nicht-regieren-als-falsch\/\">https:\/\/naturschutz-initiative.de\/aktuell\/klartext\/besser-nicht-regieren-als-falsch\/<\/a><\/p>\n\n\n\n<p>Epple, W. (2024): Erneuerbare Energien produzieren zu \u201efast null Kosten\u201c? Bemerkungen zu einem Beitrag des ZDF-Morgenmagazin, 11.11.2024. <a href=\"https:\/\/naturschutz-initiative.de\/aktuell\/klartext\/erneuerbare-energien-produzieren-zu-fast-null-kosten\/\">https:\/\/naturschutz-initiative.de\/aktuell\/klartext\/erneuerbare-energien-produzieren-zu-fast-null-kosten\/<\/a><\/p>\n\n\n\n<p>Epple, W. (2024): Absenkung des Schutzstatus des Wolfes durch die Berner Konvention \u2013 weitere Erosion des europ\u00e4ischen Artenschutzes. 05.12.2024. <a href=\"https:\/\/naturschutz-initiative.de\/aktuell\/klartext\/absenkung-des-schutzstatus-des-wolfes-durch-die-berner-konvention-weitere-erosion-des-europaeischen-artenschutzes\/\">https:\/\/naturschutz-initiative.de\/aktuell\/klartext\/absenkung-des-schutzstatus-des-wolfes-durch-die-berner-konvention-weitere-erosion-des-europaeischen-artenschutzes\/<\/a><\/p>\n\n\n\n<p>Epple, W. (2024): Keine Windenergie im Wald \u2013 Neue Studie des UPI-Institutes l\u00e4sst wesentliche Aspekte au\u00dfen vor. <a href=\"https:\/\/naturschutz-initiative.de\/aktuell\/klartext\/keine-windenergie-im-wald-neue-studie-des-upi-institutes-laesst-wesentliche-aspekte-aussen-vor\/\">https:\/\/naturschutz-initiative.de\/aktuell\/klartext\/keine-windenergie-im-wald-neue-studie-des-upi-institutes-laesst-wesentliche-aspekte-aussen-vor\/<\/a><\/p>\n\n\n\n<p>Epple, W. (2025): Windkraft versus Vogelschutz? Anmerkungen zu einer aktuellen (2025) Studie im Auftrag der Deutschen Wildtier Stiftung. <a href=\"https:\/\/naturschutz-initiative.de\/aktuell\/klartext\/windkraft-versus-vogelschutz\/\">https:\/\/naturschutz-initiative.de\/aktuell\/klartext\/windkraft-versus-vogelschutz\/<\/a><\/p>\n\n\n\n<p>Epple, W. (2025): Halali auf den Wolf in Deutschland? Anmerkungen, Einblicke und Ausblicke zur Meldung eines &#8222;g\u00fcnstigen Erhaltungszustandes&#8220; des Wolfes in Deutschland.<a href=\" https:\/\/naturschutz-initiative.de\/aktuell\/neuigkeiten\/halali-auf-den-wolf-in-deutschland\/\"> https:\/\/naturschutz-initiative.de\/aktuell\/neuigkeiten\/halali-auf-den-wolf-in-deutschland\/<\/a><\/p>\n\n\n\n<p><strong>Publikationen mit Co-Autoren:<\/strong><\/p>\n\n\n\n<p>Epple, W. &amp; P. B\u00fchler (1981): Eiwenden, Eirollen und Positionswechsel&nbsp;&nbsp;der br\u00fctenden Schleiereule Tyto alba. \u00d6kol. Vogel 3: 203-211.<\/p>\n\n\n\n<p>Epple, W., J. H\u00f6lzinger &amp; B. Kroymann (1983): Grunderwerb f\u00fcr Zwecke des Naturschutzes durch den Deutschen Bund f\u00fcr Vogelschutz in Baden-W\u00fcrttemberg. Ver\u00f6ff. Naturschutz Landschaftspflege Bad.- W\u00fcrtt. 55\/56: 297-304.<\/p>\n\n\n\n<p>Epple, W. &amp; J. H\u00f6lzinger (1986): Bestandsst\u00fctzung und Wiedereinb\u00fcrgerung des Wei\u00dfstorchs (Ciconia ciconia) in Baden-W\u00fcrttemberg.&nbsp;&nbsp;Beih. Ver\u00f6ff. Naturschutz Landschaftspflege Bad.-W\u00fcrtt. 43: 271-282.<\/p>\n\n\n\n<p>Epple, W. &amp; J. H\u00f6lzinger (1987): Artenhilfsprogramm Wanderfalke. In: H\u00f6lzinger (Hrsg.): Die V\u00f6gel Baden-W\u00fcrttembergs, &#8211; Avifauna Bad.-W\u00fcrtt., 1 (2): 913-925; Karlsruhe.<\/p>\n\n\n\n<p>Epple, W.&nbsp;&nbsp;&amp; J. H\u00f6lzinger(1987): Artenhilfsprogramm Steinkauz. In: J. H\u00f6lzinger (Hrsg.): Die V\u00f6gel Baden-W\u00fcrttembergs, &#8211; Avifauna Bad.-W\u00fcrtt., 1 (2): 1085-1095; Karlsruhe.<\/p>\n\n\n\n<p>Epple, W. &amp; J. H\u00f6lzinger (1987): Artenhilfsprogramm Schleiereule. In: J. H\u00f6lzinger (Hrsg.): Die V\u00f6gel Baden-W\u00fcrttembergs, &#8211; Avifauna Bad.-W\u00fcrtt., 1 (2): 1054-1069; Karlsruhe.<\/p>\n\n\n\n<p>Epple, W. &amp; B. Kroymann (1987): Zum Schutz der Rabenv\u00f6gel. Natur und Landschaft 62: 288-293.<\/p>\n\n\n\n<p>Epple, W. &amp; B. Kroymann (1988): Urteil des Europ\u00e4ischen Gerichtshofes zur Landwirtschaftsklausel. Baustein f\u00fcr den europ\u00e4ischen Naturschutz. Naturschutz heute 20, 2\/88: 12-13.<\/p>\n\n\n\n<p>Epple, W. , H.-W. Helb &amp; U. M\u00e4ck (2004): Zur Selektivit\u00e4t und Eignung der Norwegischen Kr\u00e4henmassenfalle unter Ber\u00fccksichtigung von Aspekten des Tierschutzes und Artenschutzes \u2013 dargestellt am Beispiel eines Projektes zum Rabenkr\u00e4hen- und Elstern-Massenfang der J\u00e4gerschaft im Landkreis Leer\/Ostfriesland\/Niedersachsen. Ber. Vogelschutz 41: 45-63.<\/p>\n\n\n\n<p>B\u00fchler, P. &amp; W. Epple (1980): Die Laut\u00e4u\u00dferungen der Schleiereule (Tyto alba).&nbsp;&nbsp;J. Orn 121: 36-70<\/p>\n\n\n\n<p>Helb, H.-W., Epple, W. &amp; U. M\u00e4ck&nbsp;&nbsp;(2002): Rabenv\u00f6gel in den Medien: Die vors\u00e4tzliche Irref\u00fchrung&nbsp;&nbsp;&nbsp;der \u00d6ffentlichkeit geht wider besseren Wissens ungestraft weiter.&nbsp;In: Vogeljagd. Zusammenfassung Seminar des \u00d6JV 2001: 81-104.<\/p>\n\n\n\n<p>Helb, H.-W., M\u00e4ck, U. &amp; W. Epple (2005): Zur massenhaften T\u00f6tung von Rabenv\u00f6geln bei Leer (Ostfriesland). Pollichia-Kurier 21(4): 34-35. (Nachdruck aus \u00d6KO-Jagd 9(3), (2005): 25.<\/p>\n\n\n\n<p>Ditscherlein, E. &amp; W. Epple (2004): W\u00f6lfe in Deutschland: R\u00fcckkehr mit Hindernissen. \u00d6kologische und rechtliche Anmerkungen zum Wolfsgeschehen in der Lausitz. \u00d6kojagd 8 (2): 9-13.<\/p>\n","protected":false},"excerpt":{"rendered":"<p>Aktueller denn je &#8211; als Buch erh\u00e4ltlich: Die um einen Essay erg\u00e4nzte Denkschrift (Zweitauflage) zum Konflikt Windkraftindustrie gegen den Naturschutz: Ethologie\/Naturschutz\/Artenschutz\/Ethik: Epple, W. (1979): Geschwisterf\u00fctterung &hellip; <\/p>\n","protected":false},"author":1,"featured_media":0,"parent":0,"menu_order":0,"comment_status":"closed","ping_status":"closed","template":"","meta":{"om_disable_all_campaigns":false,"_monsterinsights_skip_tracking":false,"_monsterinsights_sitenote_active":false,"_monsterinsights_sitenote_note":"","_monsterinsights_sitenote_category":0,"footnotes":""},"class_list":["post-15","page","type-page","status-publish","hentry"],"aioseo_notices":[],"_links":{"self":[{"href":"https:\/\/wolfgangepplenaturschutzundethik.de\/index.php?rest_route=\/wp\/v2\/pages\/15"}],"collection":[{"href":"https:\/\/wolfgangepplenaturschutzundethik.de\/index.php?rest_route=\/wp\/v2\/pages"}],"about":[{"href":"https:\/\/wolfgangepplenaturschutzundethik.de\/index.php?rest_route=\/wp\/v2\/types\/page"}],"author":[{"embeddable":true,"href":"https:\/\/wolfgangepplenaturschutzundethik.de\/index.php?rest_route=\/wp\/v2\/users\/1"}],"replies":[{"embeddable":true,"href":"https:\/\/wolfgangepplenaturschutzundethik.de\/index.php?rest_route=%2Fwp%2Fv2%2Fcomments&post=15"}],"version-history":[{"count":133,"href":"https:\/\/wolfgangepplenaturschutzundethik.de\/index.php?rest_route=\/wp\/v2\/pages\/15\/revisions"}],"predecessor-version":[{"id":6981,"href":"https:\/\/wolfgangepplenaturschutzundethik.de\/index.php?rest_route=\/wp\/v2\/pages\/15\/revisions\/6981"}],"wp:attachment":[{"href":"https:\/\/wolfgangepplenaturschutzundethik.de\/index.php?rest_route=%2Fwp%2Fv2%2Fmedia&parent=15"}],"curies":[{"name":"wp","href":"https:\/\/api.w.org\/{rel}","templated":true}]}}