{"id":3005,"date":"2020-08-03T14:27:54","date_gmt":"2020-08-03T14:27:54","guid":{"rendered":"https:\/\/wolfgangepplenaturschutzundethik.de\/?page_id=3005"},"modified":"2020-08-03T15:05:29","modified_gmt":"2020-08-03T15:05:29","slug":"schutz-und-rettung-des-orang-utan-auf-borneo-die-borneo-orangutan-survival-foundation-bosf","status":"publish","type":"page","link":"https:\/\/wolfgangepplenaturschutzundethik.de\/?page_id=3005","title":{"rendered":"Schutz und Rettung des Orang Utan auf Borneo &#8211; die  Borneo Orangutan Survival Foundation BOSF"},"content":{"rendered":"\n<p>Das Beitragsfoto (Copyright BOSF, mit Dank f\u00fcr die freundliche \u00dcberlassung) zeigt &#8222;Monita&#8220;, ein Borneo-Orang Utang-Kind, das 2018 im Alter von 3 Monaten aus den H\u00e4nden von Dorfbewohnern beh\u00f6rdlich beschlagnahmt wurde. <a href=\"https:\/\/www.dropbox.com\/sh\/nwjj65y13xya4mj\/AADjLko5RMn_w4Z3oFKxBcPba?dl=0&amp;preview=MONITA+BACKGROUND+STORY.pdf\">Die ganze Geschichte der Rettung Monitas finden Sie hier<\/a>. Die Retter schreiben: <\/p>\n\n\n\n<p><em>&#8222;(&#8230;)Almost a month after Monita arrived, this very young baby orangutan \u2013 estimated&nbsp;to be about 3 months old \u2013 was still undergoing quarantine at Nyaru Menteng.&nbsp;Thus far, there had been signs of positive progress, as Monita had gained weight&nbsp;and started to actively play in the quarantine facility\u2019s playground area. It is extremely heart-breaking to see that baby orangutans continue to be separated&nbsp;from their mothers and lose their right to learn from them how to survive in the&nbsp;wild.&#8220;<\/em><\/p>\n\n\n\n<p>Durch eine Spende (Kontakt siehe ganz unten) kann f\u00fcr gerettete und f\u00fcr das Leben in freier Wildbahn gepflegte Orang Utans eine Patenschaft im Sinne einer &#8222;Adoptiv-Elternschaft&#8220; \u00fcbernommen werden. Hierdurch werden die kostenintensiven Ma\u00dfnahmen rund um Schutz und Rettung der &#8222;Waldmenschen&#8220;, wie die Orang Utans \u00fcbersetzt hei\u00dfen, nachhaltig unterst\u00fctzt. Meine Frau und ich unterst\u00fctzen auf diese Weise die BOSF mit der &#8222;Adoption&#8220; zweier Individuen.  Man beteiligt sich zusammen mit anderen Menschen an den Kosten f\u00fcr die Rettung wertvollen Lebens.<\/p>\n\n\n\n<figure class=\"wp-block-image size-large\"><img loading=\"lazy\" decoding=\"async\" width=\"1024\" height=\"683\" src=\"https:\/\/wolfgangepplenaturschutzundethik.de\/wp-content\/uploads\/2020\/08\/Bild-03.08.20-um-08.59-2-1024x683.jpg\" alt=\"\" class=\"wp-image-3030\" srcset=\"https:\/\/wolfgangepplenaturschutzundethik.de\/wp-content\/uploads\/2020\/08\/Bild-03.08.20-um-08.59-2-1024x683.jpg 1024w, https:\/\/wolfgangepplenaturschutzundethik.de\/wp-content\/uploads\/2020\/08\/Bild-03.08.20-um-08.59-2-300x200.jpg 300w, https:\/\/wolfgangepplenaturschutzundethik.de\/wp-content\/uploads\/2020\/08\/Bild-03.08.20-um-08.59-2-768x512.jpg 768w, https:\/\/wolfgangepplenaturschutzundethik.de\/wp-content\/uploads\/2020\/08\/Bild-03.08.20-um-08.59-2.jpg 1105w\" sizes=\"(max-width: 1024px) 100vw, 1024px\" \/><figcaption>&#8222;Bumi&#8220; ist das zweite Borneo-Orang-Utan-Kind, das wir &#8222;adoptiert&#8220; haben, d.h.: wir tragen mit vielen anderen &#8222;Adoptiv-Eltern&#8220; zu den Kosten der BOSF bei, die seine Rettung und Vorbereitung f\u00fcr ein Leben in Freiheit verursachen. Er war bei der Aufnahme in die Rettungsstation im Jahr 2016 nur zwei Wochen alt und in \u00e4u\u00dferst schlechter Verfassung. Er wurde vermutlich gewaltsam von der Mutter getrennt. Sein \u00dcberleben hing am sprichw\u00f6rtlich seidenen Faden&#8230; <a href=\"https:\/\/www.dropbox.com\/sh\/n374iv9y7wsq8j8\/AABJdx9WZd6E-I7GJtTW6B6ea?dl=0&amp;preview=BUMI+BACKGROUND+STORY.pdf\">Seine Geschichte finden Sie hier.<\/a> Die Retter berichten; Auszug:          <em>&#8222;(&#8230;)poor Bumi was so incredibly weak that he&nbsp;<br>could not even open his eyelids. We believe that he was violently separated from&nbsp;<br>his mother shortly after his birth.<br>During his first nights at our centre, Bumi was understandably restless and cried&nbsp;<br>frequently. Our babysitters held him continuously and even kept a small cuddly&nbsp;<br>toy close for additional comfort, which appeared to help him sleep better. Now he&nbsp;<br>only cries when he wants his bottle.<br>Knowing that Bumi was traumatically torn from his mother leaves us deeply&nbsp;<br>distressed. We know that we can never replace his mother, but we will do everything&nbsp;<br>possible to nurture him back to health and help him grow into a confident, healthy&nbsp;young orangutan.&#8220;<\/em><br><\/figcaption><\/figure>\n\n\n\n<p><\/p>\n\n\n\n<h4 class=\"wp-block-heading\"><strong>Schutz und Rettung der letzten unserer n\u00e4chsten Verwandten im Tierreich &#8211; Nagelprobe f\u00fcr die Treue des Menschen zum verwandten Ganzen<\/strong><\/h4>\n\n\n\n<p>Kein Brennpunkt des weltweiten Artenschutzes k\u00f6nnte die Herausforderung an den ganzheitlichen Naturschutz, an die <strong><em>Treue zum verwandten Ganzen<\/em><\/strong>, st\u00e4rker symbolisieren als unser Umgang mit den n\u00e4chsten Verwandten des Menschen im Tierreich: den noch verbliebenen nicht-menschlichen  <a href=\"https:\/\/de.wikipedia.org\/wiki\/Menschenaffen\">Menschenaffen<\/a> auf dieser Erde. Ja richtig! In der zoologischen Systematik geh\u00f6ren wir Menschen mit Schimpansen, Gorillas und Orang Utans<em> gemeinsam<\/em> zur <em>Familie Menschenaffen<\/em>.  <\/p>\n\n\n\n<p>F\u00fcr das \u00dcberleben aller sieben Arten unserer n\u00e4chsten Verwandten ist es \u00fcberall in ihren letzten noch verbliebenen Verbreitungsgebieten buchst\u00e4blich &#8222;f\u00fcnf vor Zw\u00f6lf&#8220;. Das gilt auch f\u00fcr die Orang Utans, deren Schicksal hier stellvertretend n\u00e4her beleuchtet werden soll.<\/p>\n\n\n\n<p><strong>Zerst\u00f6rung der Lebensr\u00e4ume und direkte Verfolgung<\/strong>&#8230;<\/p>\n\n\n\n<p>Die Ursachen f\u00fcr das drohende Aussterben bzw. die drohende Ausrottung sind kontinent\u00fcberspannend \u00e4hnlich bzw. fast identisch: <strong>Landnahme des Menschen auf Kosten der Lebensr\u00e4ume<\/strong> und <strong>direkte (inzwischen \u00fcberall illegale) Verfolgung,<\/strong> sowohl wenn die Tiere in Konflikt mit menschlichen Nutzungsinteressen geraten, als auch zum Verzehr (Bushmeat: davon betroffen besonders Gorilla und Schimpanse in Afrika; Roman Goergen<a href=\"https:\/\/www.spektrum.de\/news\/seuchengefahr-im-gepaeck\/1740812\"> berichtet <\/a>in <a href=\"https:\/\/www.spektrum.de\/news\/seuchengefahr-im-gepaeck\/1740812\">Spektrum.de,  2020: <em>&#8222;<\/em><\/a><em>(&#8230;)Wissenschaftler haben berechnet, dass es in f\u00fcnf bis zehn Jahren \u00fcberhaupt keine Affen mehr in der Demokratischen Republik Kongo geben k\u00f6nnte, wenn die Bushmeat-Jagd unvermindert weitergeht. Das gilt auch f\u00fcr ihre gr\u00f6\u00dften Vertreter&nbsp;\u2013 Menschenaffen wie Schimpansen, Gorillas oder Bonobos.&nbsp;<a rel=\"noreferrer noopener\" href=\"https:\/\/theconversation.com\/the-lucrative-trade-in-african-primates-threatens-their-survival-131397\" target=\"_blank\">Forscher gehen davon aus, dass rund 8000&nbsp;von ihnen j\u00e4hrlich als Bushmeat enden<\/a>. Allein auf den Bushmeat-M\u00e4rkten in Nigeria und Kamerun werden jedes Jahr rund 150&nbsp;000&nbsp;Primaten von 16&nbsp;verschiedenen Arten gehandelt.&nbsp;).&#8220;<\/em><\/p>\n\n\n\n<p><strong>&#8230;f\u00fcr die Affen ausweglos<\/strong><\/p>\n\n\n\n<p>Umfangreiche und systematische Regenwaldzerst\u00f6rung f\u00fcr Palm\u00f6lplantagen setzt den Orang Utans in ihren letzten verbliebenen Verbreitungsgebieten auf den beiden gro\u00dfen Sunda-Inseln Sumatra und Borneo (Kalimantan) zu. In den ausufernden Plantagen geraten die aus ihrem Lebensraum vertriebenen und Hunger leidenden Orang Utans dann in Konflikt mit Menschen und gelten als &#8222;Sch\u00e4dlinge&#8220;, weil sie auch an Palmen-Setzlingen fressen&#8230;<\/p>\n\n\n\n<figure class=\"wp-block-image size-large\"><img loading=\"lazy\" decoding=\"async\" width=\"1024\" height=\"768\" src=\"https:\/\/wolfgangepplenaturschutzundethik.de\/wp-content\/uploads\/2020\/08\/IMG_6016-1024x768.jpg\" alt=\"\" class=\"wp-image-3016\" srcset=\"https:\/\/wolfgangepplenaturschutzundethik.de\/wp-content\/uploads\/2020\/08\/IMG_6016-1024x768.jpg 1024w, https:\/\/wolfgangepplenaturschutzundethik.de\/wp-content\/uploads\/2020\/08\/IMG_6016-300x225.jpg 300w, https:\/\/wolfgangepplenaturschutzundethik.de\/wp-content\/uploads\/2020\/08\/IMG_6016-768x576.jpg 768w, https:\/\/wolfgangepplenaturschutzundethik.de\/wp-content\/uploads\/2020\/08\/IMG_6016-1536x1152.jpg 1536w, https:\/\/wolfgangepplenaturschutzundethik.de\/wp-content\/uploads\/2020\/08\/IMG_6016-2048x1536.jpg 2048w\" sizes=\"(max-width: 1024px) 100vw, 1024px\" \/><figcaption>Brennender Regenwald auf Borneo &#8211; verzweifelte L\u00f6schma\u00dfnahmen gegen die \u00dcbermacht des Feuers. Foto: BOSF. Die Landnahme der Palm\u00f6lfirmen auf Kosten des Regenwaldes  ist sowohl unter den Aspekten des Naturschutzes als auch unter den Aspekten der <a href=\"https:\/\/www.regenwald.org\/news\/9713\/landraub-und-kriminalisierung-fuer-palmoel-auf-borneo\">Verletzung von Menschenrechten<\/a> zu verurteilen. Es ist nicht nur die \u00dcbermacht des Feuers, die Betroffene, Menschenrechtler und Natursch\u00fctzer verzweifeln l\u00e4sst, &#8211;  es ist die \u00dcbermacht derer, die an der Waldzerst\u00f6rung Gewinn-beteiligt sind. Die Situation<a href=\"https:\/\/saveourborneo.org\"> <\/a>ist sehr ernst. Seit Jahren wird durch die<em><strong> NGO <a href=\"https:\/\/saveourborneo.org\/about-us\/\">&#8222;Save our Borneo&#8220;<\/a><\/strong><\/em> fundiert argumentiert und Widerstand geleistet.<\/figcaption><\/figure>\n\n\n\n<p><\/p>\n\n\n\n<h4 class=\"wp-block-heading\"><strong>Verschwinden vorprogrammiert?<\/strong><\/h4>\n\n\n\n<p>Selbst dann, wenn eine Studie von 54 Co-Autoren aus dem Jahr 2018 (Strindberg et al 2018: Guns, germs, and trees determine density and distribution of gorillas and chimpanzees in Western Equatorial Africa.&nbsp;<em>Science Advances,&nbsp;<\/em>25 Apr 2018, Vol. 4, no. 4, DOI: 10.1126\/sciadv.aar296: <a href=\"https:\/\/www.idiv.de\/de\/news\/archiv_2018\/news_2018_single_view\/1253.html\">ausf\u00fchrlich besprochen hier<\/a>) zeigte, dass von den beiden Arten <strong>Gorilla (ca. 360.000 Individuen)<\/strong> und <strong>Schimpanse (ca. 130.000 Individuen)<\/strong> im westlichen \u00c4quatorial-Afrika mehr Individuen existieren als bislang angenommen, gibt es keine Entwarnung, was ihr drohendes Aussterben betrifft. Denn die Lebensr\u00e4ume sind weiterhin massiv unter Druck. Auch f\u00fcr die Orang Utan-Arten d\u00fcrfte die Gesamtzahl insgesamt weit unter 130.000 Individuen liegen (<a href=\"https:\/\/de.wikipedia.org\/wiki\/Orang-Utans\">laut Wikipedia: Sumatra: <strong>13.846 Sumatra-Orang-Utans<\/strong>, deutlich mehr als in alten Sch\u00e4tzungen.&nbsp;F\u00fcr die <strong>Borneo-Orang-Utans<\/strong> wird die Population auf <strong>104.700<\/strong> gesch\u00e4tzt.&nbsp;Von den <strong>Tapanuli-Orang-Utans<\/strong> gibt es noch <strong>800 <\/strong>Individuen.<\/a>). <\/p>\n\n\n\n<p>Setzt man die weiterhin schwindenden Verbreitungsgebiete und die Gesamtbev\u00f6lkerung in Relation zur Verbreitung und Zahl des Menschen auf der Erde, wird klar, in welche Sackgasse unsere n\u00e4chsten Verwandten unter den Menschenaffen im Vergleich zur Erfolgsgeschichte von Homo sapiens geraten sind.<\/p>\n\n\n\n<p><strong>K\u00f6nnen wir gerecht teilen?<\/strong><\/p>\n\n\n\n<p>Der Schutz der gro\u00dfen Menschenaffen in ausreichend gro\u00dfen geeigneten Lebensr\u00e4umen wird &#8211; wie f\u00fcr andere Wildtiere &#8211; zum Symbol des Verstehens der <strong><em>Erde als Allmende<\/em><\/strong>, zum Symbol der <em><strong><a href=\"https:\/\/wolfgangepplenaturschutzundethik.de\/?page_id=91\">gerechten Teilung des Planeten<\/a> mit dem au\u00dfermenschlichen &#8222;Wildlife&#8220;<\/strong><\/em>.<\/p>\n\n\n\n<p>Angesichts der allen gro\u00dfen Menschenaffen eigenen Fortpflanzungsstrategie mit sehr geringen Nachwuchsraten bei gleichzeitig hohem elterlichen Investment in die Nachkommen, das ist die <a href=\"https:\/\/www.spektrum.de\/lexikon\/biologie-kompakt\/k-strategie\/6723\">so genannte K-Strategie<\/a>), und angesichts ausgesprochen gro\u00dfer Lebensraumanspr\u00fcche (ein Orang-M\u00e4nnchen beansprucht tausende Hektar!) sind alle Facetten eines umfassenden, vorbeugenden und f\u00fcr den Ausgleich der  Interessen zwischen Mensch und Natur ganzheitlich fundierten Naturschutzes angesprochen. Einmal mehr ist es die Frage: <a href=\"https:\/\/wolfgangepplenaturschutzundethik.de\/?page_id=91\"><strong><em>Gibt es ein Miteinander, k\u00f6nnen wir Mitgesch\u00f6pflichkeit leben, oder f\u00fchren wir Menschen f\u00fcr immer Krieg an einer Front gegen unsere eigene Herkunft?<\/em><\/strong><\/a><\/p>\n\n\n\n<p>Ohne andere gro\u00dfartige Schutzanstrengungen hintan zu stellen oder zu vergessen (f\u00fcr den <a href=\"https:\/\/de.wikipedia.org\/wiki\/Sumatra-Orang-Utan\">Sumatra-Orang<\/a> siehe hier, das<strong> Sumatran Orangutan Conservation Programme&nbsp;<a href=\"https:\/\/www.sumatranorangutan.org\">SOCP<\/a><\/strong>), sei hier die Arbeit der <strong><a href=\"http:\/\/orangutan.or.id\">Borneo Orangutan Survival Foundation BOSF<\/a><\/strong>  als leuchtendes Positiv-Beispiel herausgegriffen und vorgestellt: In vorbildlicher Weise werden mit dem Blick auf das Ganze &#8211; also ohne den Blick auf menschliche Bed\u00fcrfnisse zu verlieren &#8211; seit Jahren entscheidende Ma\u00dfnahmen vorangebracht, die dazu beitragen sollen und hoffentlich auch dauerhaft k\u00f6nnen, dass der <a href=\"https:\/\/de.wikipedia.org\/wiki\/Borneo-Orang-Utan\">Borneo-Orang<\/a> nicht endg\u00fcltig von der Erde verschwindet. Hier kann ein informatives Video zur Arbeit der BOSF aufgerufen werden:<\/p>\n\n\n\n<figure class=\"wp-block-embed-wordpress wp-block-embed is-type-wp-embed is-provider-bosf\"><div class=\"wp-block-embed__wrapper\">\n<blockquote class=\"wp-embedded-content\" data-secret=\"LO4uxRV33v\"><a href=\"http:\/\/orangutan.or.id\/bosf\/\">BOSF<\/a><\/blockquote><iframe loading=\"lazy\" class=\"wp-embedded-content\" sandbox=\"allow-scripts\" security=\"restricted\" style=\"position: absolute; clip: rect(1px, 1px, 1px, 1px);\" title=\"&#8220;BOSF&#8221; &#8212; BOSF\" src=\"http:\/\/orangutan.or.id\/bosf\/embed\/#?secret=LO4uxRV33v\" data-secret=\"LO4uxRV33v\" width=\"600\" height=\"338\" frameborder=\"0\" marginwidth=\"0\" marginheight=\"0\" scrolling=\"no\"><\/iframe>\n<\/div><\/figure>\n\n\n\n<p><\/p>\n\n\n\n<figure class=\"wp-block-image size-large\"><img loading=\"lazy\" decoding=\"async\" width=\"1024\" height=\"683\" src=\"https:\/\/wolfgangepplenaturschutzundethik.de\/wp-content\/uploads\/2020\/08\/Confiscation-of-Baby-OU-3-1024x683.jpg\" alt=\"\" class=\"wp-image-3020\" srcset=\"https:\/\/wolfgangepplenaturschutzundethik.de\/wp-content\/uploads\/2020\/08\/Confiscation-of-Baby-OU-3-1024x683.jpg 1024w, https:\/\/wolfgangepplenaturschutzundethik.de\/wp-content\/uploads\/2020\/08\/Confiscation-of-Baby-OU-3-300x200.jpg 300w, https:\/\/wolfgangepplenaturschutzundethik.de\/wp-content\/uploads\/2020\/08\/Confiscation-of-Baby-OU-3-768x512.jpg 768w, https:\/\/wolfgangepplenaturschutzundethik.de\/wp-content\/uploads\/2020\/08\/Confiscation-of-Baby-OU-3-1536x1024.jpg 1536w, https:\/\/wolfgangepplenaturschutzundethik.de\/wp-content\/uploads\/2020\/08\/Confiscation-of-Baby-OU-3-2048x1365.jpg 2048w\" sizes=\"(max-width: 1024px) 100vw, 1024px\" \/><figcaption>Orang Utan-Baby kurz vor der beh\u00f6rdlichen Konfiszierung. Foto: BOSF. Unter meist erb\u00e4rmlichen und nicht artgerechten Bedingungen werden Orang Utans noch immer und immer wieder als &#8222;Haustiere&#8220; gehalten. Dazu werden sie h\u00e4ufig gewaltsam von ihren M\u00fcttern getrennt, um anschlie\u00dfend verkauft zu werden.<\/figcaption><\/figure>\n\n\n\n<figure class=\"wp-block-image size-large\"><img loading=\"lazy\" decoding=\"async\" width=\"1024\" height=\"683\" src=\"https:\/\/wolfgangepplenaturschutzundethik.de\/wp-content\/uploads\/2020\/08\/Confiscation-of-Baby-OU-1-1024x683.jpg\" alt=\"\" class=\"wp-image-3024\" srcset=\"https:\/\/wolfgangepplenaturschutzundethik.de\/wp-content\/uploads\/2020\/08\/Confiscation-of-Baby-OU-1-1024x683.jpg 1024w, https:\/\/wolfgangepplenaturschutzundethik.de\/wp-content\/uploads\/2020\/08\/Confiscation-of-Baby-OU-1-300x200.jpg 300w, https:\/\/wolfgangepplenaturschutzundethik.de\/wp-content\/uploads\/2020\/08\/Confiscation-of-Baby-OU-1-768x512.jpg 768w, https:\/\/wolfgangepplenaturschutzundethik.de\/wp-content\/uploads\/2020\/08\/Confiscation-of-Baby-OU-1-1536x1024.jpg 1536w, https:\/\/wolfgangepplenaturschutzundethik.de\/wp-content\/uploads\/2020\/08\/Confiscation-of-Baby-OU-1-2048x1365.jpg 2048w\" sizes=\"(max-width: 1024px) 100vw, 1024px\" \/><figcaption>Gerettet! Orang Utan-Baby kurz nach der beh\u00f6rdlichen Beschlagnahme. Foto: BOSF. <br><\/figcaption><\/figure>\n\n\n\n<p>Viele Orang-Junge verwaisen, weil die Mutter auf Plantagen oder w\u00e4hrend der Waldzerst\u00f6rung durch Brandrodung get\u00f6tet wird. Auch \u00e4ltere Individuen geraten in Not und werden in der Natur gerettet, sofern man sie rechtzeitig findet (s.u.). Haben sie also tats\u00e4chlich das Gl\u00fcck, aufgefunden zu werden und gerettet zu werden, sind die Rettungsstationen der BOSF ihre gro\u00dfe Chance. <\/p>\n\n\n\n<p>Im Moment werden in zwei Zentren auf Borneo insgesamt \u00fcber 700 Orang Utan-Individuen betreut und f\u00fcr ein Leben in Freiheit (wieder) fit gemacht.<\/p>\n\n\n\n<figure class=\"wp-block-image size-large\"><img loading=\"lazy\" decoding=\"async\" width=\"1024\" height=\"683\" src=\"https:\/\/wolfgangepplenaturschutzundethik.de\/wp-content\/uploads\/2020\/08\/Sekolah-Hutan-SL_credited-1024x683.jpg\" alt=\"\" class=\"wp-image-3022\" srcset=\"https:\/\/wolfgangepplenaturschutzundethik.de\/wp-content\/uploads\/2020\/08\/Sekolah-Hutan-SL_credited-1024x683.jpg 1024w, https:\/\/wolfgangepplenaturschutzundethik.de\/wp-content\/uploads\/2020\/08\/Sekolah-Hutan-SL_credited-300x200.jpg 300w, https:\/\/wolfgangepplenaturschutzundethik.de\/wp-content\/uploads\/2020\/08\/Sekolah-Hutan-SL_credited-768x512.jpg 768w, https:\/\/wolfgangepplenaturschutzundethik.de\/wp-content\/uploads\/2020\/08\/Sekolah-Hutan-SL_credited-1536x1024.jpg 1536w, https:\/\/wolfgangepplenaturschutzundethik.de\/wp-content\/uploads\/2020\/08\/Sekolah-Hutan-SL_credited-2048x1366.jpg 2048w\" sizes=\"(max-width: 1024px) 100vw, 1024px\" \/><figcaption>In der &#8222;Wald-Schule&#8220;: Junge Orangs werden von den Mitarbeiterinnen f\u00fcrsorglich und hingebungsvoll betreut, dabei motorisch und kognitiv gef\u00f6rdert, und auf das Leben in der Freiheit vorbereitet. Foto: BOSF.<\/figcaption><\/figure>\n\n\n\n<figure class=\"wp-block-image\"><a href=\"https:\/\/pixabay.com\/de\/photos\/orang-utan-mutter-tier-s\u00e4ugetier-3985939\/\"><img decoding=\"async\" src=\"https:\/\/cdn.pixabay.com\/photo\/2019\/02\/09\/20\/45\/orangutan-3985939__340.jpg\" alt=\"Orang-Utan, Mutter, Tier, S\u00e4ugetier\" title=\"Orang-Utan, Mutter, Tier, S\u00e4ugetier\"\/><\/a><figcaption>In jahrelanger engster Zusammengeh\u00f6rigkeit lernt ein Orang Utan-Kind von der Mutter alles, was zum \u00dcberleben in seinem Waldlebensraum geh\u00f6rt. Orang-Junge werden erst mit  7 Jahren(!)  entw\u00f6hnt. Foto: <a href=\"https:\/\/pixabay.com\/de\/photos\/orang-utan-mutter-tier-s\u00e4ugetier-3985939\/\">Pixabay<\/a><\/figcaption><\/figure>\n\n\n\n<figure class=\"wp-block-image size-large\"><img loading=\"lazy\" decoding=\"async\" width=\"1024\" height=\"680\" src=\"https:\/\/wolfgangepplenaturschutzundethik.de\/wp-content\/uploads\/2020\/08\/Lanting-belajar-makan-buah-hutan-1024x680.jpg\" alt=\"\" class=\"wp-image-3023\" srcset=\"https:\/\/wolfgangepplenaturschutzundethik.de\/wp-content\/uploads\/2020\/08\/Lanting-belajar-makan-buah-hutan-1024x680.jpg 1024w, https:\/\/wolfgangepplenaturschutzundethik.de\/wp-content\/uploads\/2020\/08\/Lanting-belajar-makan-buah-hutan-300x199.jpg 300w, https:\/\/wolfgangepplenaturschutzundethik.de\/wp-content\/uploads\/2020\/08\/Lanting-belajar-makan-buah-hutan-768x510.jpg 768w, https:\/\/wolfgangepplenaturschutzundethik.de\/wp-content\/uploads\/2020\/08\/Lanting-belajar-makan-buah-hutan-1536x1020.jpg 1536w, https:\/\/wolfgangepplenaturschutzundethik.de\/wp-content\/uploads\/2020\/08\/Lanting-belajar-makan-buah-hutan-2048x1360.jpg 2048w, https:\/\/wolfgangepplenaturschutzundethik.de\/wp-content\/uploads\/2020\/08\/Lanting-belajar-makan-buah-hutan-700x465.jpg 700w\" sizes=\"(max-width: 1024px) 100vw, 1024px\" \/><figcaption>Orangs sind \u00fcberwiegend Pflanzenfresser. Den Lernprozess, den normalerweise die Mutter in der Natur \u00fcbernimmt, m\u00fcssen die betreuten Orang Utan-Kinder in den Rettungsstationen unter menschlicher Obhut absolvieren. Es ist ein zeit- und kostenintensiver jahrelanger &#8222;Vorbereitungskurs&#8220; auf die Freiheit&#8230;Foto: BOSF<\/figcaption><\/figure>\n\n\n\n<figure class=\"wp-block-image size-large\"><img loading=\"lazy\" decoding=\"async\" width=\"683\" height=\"1024\" src=\"https:\/\/wolfgangepplenaturschutzundethik.de\/wp-content\/uploads\/2020\/08\/407-683x1024.jpg\" alt=\"\" class=\"wp-image-3056\" srcset=\"https:\/\/wolfgangepplenaturschutzundethik.de\/wp-content\/uploads\/2020\/08\/407-683x1024.jpg 683w, https:\/\/wolfgangepplenaturschutzundethik.de\/wp-content\/uploads\/2020\/08\/407-200x300.jpg 200w, https:\/\/wolfgangepplenaturschutzundethik.de\/wp-content\/uploads\/2020\/08\/407-768x1152.jpg 768w, https:\/\/wolfgangepplenaturschutzundethik.de\/wp-content\/uploads\/2020\/08\/407-1365x2048.jpg 1365w, https:\/\/wolfgangepplenaturschutzundethik.de\/wp-content\/uploads\/2020\/08\/407-scaled.jpg 1707w\" sizes=\"(max-width: 683px) 100vw, 683px\" \/><figcaption>Ein Bild mit Symbolcharakter: Zwei junge Orang Utans an der Hand ihres Betreuers und Helfers. Vor ihnen liegt ein langer und schwerer Weg. Am Ende winkt ein gro\u00dfer Erfolg f\u00fcr den weltweiten Artenschutz. Foto: BOSF<\/figcaption><\/figure>\n\n\n\n<p>Auf der Seite der <a href=\"https:\/\/www.orangutan.de\/rehabilitation\">BOS in Deutschland gibt es ein anschauliches und kurzes Video zur Rehabilitation der Orang Utan-Kinder, hier<\/a>.<\/p>\n\n\n\n<figure class=\"wp-block-image size-large\"><img loading=\"lazy\" decoding=\"async\" width=\"683\" height=\"1024\" src=\"https:\/\/wolfgangepplenaturschutzundethik.de\/wp-content\/uploads\/2020\/08\/IMG-20151023-WA0006_small-683x1024.jpg\" alt=\"\" class=\"wp-image-3014\" srcset=\"https:\/\/wolfgangepplenaturschutzundethik.de\/wp-content\/uploads\/2020\/08\/IMG-20151023-WA0006_small-683x1024.jpg 683w, https:\/\/wolfgangepplenaturschutzundethik.de\/wp-content\/uploads\/2020\/08\/IMG-20151023-WA0006_small-200x300.jpg 200w, https:\/\/wolfgangepplenaturschutzundethik.de\/wp-content\/uploads\/2020\/08\/IMG-20151023-WA0006_small-768x1152.jpg 768w, https:\/\/wolfgangepplenaturschutzundethik.de\/wp-content\/uploads\/2020\/08\/IMG-20151023-WA0006_small.jpg 800w\" sizes=\"(max-width: 683px) 100vw, 683px\" \/><figcaption>Wichtige soziale Lernschritte in der &#8222;Wald-Schule&#8220; auf dem Weg zur\u00fcck in die Freiheit &#8230;Foto: BOSF<\/figcaption><\/figure>\n\n\n\n<figure class=\"wp-block-image size-large\"><img loading=\"lazy\" decoding=\"async\" width=\"1024\" height=\"680\" src=\"https:\/\/wolfgangepplenaturschutzundethik.de\/wp-content\/uploads\/2020\/08\/11-1024x680.jpg\" alt=\"\" class=\"wp-image-3028\" srcset=\"https:\/\/wolfgangepplenaturschutzundethik.de\/wp-content\/uploads\/2020\/08\/11-1024x680.jpg 1024w, https:\/\/wolfgangepplenaturschutzundethik.de\/wp-content\/uploads\/2020\/08\/11-300x199.jpg 300w, https:\/\/wolfgangepplenaturschutzundethik.de\/wp-content\/uploads\/2020\/08\/11-768x510.jpg 768w, https:\/\/wolfgangepplenaturschutzundethik.de\/wp-content\/uploads\/2020\/08\/11-1536x1020.jpg 1536w, https:\/\/wolfgangepplenaturschutzundethik.de\/wp-content\/uploads\/2020\/08\/11-2048x1360.jpg 2048w, https:\/\/wolfgangepplenaturschutzundethik.de\/wp-content\/uploads\/2020\/08\/11-700x465.jpg 700w\" sizes=\"(max-width: 1024px) 100vw, 1024px\" \/><figcaption>Patrouillenfahrt  in einen zerst\u00f6rten Lebensraum. Foto: BOSF<\/figcaption><\/figure>\n\n\n\n<figure class=\"wp-block-image size-large\"><img loading=\"lazy\" decoding=\"async\" width=\"1024\" height=\"680\" src=\"https:\/\/wolfgangepplenaturschutzundethik.de\/wp-content\/uploads\/2020\/08\/Ou-Rescue-in-burnt-forest-of-Mawas-1024x680.jpg\" alt=\"\" class=\"wp-image-3021\" srcset=\"https:\/\/wolfgangepplenaturschutzundethik.de\/wp-content\/uploads\/2020\/08\/Ou-Rescue-in-burnt-forest-of-Mawas-1024x680.jpg 1024w, https:\/\/wolfgangepplenaturschutzundethik.de\/wp-content\/uploads\/2020\/08\/Ou-Rescue-in-burnt-forest-of-Mawas-300x199.jpg 300w, https:\/\/wolfgangepplenaturschutzundethik.de\/wp-content\/uploads\/2020\/08\/Ou-Rescue-in-burnt-forest-of-Mawas-768x510.jpg 768w, https:\/\/wolfgangepplenaturschutzundethik.de\/wp-content\/uploads\/2020\/08\/Ou-Rescue-in-burnt-forest-of-Mawas-1536x1020.jpg 1536w, https:\/\/wolfgangepplenaturschutzundethik.de\/wp-content\/uploads\/2020\/08\/Ou-Rescue-in-burnt-forest-of-Mawas-2048x1360.jpg 2048w, https:\/\/wolfgangepplenaturschutzundethik.de\/wp-content\/uploads\/2020\/08\/Ou-Rescue-in-burnt-forest-of-Mawas-700x465.jpg 700w\" sizes=\"(max-width: 1024px) 100vw, 1024px\" \/><figcaption>Rettung aus gro\u00dfer Not im durch Brandrodung zerst\u00f6rten <a href=\"http:\/\/orangutan.or.id\/mawas\/\">Wald von Mawa<\/a>s. Sie gelingt nur unter Bet\u00e4ubung. Foto: BOSF<\/figcaption><\/figure>\n\n\n\n<figure class=\"wp-block-image size-large\"><img loading=\"lazy\" decoding=\"async\" width=\"1024\" height=\"680\" src=\"https:\/\/wolfgangepplenaturschutzundethik.de\/wp-content\/uploads\/2020\/08\/5-1024x680.jpg\" alt=\"\" class=\"wp-image-3025\" srcset=\"https:\/\/wolfgangepplenaturschutzundethik.de\/wp-content\/uploads\/2020\/08\/5-1024x680.jpg 1024w, https:\/\/wolfgangepplenaturschutzundethik.de\/wp-content\/uploads\/2020\/08\/5-300x199.jpg 300w, https:\/\/wolfgangepplenaturschutzundethik.de\/wp-content\/uploads\/2020\/08\/5-768x510.jpg 768w, https:\/\/wolfgangepplenaturschutzundethik.de\/wp-content\/uploads\/2020\/08\/5-1536x1020.jpg 1536w, https:\/\/wolfgangepplenaturschutzundethik.de\/wp-content\/uploads\/2020\/08\/5-2048x1360.jpg 2048w, https:\/\/wolfgangepplenaturschutzundethik.de\/wp-content\/uploads\/2020\/08\/5-700x465.jpg 700w\" sizes=\"(max-width: 1024px) 100vw, 1024px\" \/><figcaption>Tier\u00e4rztliche Versorgung eines Orang Utan-Individuums vor Ort, noch im Wald, um das Leben zu retten. Foto: BOSF<\/figcaption><\/figure>\n\n\n\n<figure class=\"wp-block-image size-large\"><img loading=\"lazy\" decoding=\"async\" width=\"1024\" height=\"680\" src=\"https:\/\/wolfgangepplenaturschutzundethik.de\/wp-content\/uploads\/2020\/08\/6-1024x680.jpg\" alt=\"\" class=\"wp-image-3019\" srcset=\"https:\/\/wolfgangepplenaturschutzundethik.de\/wp-content\/uploads\/2020\/08\/6-1024x680.jpg 1024w, https:\/\/wolfgangepplenaturschutzundethik.de\/wp-content\/uploads\/2020\/08\/6-300x199.jpg 300w, https:\/\/wolfgangepplenaturschutzundethik.de\/wp-content\/uploads\/2020\/08\/6-768x510.jpg 768w, https:\/\/wolfgangepplenaturschutzundethik.de\/wp-content\/uploads\/2020\/08\/6-1536x1020.jpg 1536w, https:\/\/wolfgangepplenaturschutzundethik.de\/wp-content\/uploads\/2020\/08\/6-2048x1360.jpg 2048w, https:\/\/wolfgangepplenaturschutzundethik.de\/wp-content\/uploads\/2020\/08\/6-700x465.jpg 700w\" sizes=\"(max-width: 1024px) 100vw, 1024px\" \/><figcaption>Ein anstrengender Marsch f\u00fcr den Menschen &#8211; f\u00fcr die Rettung eines Orang Utan! Foto: BOSF<\/figcaption><\/figure>\n\n\n\n<p><strong>Die Kr\u00f6nung einer langen Rehabilitation: die Wiederauswilderung<\/strong><\/p>\n\n\n\n<figure class=\"wp-block-image size-large\"><img loading=\"lazy\" decoding=\"async\" width=\"1024\" height=\"768\" src=\"https:\/\/wolfgangepplenaturschutzundethik.de\/wp-content\/uploads\/2020\/08\/Pemindahan-bujang-ke-pulau-6_credited-1024x768.jpg\" alt=\"\" class=\"wp-image-3017\" srcset=\"https:\/\/wolfgangepplenaturschutzundethik.de\/wp-content\/uploads\/2020\/08\/Pemindahan-bujang-ke-pulau-6_credited-1024x768.jpg 1024w, https:\/\/wolfgangepplenaturschutzundethik.de\/wp-content\/uploads\/2020\/08\/Pemindahan-bujang-ke-pulau-6_credited-300x225.jpg 300w, https:\/\/wolfgangepplenaturschutzundethik.de\/wp-content\/uploads\/2020\/08\/Pemindahan-bujang-ke-pulau-6_credited-768x576.jpg 768w, https:\/\/wolfgangepplenaturschutzundethik.de\/wp-content\/uploads\/2020\/08\/Pemindahan-bujang-ke-pulau-6_credited-1536x1152.jpg 1536w, https:\/\/wolfgangepplenaturschutzundethik.de\/wp-content\/uploads\/2020\/08\/Pemindahan-bujang-ke-pulau-6_credited-2048x1536.jpg 2048w\" sizes=\"(max-width: 1024px) 100vw, 1024px\" \/><figcaption>Die umgekehrte Richtung: Zur\u00fcck in die intakte Natur, auf eine sichere Insel im gesicherten Lebensraum &#8211; ein ebenso schwieriges wie schwei\u00dftreibendes Unterfangen&#8230;Foto: BOSF<\/figcaption><\/figure>\n\n\n\n<figure class=\"wp-block-image size-large\"><img loading=\"lazy\" decoding=\"async\" width=\"1024\" height=\"768\" src=\"https:\/\/wolfgangepplenaturschutzundethik.de\/wp-content\/uploads\/2020\/08\/Bujang-di-pulau-6_credited-1024x768.jpg\" alt=\"\" class=\"wp-image-3018\" srcset=\"https:\/\/wolfgangepplenaturschutzundethik.de\/wp-content\/uploads\/2020\/08\/Bujang-di-pulau-6_credited-1024x768.jpg 1024w, https:\/\/wolfgangepplenaturschutzundethik.de\/wp-content\/uploads\/2020\/08\/Bujang-di-pulau-6_credited-300x225.jpg 300w, https:\/\/wolfgangepplenaturschutzundethik.de\/wp-content\/uploads\/2020\/08\/Bujang-di-pulau-6_credited-768x576.jpg 768w, https:\/\/wolfgangepplenaturschutzundethik.de\/wp-content\/uploads\/2020\/08\/Bujang-di-pulau-6_credited-1536x1152.jpg 1536w, https:\/\/wolfgangepplenaturschutzundethik.de\/wp-content\/uploads\/2020\/08\/Bujang-di-pulau-6_credited-2048x1536.jpg 2048w\" sizes=\"(max-width: 1024px) 100vw, 1024px\" \/><figcaption>&#8230;In diesem Fall von gro\u00dfem Erfolg und erkennbarer Freude gekr\u00f6nt! Foto: BOSF<\/figcaption><\/figure>\n\n\n\n<figure class=\"wp-block-image size-large\"><img loading=\"lazy\" decoding=\"async\" width=\"1024\" height=\"576\" src=\"https:\/\/wolfgangepplenaturschutzundethik.de\/wp-content\/uploads\/2020\/08\/P_20160212_100744-1024x576.jpg\" alt=\"\" class=\"wp-image-3029\" srcset=\"https:\/\/wolfgangepplenaturschutzundethik.de\/wp-content\/uploads\/2020\/08\/P_20160212_100744-1024x576.jpg 1024w, https:\/\/wolfgangepplenaturschutzundethik.de\/wp-content\/uploads\/2020\/08\/P_20160212_100744-300x169.jpg 300w, https:\/\/wolfgangepplenaturschutzundethik.de\/wp-content\/uploads\/2020\/08\/P_20160212_100744-768x432.jpg 768w, https:\/\/wolfgangepplenaturschutzundethik.de\/wp-content\/uploads\/2020\/08\/P_20160212_100744-1536x864.jpg 1536w, https:\/\/wolfgangepplenaturschutzundethik.de\/wp-content\/uploads\/2020\/08\/P_20160212_100744-2048x1152.jpg 2048w\" sizes=\"(max-width: 1024px) 100vw, 1024px\" \/><figcaption>Anf\u00e4ngliche Zusatz-Versorgung von wieder ausgewilderten Individuen. Foto: BOSF <\/figcaption><\/figure>\n\n\n\n<p><\/p>\n\n\n\n<figure class=\"wp-block-image size-large\"><img loading=\"lazy\" decoding=\"async\" width=\"960\" height=\"728\" src=\"https:\/\/wolfgangepplenaturschutzundethik.de\/wp-content\/uploads\/2020\/08\/Bildschirmfoto-2020-08-03-um-14.59.00.png\" alt=\"\" class=\"wp-image-3088\" srcset=\"https:\/\/wolfgangepplenaturschutzundethik.de\/wp-content\/uploads\/2020\/08\/Bildschirmfoto-2020-08-03-um-14.59.00.png 960w, https:\/\/wolfgangepplenaturschutzundethik.de\/wp-content\/uploads\/2020\/08\/Bildschirmfoto-2020-08-03-um-14.59.00-300x228.png 300w, https:\/\/wolfgangepplenaturschutzundethik.de\/wp-content\/uploads\/2020\/08\/Bildschirmfoto-2020-08-03-um-14.59.00-768x582.png 768w\" sizes=\"(max-width: 960px) 100vw, 960px\" \/><figcaption>Die bisherige Bilanz von Rettung, Rehabilitation  &#8211; und als besonderer Erfolg: erster Nachwuchs in der Wildnis&#8230;Quelle: Screenshot aus der <a href=\"http:\/\/orangutan.or.id\">BOSF-Homepage, O3.08.2020.<\/a><\/figcaption><\/figure>\n\n\n\n<p>Wichtiger Schwerpunkt der Arbeit ist neben Rettung und Rehabilitation der Individuen die <strong>Sicherung und der Schutz der Lebensr\u00e4ume des Orang Utan<\/strong> auf Borneo:<\/p>\n\n\n\n<h4 class=\"wp-block-heading\"><strong>Lebensr\u00e4ume erhalten, Individuen sch\u00fctzen: Schutz der Orang Utans ist nur ganzheitlich konsistent<\/strong><\/h4>\n\n\n\n<p>Neben dem Tierhandel ist die rasch voranschreitende Umwandlung von W\u00e4ldern in Plantagen, also die <strong>Lebensraumzerst\u00f6rung, die Hauptbedrohung f\u00fcr den Fortbestand der Orang Utan-Spezies<\/strong>.<\/p>\n\n\n\n<p>Die Rettung des Orang Utan wird damit zum Fanal f\u00fcr den ganzheitlichen Naturschutz und f\u00fcr die ihn <a href=\"https:\/\/wolfgangepplenaturschutzundethik.de\/?page_id=2434\">begr\u00fcndende Ethik<\/a>, weil <strong>Schutz der Lebensr\u00e4ume und Schutz und Rettung individuellen Lebens Hand in Hand gehen<\/strong>. Dieses Grundprinzip des Artenschutzes ist eine Lektion, die in <a href=\"https:\/\/www.nabu.de\/news\/2020\/01\/27553.html\">deutschen etablierten Umweltorganisationen, die im Begriffe sind, im Rahmen der Energiewende den Schutz <strong>individuellen<\/strong> Wildtierlebens im Zuge des &#8222;Klimaschutzes&#8220; mit dem Abheben auf die Populationsebene aufzugeben<\/a>, wieder neu gelernt werden muss. <\/p>\n\n\n\n<figure class=\"wp-block-image size-large\"><img loading=\"lazy\" decoding=\"async\" width=\"1024\" height=\"576\" src=\"https:\/\/wolfgangepplenaturschutzundethik.de\/wp-content\/uploads\/2020\/08\/DSC_0206-1024x576.jpg\" alt=\"\" class=\"wp-image-3081\" srcset=\"https:\/\/wolfgangepplenaturschutzundethik.de\/wp-content\/uploads\/2020\/08\/DSC_0206-1024x576.jpg 1024w, https:\/\/wolfgangepplenaturschutzundethik.de\/wp-content\/uploads\/2020\/08\/DSC_0206-300x169.jpg 300w, https:\/\/wolfgangepplenaturschutzundethik.de\/wp-content\/uploads\/2020\/08\/DSC_0206-768x432.jpg 768w, https:\/\/wolfgangepplenaturschutzundethik.de\/wp-content\/uploads\/2020\/08\/DSC_0206-1536x864.jpg 1536w, https:\/\/wolfgangepplenaturschutzundethik.de\/wp-content\/uploads\/2020\/08\/DSC_0206.jpg 1920w\" sizes=\"(max-width: 1024px) 100vw, 1024px\" \/><figcaption>Intakter Orang Utan-Lebensraum auf Borneo. Foto: BOSF<br><\/figcaption><\/figure>\n\n\n\n<figure class=\"wp-block-image size-large\"><img loading=\"lazy\" decoding=\"async\" width=\"841\" height=\"1024\" src=\"https:\/\/wolfgangepplenaturschutzundethik.de\/wp-content\/uploads\/2020\/08\/Bildschirmfoto-2020-08-03-um-14.58.35-1-841x1024.png\" alt=\"\" class=\"wp-image-3086\" srcset=\"https:\/\/wolfgangepplenaturschutzundethik.de\/wp-content\/uploads\/2020\/08\/Bildschirmfoto-2020-08-03-um-14.58.35-1-841x1024.png 841w, https:\/\/wolfgangepplenaturschutzundethik.de\/wp-content\/uploads\/2020\/08\/Bildschirmfoto-2020-08-03-um-14.58.35-1-247x300.png 247w, https:\/\/wolfgangepplenaturschutzundethik.de\/wp-content\/uploads\/2020\/08\/Bildschirmfoto-2020-08-03-um-14.58.35-1-768x935.png 768w, https:\/\/wolfgangepplenaturschutzundethik.de\/wp-content\/uploads\/2020\/08\/Bildschirmfoto-2020-08-03-um-14.58.35-1.png 848w\" sizes=\"(max-width: 841px) 100vw, 841px\" \/><figcaption>Die Fl\u00e4che des inzwischen von der BOSF betreuten Regenwald-Lebensraumes ist beeindruckend.<strong> Dies zeigt, wie wichtig gerade die finanzielle Unterst\u00fctzung ist, um solch gro\u00dfe Fl\u00e4chen vor der Rodung zu retten.<\/strong> Die BOSF hat daf\u00fcr eigens imJahr 2009 eine Firma gegr\u00fcndet, um Konzessionen f\u00fcr den Naturschutz zu erwerben.In einigen dieser Gebiete finden die Wiederauswilderungen der rehabilitierten Orang-Individuen statt. Quelle: Screenshot aus der <a href=\"http:\/\/orangutan.or.id\">BOSF-Homepage, O3.08.2020.<\/a><\/figcaption><\/figure>\n\n\n\n<figure class=\"wp-block-image size-large\"><img loading=\"lazy\" decoding=\"async\" width=\"1024\" height=\"768\" src=\"https:\/\/wolfgangepplenaturschutzundethik.de\/wp-content\/uploads\/2020\/08\/20150928_110727-1024x768.jpg\" alt=\"\" class=\"wp-image-3027\" srcset=\"https:\/\/wolfgangepplenaturschutzundethik.de\/wp-content\/uploads\/2020\/08\/20150928_110727-1024x768.jpg 1024w, https:\/\/wolfgangepplenaturschutzundethik.de\/wp-content\/uploads\/2020\/08\/20150928_110727-300x225.jpg 300w, https:\/\/wolfgangepplenaturschutzundethik.de\/wp-content\/uploads\/2020\/08\/20150928_110727-768x576.jpg 768w, https:\/\/wolfgangepplenaturschutzundethik.de\/wp-content\/uploads\/2020\/08\/20150928_110727-1536x1152.jpg 1536w, https:\/\/wolfgangepplenaturschutzundethik.de\/wp-content\/uploads\/2020\/08\/20150928_110727-2048x1536.jpg 2048w\" sizes=\"(max-width: 1024px) 100vw, 1024px\" \/><figcaption>BOSF-Mitarbeiter freuen sich \u00fcber neue Schutzanz\u00fcge, &#8230;<\/figcaption><\/figure>\n\n\n\n<figure class=\"wp-block-image size-large\"><img loading=\"lazy\" decoding=\"async\" width=\"1024\" height=\"683\" src=\"https:\/\/wolfgangepplenaturschutzundethik.de\/wp-content\/uploads\/2020\/08\/NM_Foto-Kebakaran-di-Km-27-Pky-1024x683.jpg\" alt=\"\" class=\"wp-image-3083\" srcset=\"https:\/\/wolfgangepplenaturschutzundethik.de\/wp-content\/uploads\/2020\/08\/NM_Foto-Kebakaran-di-Km-27-Pky-1024x683.jpg 1024w, https:\/\/wolfgangepplenaturschutzundethik.de\/wp-content\/uploads\/2020\/08\/NM_Foto-Kebakaran-di-Km-27-Pky-300x200.jpg 300w, https:\/\/wolfgangepplenaturschutzundethik.de\/wp-content\/uploads\/2020\/08\/NM_Foto-Kebakaran-di-Km-27-Pky-768x512.jpg 768w, https:\/\/wolfgangepplenaturschutzundethik.de\/wp-content\/uploads\/2020\/08\/NM_Foto-Kebakaran-di-Km-27-Pky-1536x1024.jpg 1536w, https:\/\/wolfgangepplenaturschutzundethik.de\/wp-content\/uploads\/2020\/08\/NM_Foto-Kebakaran-di-Km-27-Pky-2048x1366.jpg 2048w\" sizes=\"(max-width: 1024px) 100vw, 1024px\" \/><figcaption>&#8230;die bei der Brandbek\u00e4mpfung wertvolle Dienste leisten. Beide Fotos: BOSF<\/figcaption><\/figure>\n\n\n\n<p class=\"has-medium-font-size\"><strong>Besuchen Sie die <a href=\"http:\/\/orangutan.or.id\">Homepage der BOSF<\/a><\/strong><\/p>\n\n\n\n<p class=\"has-medium-font-size\"><strong>oder die Homepage von <a href=\"https:\/\/www.orangutan.de\/orang-utans\">BOS Deutschland<\/a><\/strong><\/p>\n\n\n\n<p class=\"has-medium-font-size\"><strong>Dort erfahren Sie viele weitere Hintergr\u00fcnde \u00fcber die wertvolle Arbeit der BOSF und Sie erhalten Informationen \u00fcber die M\u00f6glichkeiten zu spenden, zu adoptieren, \u00fcber Eink\u00e4ufe im Shop diese Arbeit zu unterst\u00fctzen, u.v.a.m.<\/strong><\/p>\n\n\n\n<figure class=\"wp-block-image size-large\"><img loading=\"lazy\" decoding=\"async\" width=\"683\" height=\"1024\" src=\"https:\/\/wolfgangepplenaturschutzundethik.de\/wp-content\/uploads\/2020\/08\/Bild-03.08.20-um-10.32-683x1024.jpg\" alt=\"\" class=\"wp-image-3082\" srcset=\"https:\/\/wolfgangepplenaturschutzundethik.de\/wp-content\/uploads\/2020\/08\/Bild-03.08.20-um-10.32-683x1024.jpg 683w, https:\/\/wolfgangepplenaturschutzundethik.de\/wp-content\/uploads\/2020\/08\/Bild-03.08.20-um-10.32-200x300.jpg 200w, https:\/\/wolfgangepplenaturschutzundethik.de\/wp-content\/uploads\/2020\/08\/Bild-03.08.20-um-10.32-768x1152.jpg 768w, https:\/\/wolfgangepplenaturschutzundethik.de\/wp-content\/uploads\/2020\/08\/Bild-03.08.20-um-10.32.jpg 960w\" sizes=\"(max-width: 683px) 100vw, 683px\" \/><figcaption>Bumi, der ganz erhebliche Fortschritte macht &#8211; wie man sieht, dankt Ihnen f\u00fcr Ihre Unterst\u00fctzung. Foto: BOSF<\/figcaption><\/figure>\n\n\n\n<p>Ich danke den Mitarbeitern und dem Team von BOSF f\u00fcr die vertrauensvolle Kommunikation und \u00dcberlassung des eindrucksvollen Bildmaterials.<\/p>\n","protected":false},"excerpt":{"rendered":"<p>Das Beitragsfoto (Copyright BOSF, mit Dank f\u00fcr die freundliche \u00dcberlassung) zeigt &#8222;Monita&#8220;, ein Borneo-Orang Utang-Kind, das 2018 im Alter von 3 Monaten aus den H\u00e4nden &hellip; <\/p>\n","protected":false},"author":1,"featured_media":3031,"parent":0,"menu_order":0,"comment_status":"closed","ping_status":"closed","template":"","meta":{"om_disable_all_campaigns":false,"_monsterinsights_skip_tracking":false,"_monsterinsights_sitenote_active":false,"_monsterinsights_sitenote_note":"","_monsterinsights_sitenote_category":0,"footnotes":""},"class_list":["post-3005","page","type-page","status-publish","has-post-thumbnail","hentry"],"aioseo_notices":[],"_links":{"self":[{"href":"https:\/\/wolfgangepplenaturschutzundethik.de\/index.php?rest_route=\/wp\/v2\/pages\/3005"}],"collection":[{"href":"https:\/\/wolfgangepplenaturschutzundethik.de\/index.php?rest_route=\/wp\/v2\/pages"}],"about":[{"href":"https:\/\/wolfgangepplenaturschutzundethik.de\/index.php?rest_route=\/wp\/v2\/types\/page"}],"author":[{"embeddable":true,"href":"https:\/\/wolfgangepplenaturschutzundethik.de\/index.php?rest_route=\/wp\/v2\/users\/1"}],"replies":[{"embeddable":true,"href":"https:\/\/wolfgangepplenaturschutzundethik.de\/index.php?rest_route=%2Fwp%2Fv2%2Fcomments&post=3005"}],"version-history":[{"count":88,"href":"https:\/\/wolfgangepplenaturschutzundethik.de\/index.php?rest_route=\/wp\/v2\/pages\/3005\/revisions"}],"predecessor-version":[{"id":3121,"href":"https:\/\/wolfgangepplenaturschutzundethik.de\/index.php?rest_route=\/wp\/v2\/pages\/3005\/revisions\/3121"}],"wp:featuredmedia":[{"embeddable":true,"href":"https:\/\/wolfgangepplenaturschutzundethik.de\/index.php?rest_route=\/wp\/v2\/media\/3031"}],"wp:attachment":[{"href":"https:\/\/wolfgangepplenaturschutzundethik.de\/index.php?rest_route=%2Fwp%2Fv2%2Fmedia&parent=3005"}],"curies":[{"name":"wp","href":"https:\/\/api.w.org\/{rel}","templated":true}]}}