{"id":4280,"date":"2021-07-20T08:55:59","date_gmt":"2021-07-20T08:55:59","guid":{"rendered":"https:\/\/wolfgangepplenaturschutzundethik.de\/?page_id=4280"},"modified":"2025-05-01T13:26:10","modified_gmt":"2025-05-01T13:26:10","slug":"ansiedlung-des-weissstorches-in-aussernzell-eine-kleine-naturschutz-erfolgsgeschichte","status":"publish","type":"page","link":"https:\/\/wolfgangepplenaturschutzundethik.de\/?page_id=4280","title":{"rendered":"Ansiedlung des Wei\u00dfstorches in Au\u00dfernzell &#8211; eine kleine Naturschutz-Erfolgsgeschichte"},"content":{"rendered":"\n<p>Das Beitragsfoto zeigt den Storchenhahn des Au\u00dfernzeller Storchenpaars im Flug. Er ist leicht zu erkennen an einer dauerhaften L\u00fccke im linken Fl\u00fcgel. Im Jahr 2023 br\u00fctet der Storch nach einem verlorenen Kampf ums Au\u00dfernzeller Nest im Nachbarort  Sch\u00f6llnach. Auch dies ist Teil des Erfolgs.  Foto: Wolfgang Epple<\/p>\n\n\n\n<p>In einem begl\u00fcckenden Falle reihe ich eine Geschichte aus dem eigenen Leben unter den positiven Beispielen ein. <\/p>\n\n\n\n<p>Der Hintergrund: In Au\u00dfernzell, unserer wundersch\u00f6nen Wahlheimat, haben noch nie Wei\u00dfst\u00f6rche gebr\u00fctet, jedoch:<\/p>\n\n\n\n<p>Im Jahr 2019 hat ein Paar versucht, auf einem Baukran ein Nest zu errichten, und scheiterte mit diesem Versuch.<br><\/p>\n\n\n\n<p>Die Nisthilfe wurde, nachdem  uns dieser vergebliche Ansiedlungsversuch im Jahr 2019 ein Jahr sp\u00e4ter bekannt geworden war, &nbsp;von meiner Frau und mir der Gemeinde als Einstandsgeschenk gemacht.<\/p>\n\n\n\n<h4 class=\"wp-block-heading\"><strong>Eine Nisthilfe wird vorbereitet&#8230;<\/strong><\/h4>\n\n\n\n<p>Es waren &#8211; neben dem finanziellen Aufwand &#8211; \u00fcber Monate hinweg etliche logistische Schritte und helfende H\u00e4nde von N\u00f6ten und beteiligt:<\/p>\n\n\n\n<p>Herstellung des Horstkorbes durch den jungen Schlosser Michael Urmann aus Sch\u00f6llnach im Januar 2020:<\/p>\n\n\n\n<p><\/p>\n\n\n\n<figure class=\"wp-block-image size-large\"><img loading=\"lazy\" decoding=\"async\" width=\"1024\" height=\"768\" src=\"https:\/\/wolfgangepplenaturschutzundethik.de\/wp-content\/uploads\/2021\/07\/c92fd8a6-03b6-4b75-ada4-cb764fa50aa0-1024x768.jpg\" alt=\"\" class=\"wp-image-4285\" srcset=\"https:\/\/wolfgangepplenaturschutzundethik.de\/wp-content\/uploads\/2021\/07\/c92fd8a6-03b6-4b75-ada4-cb764fa50aa0-1024x768.jpg 1024w, https:\/\/wolfgangepplenaturschutzundethik.de\/wp-content\/uploads\/2021\/07\/c92fd8a6-03b6-4b75-ada4-cb764fa50aa0-300x225.jpg 300w, https:\/\/wolfgangepplenaturschutzundethik.de\/wp-content\/uploads\/2021\/07\/c92fd8a6-03b6-4b75-ada4-cb764fa50aa0-768x576.jpg 768w, https:\/\/wolfgangepplenaturschutzundethik.de\/wp-content\/uploads\/2021\/07\/c92fd8a6-03b6-4b75-ada4-cb764fa50aa0-1536x1152.jpg 1536w, https:\/\/wolfgangepplenaturschutzundethik.de\/wp-content\/uploads\/2021\/07\/c92fd8a6-03b6-4b75-ada4-cb764fa50aa0.jpg 1600w\" sizes=\"(max-width: 1024px) 100vw, 1024px\" \/><figcaption class=\"wp-element-caption\">Professionelle Schlosserarbeit f\u00fcr den Ganzheitlichen Naturschutz. Dank an Michael Urmann aus Sch\u00f6llnach! Foto: Wolfgang Epple<\/figcaption><\/figure>\n\n\n\n<p><\/p>\n\n\n\n<figure class=\"wp-block-image size-large\"><img loading=\"lazy\" decoding=\"async\" width=\"768\" height=\"1024\" src=\"https:\/\/wolfgangepplenaturschutzundethik.de\/wp-content\/uploads\/2021\/08\/IMG_1459-768x1024.jpg\" alt=\"\" class=\"wp-image-4422\" srcset=\"https:\/\/wolfgangepplenaturschutzundethik.de\/wp-content\/uploads\/2021\/08\/IMG_1459-768x1024.jpg 768w, https:\/\/wolfgangepplenaturschutzundethik.de\/wp-content\/uploads\/2021\/08\/IMG_1459-225x300.jpg 225w, https:\/\/wolfgangepplenaturschutzundethik.de\/wp-content\/uploads\/2021\/08\/IMG_1459-1152x1536.jpg 1152w, https:\/\/wolfgangepplenaturschutzundethik.de\/wp-content\/uploads\/2021\/08\/IMG_1459-1536x2048.jpg 1536w, https:\/\/wolfgangepplenaturschutzundethik.de\/wp-content\/uploads\/2021\/08\/IMG_1459-scaled.jpg 1920w\" sizes=\"(max-width: 768px) 100vw, 768px\" \/><\/figure>\n\n\n\n<p><\/p>\n\n\n\n<figure class=\"wp-block-image size-large\"><img loading=\"lazy\" decoding=\"async\" width=\"480\" height=\"640\" src=\"https:\/\/wolfgangepplenaturschutzundethik.de\/wp-content\/uploads\/2021\/07\/IMG_1473-rotated.jpeg\" alt=\"IMG_1473.jpeg\" class=\"wp-image-4283\" srcset=\"https:\/\/wolfgangepplenaturschutzundethik.de\/wp-content\/uploads\/2021\/07\/IMG_1473-rotated.jpeg 480w, https:\/\/wolfgangepplenaturschutzundethik.de\/wp-content\/uploads\/2021\/07\/IMG_1473-225x300.jpeg 225w\" sizes=\"(max-width: 480px) 100vw, 480px\" \/><figcaption class=\"wp-element-caption\">Im Februar 2020 wird eine Fichte aus unserem kleinen Waldbesitz auf ihre gro\u00dfe Rolle vorbereitet.  B\u00fcrgermeister Michael Klampfl mit Schwiegersohn Tobias Fischl bei der fachgerechten F\u00e4llung. <\/figcaption><\/figure>\n\n\n\n<p><\/p>\n\n\n\n<figure class=\"wp-block-image size-large\"><img loading=\"lazy\" decoding=\"async\" width=\"1024\" height=\"768\" src=\"https:\/\/wolfgangepplenaturschutzundethik.de\/wp-content\/uploads\/2021\/08\/IMG_1482-1024x768.jpg\" alt=\"\" class=\"wp-image-4423\" srcset=\"https:\/\/wolfgangepplenaturschutzundethik.de\/wp-content\/uploads\/2021\/08\/IMG_1482-1024x768.jpg 1024w, https:\/\/wolfgangepplenaturschutzundethik.de\/wp-content\/uploads\/2021\/08\/IMG_1482-300x225.jpg 300w, https:\/\/wolfgangepplenaturschutzundethik.de\/wp-content\/uploads\/2021\/08\/IMG_1482-768x576.jpg 768w, https:\/\/wolfgangepplenaturschutzundethik.de\/wp-content\/uploads\/2021\/08\/IMG_1482-1536x1152.jpg 1536w, https:\/\/wolfgangepplenaturschutzundethik.de\/wp-content\/uploads\/2021\/08\/IMG_1482-2048x1536.jpg 2048w\" sizes=\"(max-width: 1024px) 100vw, 1024px\" \/><figcaption class=\"wp-element-caption\">Anna Lena Leimbach-Epple hilft bei der Entrindung&#8230;Fotos: Wolfgang Epple<\/figcaption><\/figure>\n\n\n\n<h4 class=\"wp-block-heading\"><strong>&#8230;und an guter Stelle der Gemarkung platziert:<\/strong><\/h4>\n\n\n\n<p><\/p>\n\n\n\n<p>In Abstimmung mit B\u00fcrgermeister Michael Klampfl\/Au\u00dfernzell wurde die Nisthilfe auf unseren Vorschlag im Februar 2020 am Ortsrand von Au\u00dfernzell, im Bereich der <em>\u201eKleinen Ohe\u201c<\/em> aufgestellt.<\/p>\n\n\n\n<figure class=\"wp-block-image size-large\"><img loading=\"lazy\" decoding=\"async\" width=\"1024\" height=\"768\" src=\"https:\/\/wolfgangepplenaturschutzundethik.de\/wp-content\/uploads\/2021\/07\/d1e1cb26-7d3e-4024-af7f-4d2021ad44fb-1024x768.jpg\" alt=\"\" class=\"wp-image-4286\" srcset=\"https:\/\/wolfgangepplenaturschutzundethik.de\/wp-content\/uploads\/2021\/07\/d1e1cb26-7d3e-4024-af7f-4d2021ad44fb-1024x768.jpg 1024w, https:\/\/wolfgangepplenaturschutzundethik.de\/wp-content\/uploads\/2021\/07\/d1e1cb26-7d3e-4024-af7f-4d2021ad44fb-300x225.jpg 300w, https:\/\/wolfgangepplenaturschutzundethik.de\/wp-content\/uploads\/2021\/07\/d1e1cb26-7d3e-4024-af7f-4d2021ad44fb-768x576.jpg 768w, https:\/\/wolfgangepplenaturschutzundethik.de\/wp-content\/uploads\/2021\/07\/d1e1cb26-7d3e-4024-af7f-4d2021ad44fb-1536x1152.jpg 1536w, https:\/\/wolfgangepplenaturschutzundethik.de\/wp-content\/uploads\/2021\/07\/d1e1cb26-7d3e-4024-af7f-4d2021ad44fb.jpg 1600w\" sizes=\"(max-width: 1024px) 100vw, 1024px\" \/><figcaption class=\"wp-element-caption\">Der Horstkorb wird an den Fichtenstamm montiert. Dank an die motivierten Helfer! Foto: Wolfgang Epple<\/figcaption><\/figure>\n\n\n\n<figure class=\"wp-block-image size-large\"><img loading=\"lazy\" decoding=\"async\" width=\"768\" height=\"1024\" src=\"https:\/\/wolfgangepplenaturschutzundethik.de\/wp-content\/uploads\/2021\/07\/82a1ca2a-c5eb-48ed-9cca-183499b02674-768x1024.jpg\" alt=\"\" class=\"wp-image-4288\" srcset=\"https:\/\/wolfgangepplenaturschutzundethik.de\/wp-content\/uploads\/2021\/07\/82a1ca2a-c5eb-48ed-9cca-183499b02674-768x1024.jpg 768w, https:\/\/wolfgangepplenaturschutzundethik.de\/wp-content\/uploads\/2021\/07\/82a1ca2a-c5eb-48ed-9cca-183499b02674-225x300.jpg 225w, https:\/\/wolfgangepplenaturschutzundethik.de\/wp-content\/uploads\/2021\/07\/82a1ca2a-c5eb-48ed-9cca-183499b02674-1152x1536.jpg 1152w, https:\/\/wolfgangepplenaturschutzundethik.de\/wp-content\/uploads\/2021\/07\/82a1ca2a-c5eb-48ed-9cca-183499b02674.jpg 1200w\" sizes=\"(max-width: 768px) 100vw, 768px\" \/><figcaption class=\"wp-element-caption\">Vorbereitung der Nestgrundlage. Holzwolle und Naturholz&#8230;Foto: Anna Lena Leimbach-Epple<\/figcaption><\/figure>\n\n\n\n<p><\/p>\n\n\n\n<figure class=\"wp-block-image size-large\"><img loading=\"lazy\" decoding=\"async\" width=\"1024\" height=\"768\" src=\"https:\/\/wolfgangepplenaturschutzundethik.de\/wp-content\/uploads\/2021\/07\/383fe2ff-4d28-4f3a-97c3-fa1f815cf659-1024x768.jpg\" alt=\"\" class=\"wp-image-4287\" srcset=\"https:\/\/wolfgangepplenaturschutzundethik.de\/wp-content\/uploads\/2021\/07\/383fe2ff-4d28-4f3a-97c3-fa1f815cf659-1024x768.jpg 1024w, https:\/\/wolfgangepplenaturschutzundethik.de\/wp-content\/uploads\/2021\/07\/383fe2ff-4d28-4f3a-97c3-fa1f815cf659-300x225.jpg 300w, https:\/\/wolfgangepplenaturschutzundethik.de\/wp-content\/uploads\/2021\/07\/383fe2ff-4d28-4f3a-97c3-fa1f815cf659-768x576.jpg 768w, https:\/\/wolfgangepplenaturschutzundethik.de\/wp-content\/uploads\/2021\/07\/383fe2ff-4d28-4f3a-97c3-fa1f815cf659-1536x1152.jpg 1536w, https:\/\/wolfgangepplenaturschutzundethik.de\/wp-content\/uploads\/2021\/07\/383fe2ff-4d28-4f3a-97c3-fa1f815cf659.jpg 1600w\" sizes=\"(max-width: 1024px) 100vw, 1024px\" \/><figcaption class=\"wp-element-caption\">Auf dem Traktor Tobias Fischl aus Gunzing. Danke f\u00fcr den umsichtigen und gekonnten Einsatz! Foto: Wolfgang Epple<\/figcaption><\/figure>\n\n\n\n<figure class=\"wp-block-image size-large\"><img loading=\"lazy\" decoding=\"async\" width=\"1024\" height=\"768\" src=\"https:\/\/wolfgangepplenaturschutzundethik.de\/wp-content\/uploads\/2021\/07\/db79991b-e508-44cd-8c07-ff751be290e1-1024x768.jpg\" alt=\"\" class=\"wp-image-4290\" srcset=\"https:\/\/wolfgangepplenaturschutzundethik.de\/wp-content\/uploads\/2021\/07\/db79991b-e508-44cd-8c07-ff751be290e1-1024x768.jpg 1024w, https:\/\/wolfgangepplenaturschutzundethik.de\/wp-content\/uploads\/2021\/07\/db79991b-e508-44cd-8c07-ff751be290e1-300x225.jpg 300w, https:\/\/wolfgangepplenaturschutzundethik.de\/wp-content\/uploads\/2021\/07\/db79991b-e508-44cd-8c07-ff751be290e1-768x576.jpg 768w, https:\/\/wolfgangepplenaturschutzundethik.de\/wp-content\/uploads\/2021\/07\/db79991b-e508-44cd-8c07-ff751be290e1-1536x1152.jpg 1536w, https:\/\/wolfgangepplenaturschutzundethik.de\/wp-content\/uploads\/2021\/07\/db79991b-e508-44cd-8c07-ff751be290e1.jpg 1600w\" sizes=\"(max-width: 1024px) 100vw, 1024px\" \/><\/figure>\n\n\n\n<figure class=\"wp-block-image size-large\"><img loading=\"lazy\" decoding=\"async\" width=\"1024\" height=\"768\" src=\"https:\/\/wolfgangepplenaturschutzundethik.de\/wp-content\/uploads\/2021\/07\/94ca49b9-261d-476b-992d-05bd932c740d-1024x768.jpg\" alt=\"\" class=\"wp-image-4291\" srcset=\"https:\/\/wolfgangepplenaturschutzundethik.de\/wp-content\/uploads\/2021\/07\/94ca49b9-261d-476b-992d-05bd932c740d-1024x768.jpg 1024w, https:\/\/wolfgangepplenaturschutzundethik.de\/wp-content\/uploads\/2021\/07\/94ca49b9-261d-476b-992d-05bd932c740d-300x225.jpg 300w, https:\/\/wolfgangepplenaturschutzundethik.de\/wp-content\/uploads\/2021\/07\/94ca49b9-261d-476b-992d-05bd932c740d-768x576.jpg 768w, https:\/\/wolfgangepplenaturschutzundethik.de\/wp-content\/uploads\/2021\/07\/94ca49b9-261d-476b-992d-05bd932c740d-1536x1152.jpg 1536w, https:\/\/wolfgangepplenaturschutzundethik.de\/wp-content\/uploads\/2021\/07\/94ca49b9-261d-476b-992d-05bd932c740d.jpg 1600w\" sizes=\"(max-width: 1024px) 100vw, 1024px\" \/><figcaption class=\"wp-element-caption\">Der Horst steht (!) &#8230; leicht gen Osten geneigt ;-))&#8230;Fotos: Anna Lena Leimbach-Epple<\/figcaption><\/figure>\n\n\n\n<p><br>Der Bereich der <em>\u201eKleine Ohe\u201c<\/em> bot sich an, weil in unmittelbarer Horstn\u00e4he augenscheinlich wertvolle Nahrungshabitate sind. Die St\u00f6rche werden sicher nicht nur diesen Bereich, sondern auch andere Bereiche der Talaue &#8211; wie sich in den ersten Tagen zeigt besonders Richtung Sch\u00f6llnach &#8211; und selbstverst\u00e4ndlich auch h\u00f6her liegende Ackerfl\u00e4chen bei Gelegenheit nutzen. Jede extensiv genutzte Fl\u00e4che mit Kleintierangebot ist auch Nahrungshabitat.<\/p>\n\n\n\n<p>Im Jahr 2020 passierte wenig: nur ein Besuchsstorch im Mai&#8230;manch einer l\u00e4chelte, unser Optimismus aber blieb&#8230;<\/p>\n\n\n\n<h4 class=\"wp-block-heading\"><strong>Nach einem weiteren Jahr Abwarten : Au\u00dfernzell wird zur Heimat eines Storchenpaars<\/strong><\/h4>\n\n\n\n<p>Am 25. April 2021 war es dann so weit: Zwei St\u00f6rche kamen an diesem Sonntag an. Sie waren offensichtlich bereits verpaart, denn die Paarung fand schon am ersten Tag statt! <\/p>\n\n\n\n<p>Viele B\u00fcrger kamen an den Ortsrand, es wurde kr\u00e4ftig &#8222;gepostet&#8220;, und wenige Tage sp\u00e4ter <a href=\"https:\/\/www.pnp.de\/lokales\/landkreis-deggendorf\/deggendorf\/Storchenpaar-eingezogen-3973157.html\">berichtete die Passauer Neue Presse<\/a>&#8230;<\/p>\n\n\n\n<p><\/p>\n\n\n\n<figure class=\"wp-block-image size-large\"><img loading=\"lazy\" decoding=\"async\" width=\"1024\" height=\"680\" src=\"https:\/\/wolfgangepplenaturschutzundethik.de\/wp-content\/uploads\/2021\/07\/DSC_7282-1024x680.jpeg\" alt=\"\" class=\"wp-image-4293\" srcset=\"https:\/\/wolfgangepplenaturschutzundethik.de\/wp-content\/uploads\/2021\/07\/DSC_7282-1024x680.jpeg 1024w, https:\/\/wolfgangepplenaturschutzundethik.de\/wp-content\/uploads\/2021\/07\/DSC_7282-300x199.jpeg 300w, https:\/\/wolfgangepplenaturschutzundethik.de\/wp-content\/uploads\/2021\/07\/DSC_7282-768x510.jpeg 768w, https:\/\/wolfgangepplenaturschutzundethik.de\/wp-content\/uploads\/2021\/07\/DSC_7282-700x465.jpeg 700w, https:\/\/wolfgangepplenaturschutzundethik.de\/wp-content\/uploads\/2021\/07\/DSC_7282.jpeg 1280w\" sizes=\"(max-width: 1024px) 100vw, 1024px\" \/><\/figure>\n\n\n\n<figure class=\"wp-block-image size-large\"><img loading=\"lazy\" decoding=\"async\" width=\"1024\" height=\"680\" src=\"https:\/\/wolfgangepplenaturschutzundethik.de\/wp-content\/uploads\/2021\/07\/DSC_7279-1024x680.jpg\" alt=\"\" class=\"wp-image-4294\" srcset=\"https:\/\/wolfgangepplenaturschutzundethik.de\/wp-content\/uploads\/2021\/07\/DSC_7279-1024x680.jpg 1024w, https:\/\/wolfgangepplenaturschutzundethik.de\/wp-content\/uploads\/2021\/07\/DSC_7279-300x199.jpg 300w, https:\/\/wolfgangepplenaturschutzundethik.de\/wp-content\/uploads\/2021\/07\/DSC_7279-768x510.jpg 768w, https:\/\/wolfgangepplenaturschutzundethik.de\/wp-content\/uploads\/2021\/07\/DSC_7279-1536x1020.jpg 1536w, https:\/\/wolfgangepplenaturschutzundethik.de\/wp-content\/uploads\/2021\/07\/DSC_7279-2048x1360.jpg 2048w, https:\/\/wolfgangepplenaturschutzundethik.de\/wp-content\/uploads\/2021\/07\/DSC_7279-700x465.jpg 700w\" sizes=\"(max-width: 1024px) 100vw, 1024px\" \/><figcaption class=\"wp-element-caption\">Das Storchenpaar unmittelbar nach der Ankunft (oben) und bei der Paarung im Nest. Das Weibchen sitzt in diesem Falle&#8230;Fotos: Wolfgang Epple<\/figcaption><\/figure>\n\n\n\n<p>Die Feuchtgr\u00fcnl\u00e4ndereien an der <em>\u201eKleinen Ohe\u201c<\/em> sind wichtige Bestandteile des Wei\u00dfstorchhabitats in Au\u00dfernzell. Auch das gesch\u00fctzte Feuchtgebiet an der <em>\u201eKleinen Ohe&#8220; <\/em>s\u00fcd\u00f6stlich des Ortes hat sicher zum Erfolg der Ansiedlung beigetragen.<\/p>\n\n\n\n<p><\/p>\n\n\n\n<figure class=\"wp-block-image size-large\"><img loading=\"lazy\" decoding=\"async\" width=\"1024\" height=\"680\" src=\"https:\/\/wolfgangepplenaturschutzundethik.de\/wp-content\/uploads\/2021\/07\/DSC_7286-1024x680.jpg\" alt=\"\" class=\"wp-image-4295\" srcset=\"https:\/\/wolfgangepplenaturschutzundethik.de\/wp-content\/uploads\/2021\/07\/DSC_7286-1024x680.jpg 1024w, https:\/\/wolfgangepplenaturschutzundethik.de\/wp-content\/uploads\/2021\/07\/DSC_7286-300x199.jpg 300w, https:\/\/wolfgangepplenaturschutzundethik.de\/wp-content\/uploads\/2021\/07\/DSC_7286-768x510.jpg 768w, https:\/\/wolfgangepplenaturschutzundethik.de\/wp-content\/uploads\/2021\/07\/DSC_7286-1536x1020.jpg 1536w, https:\/\/wolfgangepplenaturschutzundethik.de\/wp-content\/uploads\/2021\/07\/DSC_7286-2048x1360.jpg 2048w, https:\/\/wolfgangepplenaturschutzundethik.de\/wp-content\/uploads\/2021\/07\/DSC_7286-700x465.jpg 700w\" sizes=\"(max-width: 1024px) 100vw, 1024px\" \/><figcaption class=\"wp-element-caption\">Die Situation in Au\u00dfernzell ist nahezu ideal: die St\u00f6rche k\u00f6nnen vom Horst \u201ebarrierefrei\u201c ins Nahrungsgebiet gleiten&#8230;Foto: Wolfgang Epple<br><br><\/figcaption><\/figure>\n\n\n\n<figure class=\"wp-block-image size-large\"><img loading=\"lazy\" decoding=\"async\" width=\"1024\" height=\"680\" src=\"https:\/\/wolfgangepplenaturschutzundethik.de\/wp-content\/uploads\/2021\/07\/DSC_7296-1024x680.jpg\" alt=\"\" class=\"wp-image-4296\" srcset=\"https:\/\/wolfgangepplenaturschutzundethik.de\/wp-content\/uploads\/2021\/07\/DSC_7296-1024x680.jpg 1024w, https:\/\/wolfgangepplenaturschutzundethik.de\/wp-content\/uploads\/2021\/07\/DSC_7296-300x199.jpg 300w, https:\/\/wolfgangepplenaturschutzundethik.de\/wp-content\/uploads\/2021\/07\/DSC_7296-768x510.jpg 768w, https:\/\/wolfgangepplenaturschutzundethik.de\/wp-content\/uploads\/2021\/07\/DSC_7296-1536x1020.jpg 1536w, https:\/\/wolfgangepplenaturschutzundethik.de\/wp-content\/uploads\/2021\/07\/DSC_7296-2048x1360.jpg 2048w, https:\/\/wolfgangepplenaturschutzundethik.de\/wp-content\/uploads\/2021\/07\/DSC_7296-700x465.jpg 700w\" sizes=\"(max-width: 1024px) 100vw, 1024px\" \/><figcaption class=\"wp-element-caption\">Die ufernahen Bereiche werden zur Schreit-Jagd genutzt. Foto: Wolfgang Epple<\/figcaption><\/figure>\n\n\n\n<p><\/p>\n\n\n\n<figure class=\"wp-block-image size-large\"><img loading=\"lazy\" decoding=\"async\" width=\"1024\" height=\"680\" src=\"https:\/\/wolfgangepplenaturschutzundethik.de\/wp-content\/uploads\/2021\/07\/DSC_7312-1024x680.jpg\" alt=\"\" class=\"wp-image-4297\" srcset=\"https:\/\/wolfgangepplenaturschutzundethik.de\/wp-content\/uploads\/2021\/07\/DSC_7312-1024x680.jpg 1024w, https:\/\/wolfgangepplenaturschutzundethik.de\/wp-content\/uploads\/2021\/07\/DSC_7312-300x199.jpg 300w, https:\/\/wolfgangepplenaturschutzundethik.de\/wp-content\/uploads\/2021\/07\/DSC_7312-768x510.jpg 768w, https:\/\/wolfgangepplenaturschutzundethik.de\/wp-content\/uploads\/2021\/07\/DSC_7312-1536x1020.jpg 1536w, https:\/\/wolfgangepplenaturschutzundethik.de\/wp-content\/uploads\/2021\/07\/DSC_7312-2048x1360.jpg 2048w, https:\/\/wolfgangepplenaturschutzundethik.de\/wp-content\/uploads\/2021\/07\/DSC_7312-700x465.jpg 700w\" sizes=\"(max-width: 1024px) 100vw, 1024px\" \/><figcaption class=\"wp-element-caption\">Ab Anfang Mai wird gebr\u00fctet&#8230;<\/figcaption><\/figure>\n\n\n\n<figure class=\"wp-block-image size-large\"><img loading=\"lazy\" decoding=\"async\" width=\"1024\" height=\"680\" src=\"https:\/\/wolfgangepplenaturschutzundethik.de\/wp-content\/uploads\/2021\/07\/DSC_7331-1024x680.jpg\" alt=\"\" class=\"wp-image-4298\" srcset=\"https:\/\/wolfgangepplenaturschutzundethik.de\/wp-content\/uploads\/2021\/07\/DSC_7331-1024x680.jpg 1024w, https:\/\/wolfgangepplenaturschutzundethik.de\/wp-content\/uploads\/2021\/07\/DSC_7331-300x199.jpg 300w, https:\/\/wolfgangepplenaturschutzundethik.de\/wp-content\/uploads\/2021\/07\/DSC_7331-768x510.jpg 768w, https:\/\/wolfgangepplenaturschutzundethik.de\/wp-content\/uploads\/2021\/07\/DSC_7331-1536x1020.jpg 1536w, https:\/\/wolfgangepplenaturschutzundethik.de\/wp-content\/uploads\/2021\/07\/DSC_7331-2048x1360.jpg 2048w, https:\/\/wolfgangepplenaturschutzundethik.de\/wp-content\/uploads\/2021\/07\/DSC_7331-700x465.jpg 700w\" sizes=\"(max-width: 1024px) 100vw, 1024px\" \/><figcaption class=\"wp-element-caption\">&#8230;Eiwenden und Brutabl\u00f6sung, beide Partner sind flei\u00dfig&#8230;<\/figcaption><\/figure>\n\n\n\n<figure class=\"wp-block-image size-large\"><img loading=\"lazy\" decoding=\"async\" width=\"1024\" height=\"680\" src=\"https:\/\/wolfgangepplenaturschutzundethik.de\/wp-content\/uploads\/2021\/07\/DSC_7318-1024x680.jpg\" alt=\"\" class=\"wp-image-4299\" srcset=\"https:\/\/wolfgangepplenaturschutzundethik.de\/wp-content\/uploads\/2021\/07\/DSC_7318-1024x680.jpg 1024w, https:\/\/wolfgangepplenaturschutzundethik.de\/wp-content\/uploads\/2021\/07\/DSC_7318-300x199.jpg 300w, https:\/\/wolfgangepplenaturschutzundethik.de\/wp-content\/uploads\/2021\/07\/DSC_7318-768x510.jpg 768w, https:\/\/wolfgangepplenaturschutzundethik.de\/wp-content\/uploads\/2021\/07\/DSC_7318-1536x1020.jpg 1536w, https:\/\/wolfgangepplenaturschutzundethik.de\/wp-content\/uploads\/2021\/07\/DSC_7318-2048x1360.jpg 2048w, https:\/\/wolfgangepplenaturschutzundethik.de\/wp-content\/uploads\/2021\/07\/DSC_7318-700x465.jpg 700w\" sizes=\"(max-width: 1024px) 100vw, 1024px\" \/><figcaption class=\"wp-element-caption\">&#8230;und die Idylle ist perfekt. Alle Fotos: Wolfgang Epple<\/figcaption><\/figure>\n\n\n\n<figure class=\"wp-block-image size-large\"><img loading=\"lazy\" decoding=\"async\" width=\"768\" height=\"1024\" src=\"https:\/\/wolfgangepplenaturschutzundethik.de\/wp-content\/uploads\/2021\/07\/IMG_2524-768x1024.jpg\" alt=\"\" class=\"wp-image-4301\" srcset=\"https:\/\/wolfgangepplenaturschutzundethik.de\/wp-content\/uploads\/2021\/07\/IMG_2524-768x1024.jpg 768w, https:\/\/wolfgangepplenaturschutzundethik.de\/wp-content\/uploads\/2021\/07\/IMG_2524-225x300.jpg 225w, https:\/\/wolfgangepplenaturschutzundethik.de\/wp-content\/uploads\/2021\/07\/IMG_2524-1152x1536.jpg 1152w, https:\/\/wolfgangepplenaturschutzundethik.de\/wp-content\/uploads\/2021\/07\/IMG_2524-1536x2048.jpg 1536w, https:\/\/wolfgangepplenaturschutzundethik.de\/wp-content\/uploads\/2021\/07\/IMG_2524-scaled.jpg 1920w\" sizes=\"(max-width: 768px) 100vw, 768px\" \/><figcaption class=\"wp-element-caption\">Schrecksekunde: Am 6. Mai 2021 liegt ein zerbrochenes Ei unter dem Horst. Einen halben Tag lassen sich die St\u00f6rche nicht mehr sehen&#8230;Aber der Brut-Trieb ist stark, &#8211;  es geht doch weiter, und&#8230;<\/figcaption><\/figure>\n\n\n\n<figure class=\"wp-block-image size-large\"><img loading=\"lazy\" decoding=\"async\" width=\"1024\" height=\"680\" src=\"https:\/\/wolfgangepplenaturschutzundethik.de\/wp-content\/uploads\/2021\/07\/DSC_7404-1024x680.jpg\" alt=\"\" class=\"wp-image-4302\" srcset=\"https:\/\/wolfgangepplenaturschutzundethik.de\/wp-content\/uploads\/2021\/07\/DSC_7404-1024x680.jpg 1024w, https:\/\/wolfgangepplenaturschutzundethik.de\/wp-content\/uploads\/2021\/07\/DSC_7404-300x199.jpg 300w, https:\/\/wolfgangepplenaturschutzundethik.de\/wp-content\/uploads\/2021\/07\/DSC_7404-768x510.jpg 768w, https:\/\/wolfgangepplenaturschutzundethik.de\/wp-content\/uploads\/2021\/07\/DSC_7404-1536x1020.jpg 1536w, https:\/\/wolfgangepplenaturschutzundethik.de\/wp-content\/uploads\/2021\/07\/DSC_7404-2048x1360.jpg 2048w, https:\/\/wolfgangepplenaturschutzundethik.de\/wp-content\/uploads\/2021\/07\/DSC_7404-700x465.jpg 700w\" sizes=\"(max-width: 1024px) 100vw, 1024px\" \/><figcaption class=\"wp-element-caption\">&#8230;ab Mitte Juni sind bei genauem Hinschauen zwei K\u00fcken erkennbar!! Geschl\u00fcpft sind sie um den 4. Juni 2021 herum&#8230;<\/figcaption><\/figure>\n\n\n\n<figure class=\"wp-block-image size-large\"><img loading=\"lazy\" decoding=\"async\" width=\"1024\" height=\"680\" src=\"https:\/\/wolfgangepplenaturschutzundethik.de\/wp-content\/uploads\/2021\/07\/DSC_7451-1024x680.jpg\" alt=\"\" class=\"wp-image-4303\" srcset=\"https:\/\/wolfgangepplenaturschutzundethik.de\/wp-content\/uploads\/2021\/07\/DSC_7451-1024x680.jpg 1024w, https:\/\/wolfgangepplenaturschutzundethik.de\/wp-content\/uploads\/2021\/07\/DSC_7451-300x199.jpg 300w, https:\/\/wolfgangepplenaturschutzundethik.de\/wp-content\/uploads\/2021\/07\/DSC_7451-768x510.jpg 768w, https:\/\/wolfgangepplenaturschutzundethik.de\/wp-content\/uploads\/2021\/07\/DSC_7451-1536x1020.jpg 1536w, https:\/\/wolfgangepplenaturschutzundethik.de\/wp-content\/uploads\/2021\/07\/DSC_7451-2048x1360.jpg 2048w, https:\/\/wolfgangepplenaturschutzundethik.de\/wp-content\/uploads\/2021\/07\/DSC_7451-700x465.jpg 700w\" sizes=\"(max-width: 1024px) 100vw, 1024px\" \/><figcaption class=\"wp-element-caption\">Beide Storcheneltern sind nun immer mehr gefordert. Runde 1,5 kg Nahrung in Form von Kleintieren aller Art m\u00fcssen f\u00fcr jedes K\u00fcken t\u00e4glich zum Nest. Man kann den vollen Kropf des ankommenden Elternvogels erkennen, es ist der Hahn (Fehlstelle im linken Fl\u00fcgel!)&#8230;.<\/figcaption><\/figure>\n\n\n\n<p><\/p>\n\n\n\n<figure class=\"wp-block-image size-large\"><img loading=\"lazy\" decoding=\"async\" width=\"1024\" height=\"680\" src=\"https:\/\/wolfgangepplenaturschutzundethik.de\/wp-content\/uploads\/2021\/07\/DSC_7456-1024x680.jpg\" alt=\"\" class=\"wp-image-4304\" srcset=\"https:\/\/wolfgangepplenaturschutzundethik.de\/wp-content\/uploads\/2021\/07\/DSC_7456-1024x680.jpg 1024w, https:\/\/wolfgangepplenaturschutzundethik.de\/wp-content\/uploads\/2021\/07\/DSC_7456-300x199.jpg 300w, https:\/\/wolfgangepplenaturschutzundethik.de\/wp-content\/uploads\/2021\/07\/DSC_7456-768x510.jpg 768w, https:\/\/wolfgangepplenaturschutzundethik.de\/wp-content\/uploads\/2021\/07\/DSC_7456-1536x1020.jpg 1536w, https:\/\/wolfgangepplenaturschutzundethik.de\/wp-content\/uploads\/2021\/07\/DSC_7456-2048x1360.jpg 2048w, https:\/\/wolfgangepplenaturschutzundethik.de\/wp-content\/uploads\/2021\/07\/DSC_7456-700x465.jpg 700w\" sizes=\"(max-width: 1024px) 100vw, 1024px\" \/><figcaption class=\"wp-element-caption\">&#8230;und der wird sehns\u00fcchtig und hungrig erwartet und begr\u00fc\u00dft. \u00dcbrigens: Storchenk\u00fcken klappern vom ersten Tag an. Man kann es angesichts der weichen Schn\u00e4bel allerdings lange nicht h\u00f6ren&#8230;<\/figcaption><\/figure>\n\n\n\n<figure class=\"wp-block-image size-large\"><img loading=\"lazy\" decoding=\"async\" width=\"1024\" height=\"680\" src=\"https:\/\/wolfgangepplenaturschutzundethik.de\/wp-content\/uploads\/2021\/07\/DSC_7483-1024x680.jpg\" alt=\"\" class=\"wp-image-4305\" srcset=\"https:\/\/wolfgangepplenaturschutzundethik.de\/wp-content\/uploads\/2021\/07\/DSC_7483-1024x680.jpg 1024w, https:\/\/wolfgangepplenaturschutzundethik.de\/wp-content\/uploads\/2021\/07\/DSC_7483-300x199.jpg 300w, https:\/\/wolfgangepplenaturschutzundethik.de\/wp-content\/uploads\/2021\/07\/DSC_7483-768x510.jpg 768w, https:\/\/wolfgangepplenaturschutzundethik.de\/wp-content\/uploads\/2021\/07\/DSC_7483-1536x1020.jpg 1536w, https:\/\/wolfgangepplenaturschutzundethik.de\/wp-content\/uploads\/2021\/07\/DSC_7483-2048x1360.jpg 2048w, https:\/\/wolfgangepplenaturschutzundethik.de\/wp-content\/uploads\/2021\/07\/DSC_7483-700x465.jpg 700w\" sizes=\"(max-width: 1024px) 100vw, 1024px\" \/><figcaption class=\"wp-element-caption\">An den hei\u00dfen Tagen im Juli werden die Jungen auch von Schnabel zu Schnabel getr\u00e4nkt. Das Wasser stammt aus der Kleinen Ohe&#8230;<\/figcaption><\/figure>\n\n\n\n<figure class=\"wp-block-image size-large\"><img loading=\"lazy\" decoding=\"async\" width=\"1024\" height=\"680\" src=\"https:\/\/wolfgangepplenaturschutzundethik.de\/wp-content\/uploads\/2021\/07\/DSC_7486-1024x680.jpg\" alt=\"\" class=\"wp-image-4306\" srcset=\"https:\/\/wolfgangepplenaturschutzundethik.de\/wp-content\/uploads\/2021\/07\/DSC_7486-1024x680.jpg 1024w, https:\/\/wolfgangepplenaturschutzundethik.de\/wp-content\/uploads\/2021\/07\/DSC_7486-300x199.jpg 300w, https:\/\/wolfgangepplenaturschutzundethik.de\/wp-content\/uploads\/2021\/07\/DSC_7486-768x510.jpg 768w, https:\/\/wolfgangepplenaturschutzundethik.de\/wp-content\/uploads\/2021\/07\/DSC_7486-1536x1020.jpg 1536w, https:\/\/wolfgangepplenaturschutzundethik.de\/wp-content\/uploads\/2021\/07\/DSC_7486-2048x1360.jpg 2048w, https:\/\/wolfgangepplenaturschutzundethik.de\/wp-content\/uploads\/2021\/07\/DSC_7486-700x465.jpg 700w\" sizes=\"(max-width: 1024px) 100vw, 1024px\" \/><figcaption class=\"wp-element-caption\">Mit offenen Schn\u00e4beln wird gehechelt, ganz \u00e4hnlich, wie das S\u00e4ugetiere auch tun&#8230;<\/figcaption><\/figure>\n\n\n\n<figure class=\"wp-block-image size-large\"><img loading=\"lazy\" decoding=\"async\" width=\"1024\" height=\"680\" src=\"https:\/\/wolfgangepplenaturschutzundethik.de\/wp-content\/uploads\/2021\/07\/DSC_7507-1024x680.jpg\" alt=\"\" class=\"wp-image-4307\" srcset=\"https:\/\/wolfgangepplenaturschutzundethik.de\/wp-content\/uploads\/2021\/07\/DSC_7507-1024x680.jpg 1024w, https:\/\/wolfgangepplenaturschutzundethik.de\/wp-content\/uploads\/2021\/07\/DSC_7507-300x199.jpg 300w, https:\/\/wolfgangepplenaturschutzundethik.de\/wp-content\/uploads\/2021\/07\/DSC_7507-768x510.jpg 768w, https:\/\/wolfgangepplenaturschutzundethik.de\/wp-content\/uploads\/2021\/07\/DSC_7507-1536x1020.jpg 1536w, https:\/\/wolfgangepplenaturschutzundethik.de\/wp-content\/uploads\/2021\/07\/DSC_7507-2048x1360.jpg 2048w, https:\/\/wolfgangepplenaturschutzundethik.de\/wp-content\/uploads\/2021\/07\/DSC_7507-700x465.jpg 700w\" sizes=\"(max-width: 1024px) 100vw, 1024px\" \/><figcaption class=\"wp-element-caption\">Mitte Juli (hier am 11. Juli) sind die Jungst\u00f6rche schon richtige Halbstarke. Bei der Ankunft eines Elternvogels ducken Sie sich auf die Intertarsalgelenke, und werden zum Betteln &#8222;ganz klein&#8220;.<\/figcaption><\/figure>\n\n\n\n<p><\/p>\n\n\n\n<figure class=\"wp-block-image size-large\"><img loading=\"lazy\" decoding=\"async\" width=\"1024\" height=\"680\" src=\"https:\/\/wolfgangepplenaturschutzundethik.de\/wp-content\/uploads\/2021\/07\/DSC_7557-1024x680.jpg\" alt=\"\" class=\"wp-image-4308\" srcset=\"https:\/\/wolfgangepplenaturschutzundethik.de\/wp-content\/uploads\/2021\/07\/DSC_7557-1024x680.jpg 1024w, https:\/\/wolfgangepplenaturschutzundethik.de\/wp-content\/uploads\/2021\/07\/DSC_7557-300x199.jpg 300w, https:\/\/wolfgangepplenaturschutzundethik.de\/wp-content\/uploads\/2021\/07\/DSC_7557-768x510.jpg 768w, https:\/\/wolfgangepplenaturschutzundethik.de\/wp-content\/uploads\/2021\/07\/DSC_7557-1536x1020.jpg 1536w, https:\/\/wolfgangepplenaturschutzundethik.de\/wp-content\/uploads\/2021\/07\/DSC_7557-2048x1360.jpg 2048w, https:\/\/wolfgangepplenaturschutzundethik.de\/wp-content\/uploads\/2021\/07\/DSC_7557-700x465.jpg 700w\" sizes=\"(max-width: 1024px) 100vw, 1024px\" \/><figcaption class=\"wp-element-caption\">Nun wacht nicht mehr immer ein Altvogel am Nest; die beiden Jungst\u00f6rche \u00fcben auch schon mal&#8230;<\/figcaption><\/figure>\n\n\n\n<figure class=\"wp-block-image size-large\"><img loading=\"lazy\" decoding=\"async\" width=\"1024\" height=\"680\" src=\"https:\/\/wolfgangepplenaturschutzundethik.de\/wp-content\/uploads\/2021\/07\/DSC_7594-1024x680.jpg\" alt=\"\" class=\"wp-image-4309\" srcset=\"https:\/\/wolfgangepplenaturschutzundethik.de\/wp-content\/uploads\/2021\/07\/DSC_7594-1024x680.jpg 1024w, https:\/\/wolfgangepplenaturschutzundethik.de\/wp-content\/uploads\/2021\/07\/DSC_7594-300x199.jpg 300w, https:\/\/wolfgangepplenaturschutzundethik.de\/wp-content\/uploads\/2021\/07\/DSC_7594-768x510.jpg 768w, https:\/\/wolfgangepplenaturschutzundethik.de\/wp-content\/uploads\/2021\/07\/DSC_7594-1536x1020.jpg 1536w, https:\/\/wolfgangepplenaturschutzundethik.de\/wp-content\/uploads\/2021\/07\/DSC_7594-2048x1360.jpg 2048w, https:\/\/wolfgangepplenaturschutzundethik.de\/wp-content\/uploads\/2021\/07\/DSC_7594-700x465.jpg 700w\" sizes=\"(max-width: 1024px) 100vw, 1024px\" \/><figcaption class=\"wp-element-caption\">&#8230;das Ausfechten kleiner Meinungsverschiedenheiten mit den Schn\u00e4beln. Alle Fotos: Wolfgang Epple<\/figcaption><\/figure>\n\n\n\n<figure class=\"wp-block-image size-large\"><img loading=\"lazy\" decoding=\"async\" width=\"1024\" height=\"680\" src=\"https:\/\/wolfgangepplenaturschutzundethik.de\/wp-content\/uploads\/2021\/07\/DSC_7573-1024x680.jpg\" alt=\"\" class=\"wp-image-4311\" srcset=\"https:\/\/wolfgangepplenaturschutzundethik.de\/wp-content\/uploads\/2021\/07\/DSC_7573-1024x680.jpg 1024w, https:\/\/wolfgangepplenaturschutzundethik.de\/wp-content\/uploads\/2021\/07\/DSC_7573-300x199.jpg 300w, https:\/\/wolfgangepplenaturschutzundethik.de\/wp-content\/uploads\/2021\/07\/DSC_7573-768x510.jpg 768w, https:\/\/wolfgangepplenaturschutzundethik.de\/wp-content\/uploads\/2021\/07\/DSC_7573-1536x1020.jpg 1536w, https:\/\/wolfgangepplenaturschutzundethik.de\/wp-content\/uploads\/2021\/07\/DSC_7573-2048x1360.jpg 2048w, https:\/\/wolfgangepplenaturschutzundethik.de\/wp-content\/uploads\/2021\/07\/DSC_7573-700x465.jpg 700w\" sizes=\"(max-width: 1024px) 100vw, 1024px\" \/><figcaption class=\"wp-element-caption\">Nach wie vor bilden die Wiesen in unmittelbarer Horstn\u00e4he wichtige Nahrungsquelle.<\/figcaption><\/figure>\n\n\n\n<p><\/p>\n\n\n\n<figure class=\"wp-block-image size-large\"><img loading=\"lazy\" decoding=\"async\" width=\"1024\" height=\"680\" src=\"https:\/\/wolfgangepplenaturschutzundethik.de\/wp-content\/uploads\/2021\/07\/DSC_7656-1024x680.jpg\" alt=\"\" class=\"wp-image-4338\" srcset=\"https:\/\/wolfgangepplenaturschutzundethik.de\/wp-content\/uploads\/2021\/07\/DSC_7656-1024x680.jpg 1024w, https:\/\/wolfgangepplenaturschutzundethik.de\/wp-content\/uploads\/2021\/07\/DSC_7656-300x199.jpg 300w, https:\/\/wolfgangepplenaturschutzundethik.de\/wp-content\/uploads\/2021\/07\/DSC_7656-768x510.jpg 768w, https:\/\/wolfgangepplenaturschutzundethik.de\/wp-content\/uploads\/2021\/07\/DSC_7656-1536x1020.jpg 1536w, https:\/\/wolfgangepplenaturschutzundethik.de\/wp-content\/uploads\/2021\/07\/DSC_7656-2048x1360.jpg 2048w, https:\/\/wolfgangepplenaturschutzundethik.de\/wp-content\/uploads\/2021\/07\/DSC_7656-700x465.jpg 700w\" sizes=\"(max-width: 1024px) 100vw, 1024px\" \/><figcaption class=\"wp-element-caption\">27. Juli 2021: Erste zaghafte Flattersp\u00fcnge eines der beiden Geschwister. Noch stecken die gro\u00dfen Handschwingen in den Federsch\u00e4ften, und Flugf\u00e4higkeit ist noch lange nicht erreicht&#8230;aber bald kann es losgehen. &#8230;<\/figcaption><\/figure>\n\n\n\n<p><\/p>\n\n\n\n<figure class=\"wp-block-image size-large\"><img loading=\"lazy\" decoding=\"async\" width=\"1024\" height=\"680\" src=\"https:\/\/wolfgangepplenaturschutzundethik.de\/wp-content\/uploads\/2021\/07\/DSC_7683-1024x680.jpg\" alt=\"\" class=\"wp-image-4339\" srcset=\"https:\/\/wolfgangepplenaturschutzundethik.de\/wp-content\/uploads\/2021\/07\/DSC_7683-1024x680.jpg 1024w, https:\/\/wolfgangepplenaturschutzundethik.de\/wp-content\/uploads\/2021\/07\/DSC_7683-300x199.jpg 300w, https:\/\/wolfgangepplenaturschutzundethik.de\/wp-content\/uploads\/2021\/07\/DSC_7683-768x510.jpg 768w, https:\/\/wolfgangepplenaturschutzundethik.de\/wp-content\/uploads\/2021\/07\/DSC_7683-1536x1020.jpg 1536w, https:\/\/wolfgangepplenaturschutzundethik.de\/wp-content\/uploads\/2021\/07\/DSC_7683-2048x1360.jpg 2048w, https:\/\/wolfgangepplenaturschutzundethik.de\/wp-content\/uploads\/2021\/07\/DSC_7683-700x465.jpg 700w\" sizes=\"(max-width: 1024px) 100vw, 1024px\" \/><figcaption class=\"wp-element-caption\">Die Eltern erscheinen nur noch zum F\u00fcttern am Nest. Die augenscheinlich gute Entwicklung der Jungst\u00f6rche zeigt, dass eine gute Nahrungssituation in Au\u00dfernzell herrscht. Fotos: Wolfgang Epple<\/figcaption><\/figure>\n\n\n\n<p><\/p>\n\n\n\n<figure class=\"wp-block-image size-large\"><img loading=\"lazy\" decoding=\"async\" width=\"1024\" height=\"680\" src=\"https:\/\/wolfgangepplenaturschutzundethik.de\/wp-content\/uploads\/2021\/07\/DSC_7625-1024x680.jpg\" alt=\"\" class=\"wp-image-4340\" srcset=\"https:\/\/wolfgangepplenaturschutzundethik.de\/wp-content\/uploads\/2021\/07\/DSC_7625-1024x680.jpg 1024w, https:\/\/wolfgangepplenaturschutzundethik.de\/wp-content\/uploads\/2021\/07\/DSC_7625-300x199.jpg 300w, https:\/\/wolfgangepplenaturschutzundethik.de\/wp-content\/uploads\/2021\/07\/DSC_7625-768x510.jpg 768w, https:\/\/wolfgangepplenaturschutzundethik.de\/wp-content\/uploads\/2021\/07\/DSC_7625-1536x1020.jpg 1536w, https:\/\/wolfgangepplenaturschutzundethik.de\/wp-content\/uploads\/2021\/07\/DSC_7625-2048x1360.jpg 2048w, https:\/\/wolfgangepplenaturschutzundethik.de\/wp-content\/uploads\/2021\/07\/DSC_7625-700x465.jpg 700w\" sizes=\"(max-width: 1024px) 100vw, 1024px\" \/><figcaption class=\"wp-element-caption\">Auf nahegelegenen D\u00e4chern ruhen sich die Altst\u00f6rche gelegentlich aus und es wird elterliche Wache gehalten &#8211; der Horst mit dem Nachwuchs &#8222;beobachtet&#8220;.<\/figcaption><\/figure>\n\n\n\n<figure class=\"wp-block-image size-large\"><img loading=\"lazy\" decoding=\"async\" width=\"1024\" height=\"680\" src=\"https:\/\/wolfgangepplenaturschutzundethik.de\/wp-content\/uploads\/2021\/07\/DSC_7668-1024x680.jpg\" alt=\"\" class=\"wp-image-4341\" srcset=\"https:\/\/wolfgangepplenaturschutzundethik.de\/wp-content\/uploads\/2021\/07\/DSC_7668-1024x680.jpg 1024w, https:\/\/wolfgangepplenaturschutzundethik.de\/wp-content\/uploads\/2021\/07\/DSC_7668-300x199.jpg 300w, https:\/\/wolfgangepplenaturschutzundethik.de\/wp-content\/uploads\/2021\/07\/DSC_7668-768x510.jpg 768w, https:\/\/wolfgangepplenaturschutzundethik.de\/wp-content\/uploads\/2021\/07\/DSC_7668-1536x1020.jpg 1536w, https:\/\/wolfgangepplenaturschutzundethik.de\/wp-content\/uploads\/2021\/07\/DSC_7668-2048x1360.jpg 2048w, https:\/\/wolfgangepplenaturschutzundethik.de\/wp-content\/uploads\/2021\/07\/DSC_7668-700x465.jpg 700w\" sizes=\"(max-width: 1024px) 100vw, 1024px\" \/><figcaption class=\"wp-element-caption\">Dort herrscht insgesamt angesichts der entspannten Situation gro\u00dfe Eintracht. Putzen und sorgf\u00e4ltiges Vorbereiten des Gefieders, oft synchron bei beiden Geschwistern.<\/figcaption><\/figure>\n\n\n\n<p><\/p>\n\n\n\n<figure class=\"wp-block-image size-large\"><img loading=\"lazy\" decoding=\"async\" width=\"1024\" height=\"680\" src=\"https:\/\/wolfgangepplenaturschutzundethik.de\/wp-content\/uploads\/2021\/08\/DSC_7693-1024x680.jpg\" alt=\"\" class=\"wp-image-4350\" srcset=\"https:\/\/wolfgangepplenaturschutzundethik.de\/wp-content\/uploads\/2021\/08\/DSC_7693-1024x680.jpg 1024w, https:\/\/wolfgangepplenaturschutzundethik.de\/wp-content\/uploads\/2021\/08\/DSC_7693-300x199.jpg 300w, https:\/\/wolfgangepplenaturschutzundethik.de\/wp-content\/uploads\/2021\/08\/DSC_7693-768x510.jpg 768w, https:\/\/wolfgangepplenaturschutzundethik.de\/wp-content\/uploads\/2021\/08\/DSC_7693-1536x1020.jpg 1536w, https:\/\/wolfgangepplenaturschutzundethik.de\/wp-content\/uploads\/2021\/08\/DSC_7693-2048x1360.jpg 2048w, https:\/\/wolfgangepplenaturschutzundethik.de\/wp-content\/uploads\/2021\/08\/DSC_7693-700x465.jpg 700w\" sizes=\"(max-width: 1024px) 100vw, 1024px\" \/><figcaption class=\"wp-element-caption\">Die Paarbindung h\u00e4lt&#8230;man benutzt das Scheunendach eines Sacherls am Ortsrand gemeinsam, und hat Ruhe vor den immer hungrigen Jungen. Das alte Bauernhaus ist inzwischen abgerissen und muss 2022 einem Neubau Platz machen&#8230;<br>Fotos: Wolfgang Epple<\/figcaption><\/figure>\n\n\n\n<figure class=\"wp-block-image size-large\"><img loading=\"lazy\" decoding=\"async\" width=\"1024\" height=\"680\" src=\"https:\/\/wolfgangepplenaturschutzundethik.de\/wp-content\/uploads\/2021\/08\/DSC_7866-1024x680.jpg\" alt=\"\" class=\"wp-image-4362\" srcset=\"https:\/\/wolfgangepplenaturschutzundethik.de\/wp-content\/uploads\/2021\/08\/DSC_7866-1024x680.jpg 1024w, https:\/\/wolfgangepplenaturschutzundethik.de\/wp-content\/uploads\/2021\/08\/DSC_7866-300x199.jpg 300w, https:\/\/wolfgangepplenaturschutzundethik.de\/wp-content\/uploads\/2021\/08\/DSC_7866-768x510.jpg 768w, https:\/\/wolfgangepplenaturschutzundethik.de\/wp-content\/uploads\/2021\/08\/DSC_7866-1536x1020.jpg 1536w, https:\/\/wolfgangepplenaturschutzundethik.de\/wp-content\/uploads\/2021\/08\/DSC_7866-2048x1360.jpg 2048w, https:\/\/wolfgangepplenaturschutzundethik.de\/wp-content\/uploads\/2021\/08\/DSC_7866-700x465.jpg 700w\" sizes=\"(max-width: 1024px) 100vw, 1024px\" \/><figcaption class=\"wp-element-caption\">W\u00e4hrenddessen tragen die \u00dcbungs-Flug-Spr\u00fcnge der Jungst\u00f6rche immer h\u00f6her \u00fcber den Horst&#8230;<\/figcaption><\/figure>\n\n\n\n<p><\/p>\n\n\n\n<figure class=\"wp-block-image size-large\"><img loading=\"lazy\" decoding=\"async\" width=\"1024\" height=\"680\" src=\"https:\/\/wolfgangepplenaturschutzundethik.de\/wp-content\/uploads\/2021\/08\/DSC_7896-1024x680.jpg\" alt=\"\" class=\"wp-image-4361\" srcset=\"https:\/\/wolfgangepplenaturschutzundethik.de\/wp-content\/uploads\/2021\/08\/DSC_7896-1024x680.jpg 1024w, https:\/\/wolfgangepplenaturschutzundethik.de\/wp-content\/uploads\/2021\/08\/DSC_7896-300x199.jpg 300w, https:\/\/wolfgangepplenaturschutzundethik.de\/wp-content\/uploads\/2021\/08\/DSC_7896-768x510.jpg 768w, https:\/\/wolfgangepplenaturschutzundethik.de\/wp-content\/uploads\/2021\/08\/DSC_7896-1536x1020.jpg 1536w, https:\/\/wolfgangepplenaturschutzundethik.de\/wp-content\/uploads\/2021\/08\/DSC_7896-2048x1360.jpg 2048w, https:\/\/wolfgangepplenaturschutzundethik.de\/wp-content\/uploads\/2021\/08\/DSC_7896-700x465.jpg 700w\" sizes=\"(max-width: 1024px) 100vw, 1024px\" \/><figcaption class=\"wp-element-caption\">&#8230;und am 07. August 2021 verl\u00e4sst ein Jungstorch zum ersten mal das Nest. Er landet auf dem Dach des Nachbarhauses, und tappst vorsichtig auf dem First. Fotos: Wolfgang Epple<\/figcaption><\/figure>\n\n\n\n<p><\/p>\n\n\n\n<figure class=\"wp-block-image size-large\"><img loading=\"lazy\" decoding=\"async\" width=\"1024\" height=\"680\" src=\"https:\/\/wolfgangepplenaturschutzundethik.de\/wp-content\/uploads\/2021\/08\/DSC_7912-1024x680.jpg\" alt=\"\" class=\"wp-image-4363\" srcset=\"https:\/\/wolfgangepplenaturschutzundethik.de\/wp-content\/uploads\/2021\/08\/DSC_7912-1024x680.jpg 1024w, https:\/\/wolfgangepplenaturschutzundethik.de\/wp-content\/uploads\/2021\/08\/DSC_7912-300x199.jpg 300w, https:\/\/wolfgangepplenaturschutzundethik.de\/wp-content\/uploads\/2021\/08\/DSC_7912-768x510.jpg 768w, https:\/\/wolfgangepplenaturschutzundethik.de\/wp-content\/uploads\/2021\/08\/DSC_7912-1536x1020.jpg 1536w, https:\/\/wolfgangepplenaturschutzundethik.de\/wp-content\/uploads\/2021\/08\/DSC_7912-2048x1360.jpg 2048w, https:\/\/wolfgangepplenaturschutzundethik.de\/wp-content\/uploads\/2021\/08\/DSC_7912-700x465.jpg 700w\" sizes=\"(max-width: 1024px) 100vw, 1024px\" \/><figcaption class=\"wp-element-caption\">Am 09. August 2021 sind erstmals die Geschwister zusammen unterwegs&#8230;<\/figcaption><\/figure>\n\n\n\n<p><\/p>\n\n\n\n<figure class=\"wp-block-image size-large\"><img loading=\"lazy\" decoding=\"async\" width=\"1024\" height=\"683\" src=\"https:\/\/wolfgangepplenaturschutzundethik.de\/wp-content\/uploads\/2021\/08\/DSC_7900-1024x683.jpg\" alt=\"\" class=\"wp-image-4364\" srcset=\"https:\/\/wolfgangepplenaturschutzundethik.de\/wp-content\/uploads\/2021\/08\/DSC_7900-1024x683.jpg 1024w, https:\/\/wolfgangepplenaturschutzundethik.de\/wp-content\/uploads\/2021\/08\/DSC_7900-300x200.jpg 300w, https:\/\/wolfgangepplenaturschutzundethik.de\/wp-content\/uploads\/2021\/08\/DSC_7900-768x512.jpg 768w, https:\/\/wolfgangepplenaturschutzundethik.de\/wp-content\/uploads\/2021\/08\/DSC_7900-1536x1024.jpg 1536w, https:\/\/wolfgangepplenaturschutzundethik.de\/wp-content\/uploads\/2021\/08\/DSC_7900-2048x1366.jpg 2048w\" sizes=\"(max-width: 1024px) 100vw, 1024px\" \/><figcaption class=\"wp-element-caption\">&#8230; Sie kehren zur F\u00fctterung und &#8222;zur Sicherheit&#8220; noch ins Nest zur\u00fcck. Fotos: Wolfgang Epple<\/figcaption><\/figure>\n\n\n\n<p>Die Au\u00dfernzeller St\u00f6rche sind unberingt. Vermutlich geh\u00f6ren Sie angesichts der sp\u00e4ten Ankunft zur Ost-Population. Aber das ist unsicher, denn Erstansiedlungen sind h\u00e4ufig \u201esp\u00e4ter dran\u201c.&nbsp;<\/p>\n\n\n\n<p><\/p>\n\n\n\n<figure class=\"wp-block-image size-large\"><img loading=\"lazy\" decoding=\"async\" width=\"1024\" height=\"680\" src=\"https:\/\/wolfgangepplenaturschutzundethik.de\/wp-content\/uploads\/2021\/08\/DSC_7923-1024x680.jpg\" alt=\"\" class=\"wp-image-4380\" srcset=\"https:\/\/wolfgangepplenaturschutzundethik.de\/wp-content\/uploads\/2021\/08\/DSC_7923-1024x680.jpg 1024w, https:\/\/wolfgangepplenaturschutzundethik.de\/wp-content\/uploads\/2021\/08\/DSC_7923-300x199.jpg 300w, https:\/\/wolfgangepplenaturschutzundethik.de\/wp-content\/uploads\/2021\/08\/DSC_7923-768x510.jpg 768w, https:\/\/wolfgangepplenaturschutzundethik.de\/wp-content\/uploads\/2021\/08\/DSC_7923-1536x1020.jpg 1536w, https:\/\/wolfgangepplenaturschutzundethik.de\/wp-content\/uploads\/2021\/08\/DSC_7923-2048x1360.jpg 2048w, https:\/\/wolfgangepplenaturschutzundethik.de\/wp-content\/uploads\/2021\/08\/DSC_7923-700x465.jpg 700w\" sizes=\"(max-width: 1024px) 100vw, 1024px\" \/><figcaption class=\"wp-element-caption\">Das selbe Dach wird gerne von den Elternv\u00f6geln genutzt, um die Jungen zum Verlassen des Nestes zu bewegen: Sie zeigen sich auff\u00e4llig oft in Nestn\u00e4he, aber ohne Futter&#8230;<\/figcaption><\/figure>\n\n\n\n<figure class=\"wp-block-image size-large\"><img loading=\"lazy\" decoding=\"async\" width=\"1024\" height=\"680\" src=\"https:\/\/wolfgangepplenaturschutzundethik.de\/wp-content\/uploads\/2021\/08\/DSC_7929-1024x680.jpg\" alt=\"\" class=\"wp-image-4381\" srcset=\"https:\/\/wolfgangepplenaturschutzundethik.de\/wp-content\/uploads\/2021\/08\/DSC_7929-1024x680.jpg 1024w, https:\/\/wolfgangepplenaturschutzundethik.de\/wp-content\/uploads\/2021\/08\/DSC_7929-300x199.jpg 300w, https:\/\/wolfgangepplenaturschutzundethik.de\/wp-content\/uploads\/2021\/08\/DSC_7929-768x510.jpg 768w, https:\/\/wolfgangepplenaturschutzundethik.de\/wp-content\/uploads\/2021\/08\/DSC_7929-1536x1020.jpg 1536w, https:\/\/wolfgangepplenaturschutzundethik.de\/wp-content\/uploads\/2021\/08\/DSC_7929-2048x1360.jpg 2048w, https:\/\/wolfgangepplenaturschutzundethik.de\/wp-content\/uploads\/2021\/08\/DSC_7929-700x465.jpg 700w\" sizes=\"(max-width: 1024px) 100vw, 1024px\" \/><figcaption class=\"wp-element-caption\">&#8230; und fliegen demonstrativ voraus in die Horst-nahen Wiesen.<\/figcaption><\/figure>\n\n\n\n<figure class=\"wp-block-image size-large\"><img loading=\"lazy\" decoding=\"async\" width=\"1024\" height=\"680\" src=\"https:\/\/wolfgangepplenaturschutzundethik.de\/wp-content\/uploads\/2021\/08\/DSC_7930-1024x680.jpg\" alt=\"\" class=\"wp-image-4382\" srcset=\"https:\/\/wolfgangepplenaturschutzundethik.de\/wp-content\/uploads\/2021\/08\/DSC_7930-1024x680.jpg 1024w, https:\/\/wolfgangepplenaturschutzundethik.de\/wp-content\/uploads\/2021\/08\/DSC_7930-300x199.jpg 300w, https:\/\/wolfgangepplenaturschutzundethik.de\/wp-content\/uploads\/2021\/08\/DSC_7930-768x510.jpg 768w, https:\/\/wolfgangepplenaturschutzundethik.de\/wp-content\/uploads\/2021\/08\/DSC_7930-1536x1020.jpg 1536w, https:\/\/wolfgangepplenaturschutzundethik.de\/wp-content\/uploads\/2021\/08\/DSC_7930-2048x1360.jpg 2048w, https:\/\/wolfgangepplenaturschutzundethik.de\/wp-content\/uploads\/2021\/08\/DSC_7930-700x465.jpg 700w\" sizes=\"(max-width: 1024px) 100vw, 1024px\" \/><\/figure>\n\n\n\n<p><\/p>\n\n\n\n<figure class=\"wp-block-image size-large\"><img loading=\"lazy\" decoding=\"async\" width=\"1024\" height=\"680\" src=\"https:\/\/wolfgangepplenaturschutzundethik.de\/wp-content\/uploads\/2021\/08\/DSC_7931-1024x680.jpg\" alt=\"\" class=\"wp-image-4383\" srcset=\"https:\/\/wolfgangepplenaturschutzundethik.de\/wp-content\/uploads\/2021\/08\/DSC_7931-1024x680.jpg 1024w, https:\/\/wolfgangepplenaturschutzundethik.de\/wp-content\/uploads\/2021\/08\/DSC_7931-300x199.jpg 300w, https:\/\/wolfgangepplenaturschutzundethik.de\/wp-content\/uploads\/2021\/08\/DSC_7931-768x510.jpg 768w, https:\/\/wolfgangepplenaturschutzundethik.de\/wp-content\/uploads\/2021\/08\/DSC_7931-1536x1020.jpg 1536w, https:\/\/wolfgangepplenaturschutzundethik.de\/wp-content\/uploads\/2021\/08\/DSC_7931-2048x1360.jpg 2048w, https:\/\/wolfgangepplenaturschutzundethik.de\/wp-content\/uploads\/2021\/08\/DSC_7931-700x465.jpg 700w\" sizes=\"(max-width: 1024px) 100vw, 1024px\" \/><figcaption class=\"wp-element-caption\">Der linke obere Vogel ist einer der Jungst\u00f6rche, die vorerst immer gemeinsam den Eltern folgen&#8230;<\/figcaption><\/figure>\n\n\n\n<figure class=\"wp-block-image size-large\"><img loading=\"lazy\" decoding=\"async\" width=\"1024\" height=\"680\" src=\"https:\/\/wolfgangepplenaturschutzundethik.de\/wp-content\/uploads\/2021\/08\/DSC_7935-1024x680.jpg\" alt=\"\" class=\"wp-image-4384\" srcset=\"https:\/\/wolfgangepplenaturschutzundethik.de\/wp-content\/uploads\/2021\/08\/DSC_7935-1024x680.jpg 1024w, https:\/\/wolfgangepplenaturschutzundethik.de\/wp-content\/uploads\/2021\/08\/DSC_7935-300x199.jpg 300w, https:\/\/wolfgangepplenaturschutzundethik.de\/wp-content\/uploads\/2021\/08\/DSC_7935-768x510.jpg 768w, https:\/\/wolfgangepplenaturschutzundethik.de\/wp-content\/uploads\/2021\/08\/DSC_7935-1536x1020.jpg 1536w, https:\/\/wolfgangepplenaturschutzundethik.de\/wp-content\/uploads\/2021\/08\/DSC_7935-2048x1360.jpg 2048w, https:\/\/wolfgangepplenaturschutzundethik.de\/wp-content\/uploads\/2021\/08\/DSC_7935-700x465.jpg 700w\" sizes=\"(max-width: 1024px) 100vw, 1024px\" \/><figcaption class=\"wp-element-caption\">&#8230;Fliegen in der N\u00e4he des Elternvogels (am Boden) bereitet dem jungen Storch sichtlich Freude&#8230;<\/figcaption><\/figure>\n\n\n\n<figure class=\"wp-block-image size-large\"><img loading=\"lazy\" decoding=\"async\" width=\"1024\" height=\"680\" src=\"https:\/\/wolfgangepplenaturschutzundethik.de\/wp-content\/uploads\/2021\/08\/DSC_7940-1024x680.jpg\" alt=\"\" class=\"wp-image-4392\" srcset=\"https:\/\/wolfgangepplenaturschutzundethik.de\/wp-content\/uploads\/2021\/08\/DSC_7940-1024x680.jpg 1024w, https:\/\/wolfgangepplenaturschutzundethik.de\/wp-content\/uploads\/2021\/08\/DSC_7940-300x199.jpg 300w, https:\/\/wolfgangepplenaturschutzundethik.de\/wp-content\/uploads\/2021\/08\/DSC_7940-768x510.jpg 768w, https:\/\/wolfgangepplenaturschutzundethik.de\/wp-content\/uploads\/2021\/08\/DSC_7940-1536x1020.jpg 1536w, https:\/\/wolfgangepplenaturschutzundethik.de\/wp-content\/uploads\/2021\/08\/DSC_7940-2048x1360.jpg 2048w, https:\/\/wolfgangepplenaturschutzundethik.de\/wp-content\/uploads\/2021\/08\/DSC_7940-700x465.jpg 700w\" sizes=\"(max-width: 1024px) 100vw, 1024px\" \/><\/figure>\n\n\n\n<figure class=\"wp-block-image size-large\"><img loading=\"lazy\" decoding=\"async\" width=\"1024\" height=\"680\" src=\"https:\/\/wolfgangepplenaturschutzundethik.de\/wp-content\/uploads\/2021\/08\/DSC_7941-1024x680.jpg\" alt=\"\" class=\"wp-image-4385\" srcset=\"https:\/\/wolfgangepplenaturschutzundethik.de\/wp-content\/uploads\/2021\/08\/DSC_7941-1024x680.jpg 1024w, https:\/\/wolfgangepplenaturschutzundethik.de\/wp-content\/uploads\/2021\/08\/DSC_7941-300x199.jpg 300w, https:\/\/wolfgangepplenaturschutzundethik.de\/wp-content\/uploads\/2021\/08\/DSC_7941-768x510.jpg 768w, https:\/\/wolfgangepplenaturschutzundethik.de\/wp-content\/uploads\/2021\/08\/DSC_7941-1536x1020.jpg 1536w, https:\/\/wolfgangepplenaturschutzundethik.de\/wp-content\/uploads\/2021\/08\/DSC_7941-2048x1360.jpg 2048w, https:\/\/wolfgangepplenaturschutzundethik.de\/wp-content\/uploads\/2021\/08\/DSC_7941-700x465.jpg 700w\" sizes=\"(max-width: 1024px) 100vw, 1024px\" \/><figcaption class=\"wp-element-caption\">&#8230;Mitte August sind die voll flugf\u00e4higen und schon sehr ausdauernden Jungst\u00f6rche bereit zur gro\u00dfen Reise in den S\u00fcden. Die  Bilder entstanden am 16. August 2021 zwischen Au\u00dfernzell und Gunzing, in dem bei der Storchenfamilie besonders beliebten Areal. Alle Fotos: Wolfgang Epple<\/figcaption><\/figure>\n\n\n\n<p><\/p>\n\n\n\n<figure class=\"wp-block-image size-large\"><img loading=\"lazy\" decoding=\"async\" width=\"1024\" height=\"680\" src=\"https:\/\/wolfgangepplenaturschutzundethik.de\/wp-content\/uploads\/2021\/08\/DSC_7945-1024x680.jpg\" alt=\"\" class=\"wp-image-4445\" srcset=\"https:\/\/wolfgangepplenaturschutzundethik.de\/wp-content\/uploads\/2021\/08\/DSC_7945-1024x680.jpg 1024w, https:\/\/wolfgangepplenaturschutzundethik.de\/wp-content\/uploads\/2021\/08\/DSC_7945-300x199.jpg 300w, https:\/\/wolfgangepplenaturschutzundethik.de\/wp-content\/uploads\/2021\/08\/DSC_7945-768x510.jpg 768w, https:\/\/wolfgangepplenaturschutzundethik.de\/wp-content\/uploads\/2021\/08\/DSC_7945-1536x1020.jpg 1536w, https:\/\/wolfgangepplenaturschutzundethik.de\/wp-content\/uploads\/2021\/08\/DSC_7945-2048x1360.jpg 2048w, https:\/\/wolfgangepplenaturschutzundethik.de\/wp-content\/uploads\/2021\/08\/DSC_7945-700x465.jpg 700w\" sizes=\"(max-width: 1024px) 100vw, 1024px\" \/><figcaption class=\"wp-element-caption\">Am 17. August 2021 gelang noch dieses Bild der ganzen Storchenfamilie in den feuchten Wiesen an der &#8222;Kleinen Ohe&#8220; direkt in Horstn\u00e4he. Rechts dichter beieinander die beiden Jungst\u00f6rche. Sie zeigen erheblich gr\u00f6\u00dfere Scheu vor Fahrzeugen und Menschen als die beiden erfahrenen Elterntiere. Foto: Wolfgang Epple<\/figcaption><\/figure>\n\n\n\n<p><\/p>\n\n\n\n<figure class=\"wp-block-image size-large\"><img loading=\"lazy\" decoding=\"async\" width=\"1024\" height=\"768\" src=\"https:\/\/wolfgangepplenaturschutzundethik.de\/wp-content\/uploads\/2021\/09\/IMG_3452-1024x768.jpg\" alt=\"\" class=\"wp-image-4554\" srcset=\"https:\/\/wolfgangepplenaturschutzundethik.de\/wp-content\/uploads\/2021\/09\/IMG_3452-1024x768.jpg 1024w, https:\/\/wolfgangepplenaturschutzundethik.de\/wp-content\/uploads\/2021\/09\/IMG_3452-300x225.jpg 300w, https:\/\/wolfgangepplenaturschutzundethik.de\/wp-content\/uploads\/2021\/09\/IMG_3452-768x576.jpg 768w, https:\/\/wolfgangepplenaturschutzundethik.de\/wp-content\/uploads\/2021\/09\/IMG_3452-1536x1152.jpg 1536w, https:\/\/wolfgangepplenaturschutzundethik.de\/wp-content\/uploads\/2021\/09\/IMG_3452-2048x1536.jpg 2048w\" sizes=\"(max-width: 1024px) 100vw, 1024px\" \/><figcaption class=\"wp-element-caption\">In der Nacht vom 24. auf den 25. August 2021 \u00fcbernachteten die beiden fl\u00fcggen Jungst\u00f6rche ein letztes Mal im elterlichen Horst. Danach sind sie wohl auf die Reise gegangen.  Sie wurden nicht mehr gesehen. Die beiden Altst\u00f6rche konnten am Sonntag, 29. August 2021 gegen 12.30 ein letztes Mal \u00fcber dem Dorf kreisend gesichtet werden, bevor sie in gro\u00dfe H\u00f6he segelnd am Himmel nach S\u00fcdosten verschwunden sind. Foto: Wolfgang Epple<\/figcaption><\/figure>\n\n\n\n<p><\/p>\n\n\n\n<p>Der Verlauf dieser Neuansiedlung der St\u00f6rche und die erfolgreiche Brut sind als Reaktion auf das Horst-Angebot ein wunderbares Geschenk. Dies gerade in diesem Jahr 2021, in dessen Verlauf viele Jungst\u00f6rche in ganz Bayern und S\u00fcddeutschland Opfer der Wetterkapriolen geworden sind: Erst war es im Mai in der Haupt-Periode des Schl\u00fcpfens sehr kalt und nass. Die noch sehr kleinen Jungv\u00f6gel  verhungerten oder verendeten witterungsbedingt. Die gewittrigen Hagelst\u00fcrme des Fr\u00fchsommers haben dann zus\u00e4tzlich zu erheblichen Verlusten gef\u00fchrt. Au\u00dferdem ist der Au\u00dfernzeller Bruterfolg ein Hinweis, dass verbreitete Lehrbuchweisheiten \u00fcber die Habitatanspr\u00fcche der St\u00f6rche nur bedingt richtig sind: Auch wenn es nicht mehrere Hundert Hektare Feuchtwiesen in der Au\u00dfernzeller Gemarkung gibt, ist die Vielseitigkeit der abwechslungsreichen Kulturlandschaft mit entscheidend. Um die St\u00f6rche jedoch dauerhaft zu unterst\u00fctzen, wird es sicher sinnvoll sein, geeignete Lebensraum-Verbesserungen anzugehen. Besonders eingestreute Feuchtstellen und Kleingew\u00e4sser sind geeignet, die Nahrungsgrundlage der St\u00f6rche zu stabilisieren und sogar zu verbessern. Der Nahrungsbedarf f\u00fcr die heranwachsenden Jungst\u00f6rche ist enorm, und betr\u00e4gt in der Hauptwachstumsphase t\u00e4glich mehr als 1 kg pro Individuum in Form von Kleintieren&#8230;<\/p>\n\n\n\n<p>Eine weitere Lehre f\u00fcr den Naturschutz erteilen uns die Au\u00dfernzeller St\u00f6rche; sie ist  eigentlich nicht neu, aber wird neuerdings selbst von ehemaligen Naturschutzverb\u00e4nden, die sich heute als Klimaschutzverb\u00e4nde an der Schw\u00e4chung des Naturschutzes beteiligen, nicht mehr richtig erkannt:<\/p>\n\n\n\n<h4 class=\"wp-block-heading has-vivid-red-color has-text-color\"><strong>Individuen z\u00e4hlen f\u00fcr den Naturschutz<\/strong> &#8211; <strong>das zeigt die Geschichte der Au\u00dfernzeller St\u00f6rche<\/strong><\/h4>\n\n\n\n<p>Die diesj\u00e4hrigen gro\u00dfen Verluste an Jungv\u00f6geln und die erfolgreiche Neuansiedlung des Wei\u00dfstorchs in Au\u00dfernzell zeigen, <strong>dass und wie sehr es im Artenschutz auf die Individuen ankommt. <\/strong><\/p>\n\n\n\n<p><strong>Gerade der <em>individuelle<\/em> Schutz von Wildtieren &#8211; auch der von St\u00f6rchen &#8211; wird von der <a href=\"https:\/\/wolfgangepplenaturschutzundethik.de\/?page_id=86\">Windkraftbranche und den mit ihr paktierenden Umweltverb\u00e4nden<\/a> angegriffen und aufgeweicht. <\/strong>Ausf\u00fchrlich habe ich dazu in meinem Buch zur Windkraft (s.u.) Stellung genommen; und auch in <a href=\"https:\/\/wolfgangepplenaturschutzundethik.de\/?p=3716\">diesem Beitrag zum von der Windkraftbranche gefeierten &#8222;Vogelfrieden&#8220; des NABU ist die f\u00fcr den Naturschutz brennend aktuelle Problematik aufgegriffen<\/a>. Der Essay ist auch in das Buch zur Windkraft als Anhang aufgenommen. &#8222;Naturvertr\u00e4glicher Ausbau der Windkraft&#8220; ist schlicht nicht m\u00f6glich. Und diese Industrie-Branche nimmt &#8211; gest\u00e4rkt durch st\u00e4ndigen R\u00fcckenwind einseitiger Medien &#8211; zunehmend offen keine R\u00fccksicht mehr auf den Artenschutz.<\/p>\n\n\n\n<p><\/p>\n\n\n\n<figure class=\"wp-block-image\"><img loading=\"lazy\" decoding=\"async\" width=\"789\" height=\"600\" src=\"https:\/\/wolfgangepplenaturschutzundethik.de\/wp-content\/uploads\/2020\/06\/HPIM4896.jpg\" alt=\"\" class=\"wp-image-2940\" srcset=\"https:\/\/wolfgangepplenaturschutzundethik.de\/wp-content\/uploads\/2020\/06\/HPIM4896.jpg 789w, https:\/\/wolfgangepplenaturschutzundethik.de\/wp-content\/uploads\/2020\/06\/HPIM4896-300x228.jpg 300w, https:\/\/wolfgangepplenaturschutzundethik.de\/wp-content\/uploads\/2020\/06\/HPIM4896-768x584.jpg 768w\" sizes=\"(max-width: 789px) 100vw, 789px\" \/><figcaption class=\"wp-element-caption\">Das Bild zeigt einen durch eine Windkraftanlage zerteilten Wei\u00dfstorch. Foto: Tobias D\u00fcrr. <br>Gibt es wirklich keinen Grund, beim Bau von Windkraftkolossen innezuhalten, weil die Population durch das Schreddern eines Individuums &#8222;nicht gef\u00e4hrdet&#8220; ist?<\/figcaption><\/figure>\n\n\n\n<p>Die kleine Erfolgsgeschichte der St\u00f6rche in Au\u00dfernzell wird hoffentlich fortgesetzt, denn:<\/p>\n\n\n\n<p><strong>2021: Es gibt Anlass zur Hoffnung , dass die Au\u00dfernzeller St\u00f6rche n\u00e4chstes Jahr wiederkommen und , falls es zur Tradition des Horstplatzes kommt, zur Festigung der in unserem Bereich am Fu\u00df des Bayerwaldes nicht sehr ausgepr\u00e4gten Storchenbev\u00f6lkerung beitragen. <\/strong><\/p>\n\n\n\n<p>Ein Ansporn f\u00fcr weiteren Fl\u00e4chenschutz sind diese St\u00f6rche allemal\u2026Insbesondere aber sollte unsere sch\u00f6ne Landschaft nicht auf dem Altar eines &#8222;Klimaschutzes&#8220; geopfert werden, der die naturfressende Invasion der Windkraftindustrie irrt\u00fcmlich gleichsetzt mit einem Beitrag zur Weltrettung. Siehe <a href=\"https:\/\/wolfgangepplenaturschutzundethik.de\/?page_id=518\">hier <\/a>und <a href=\"https:\/\/wolfgangepplenaturschutzundethik.de\/?page_id=86\">hier<\/a>. <\/p>\n\n\n\n<p><\/p>\n\n\n\n<h4 class=\"wp-block-heading\"><strong>2022: Das Storchenwunder von Au\u00dfernzell geht in die zweite Runde<\/strong><\/h4>\n\n\n\n<p>Nach gr\u00fcndliche Pflege des Horstes im Februar 2022: <\/p>\n\n\n\n<p>Am 05. April 2022 kommt zuerst &#8211; ungew\u00f6hnlich allemal &#8211; die St\u00f6rchin an. <\/p>\n\n\n\n<p>Am 13. April zieht der Storchenhahn vom letzten Jahr ein; am 14. April&#8230;:<\/p>\n\n\n\n<figure class=\"wp-block-image size-large\"><img loading=\"lazy\" decoding=\"async\" width=\"1024\" height=\"770\" src=\"https:\/\/wolfgangepplenaturschutzundethik.de\/wp-content\/uploads\/2022\/08\/DSC_7976-1024x770.jpeg\" alt=\"\" class=\"wp-image-6043\" srcset=\"https:\/\/wolfgangepplenaturschutzundethik.de\/wp-content\/uploads\/2022\/08\/DSC_7976-1024x770.jpeg 1024w, https:\/\/wolfgangepplenaturschutzundethik.de\/wp-content\/uploads\/2022\/08\/DSC_7976-300x226.jpeg 300w, https:\/\/wolfgangepplenaturschutzundethik.de\/wp-content\/uploads\/2022\/08\/DSC_7976-768x577.jpeg 768w, https:\/\/wolfgangepplenaturschutzundethik.de\/wp-content\/uploads\/2022\/08\/DSC_7976-1536x1155.jpeg 1536w, https:\/\/wolfgangepplenaturschutzundethik.de\/wp-content\/uploads\/2022\/08\/DSC_7976-2048x1540.jpeg 2048w\" sizes=\"(max-width: 1024px) 100vw, 1024px\" \/><figcaption class=\"wp-element-caption\">Storchenhochzeit in Au\u00dfernzell, fotografiert am 14.  April 2022 auf der Nisthilfe im Tal der Kleinen Ohe. Foto: Wolfgang Epple<\/figcaption><\/figure>\n\n\n\n<p>&#8230;die <a href=\"https:\/\/www.pnp.de\/lokales\/landkreis-deggendorf\/deggendorf\/Im-Aussernzeller-Horst-schnaebeln-wieder-Stoerche-4294850.html\">Passauer Neue Presse berichtete.<\/a>..<\/p>\n\n\n\n<p>Das Brutjahr 2022 verlief f\u00fcr die Au\u00dfernzeller St\u00f6rche erfolgreich. Drei Jungst\u00f6rche wurden bei bester Gesundheit fl\u00fcgge:<\/p>\n\n\n\n<p><\/p>\n\n\n\n<p><\/p>\n\n\n\n<p><\/p>\n\n\n\n<figure class=\"wp-block-image size-large\"><img loading=\"lazy\" decoding=\"async\" width=\"911\" height=\"1024\" src=\"https:\/\/wolfgangepplenaturschutzundethik.de\/wp-content\/uploads\/2023\/05\/RemoteMediaFile_6553886_0_2022_07_17_07_29_44-2-911x1024.jpg\" alt=\"\" class=\"wp-image-6398\" srcset=\"https:\/\/wolfgangepplenaturschutzundethik.de\/wp-content\/uploads\/2023\/05\/RemoteMediaFile_6553886_0_2022_07_17_07_29_44-2-911x1024.jpg 911w, https:\/\/wolfgangepplenaturschutzundethik.de\/wp-content\/uploads\/2023\/05\/RemoteMediaFile_6553886_0_2022_07_17_07_29_44-2-267x300.jpg 267w, https:\/\/wolfgangepplenaturschutzundethik.de\/wp-content\/uploads\/2023\/05\/RemoteMediaFile_6553886_0_2022_07_17_07_29_44-2-768x863.jpg 768w, https:\/\/wolfgangepplenaturschutzundethik.de\/wp-content\/uploads\/2023\/05\/RemoteMediaFile_6553886_0_2022_07_17_07_29_44-2-1367x1536.jpg 1367w, https:\/\/wolfgangepplenaturschutzundethik.de\/wp-content\/uploads\/2023\/05\/RemoteMediaFile_6553886_0_2022_07_17_07_29_44-2-1822x2048.jpg 1822w, https:\/\/wolfgangepplenaturschutzundethik.de\/wp-content\/uploads\/2023\/05\/RemoteMediaFile_6553886_0_2022_07_17_07_29_44-2.jpg 1874w\" sizes=\"(max-width: 911px) 100vw, 911px\" \/><figcaption class=\"wp-element-caption\">Die Jungst\u00f6rche, schon so gut wie flugf\u00e4hig, warten im Juli 2022 <br> im Nest auf die F\u00fctterung durch die Alten.<\/figcaption><\/figure>\n\n\n\n<p><\/p>\n\n\n\n<figure class=\"wp-block-image size-large\"><img loading=\"lazy\" decoding=\"async\" width=\"1024\" height=\"680\" src=\"https:\/\/wolfgangepplenaturschutzundethik.de\/wp-content\/uploads\/2023\/05\/DSC_8432-1024x680.jpg\" alt=\"\" class=\"wp-image-6400\" srcset=\"https:\/\/wolfgangepplenaturschutzundethik.de\/wp-content\/uploads\/2023\/05\/DSC_8432-1024x680.jpg 1024w, https:\/\/wolfgangepplenaturschutzundethik.de\/wp-content\/uploads\/2023\/05\/DSC_8432-300x199.jpg 300w, https:\/\/wolfgangepplenaturschutzundethik.de\/wp-content\/uploads\/2023\/05\/DSC_8432-768x510.jpg 768w, https:\/\/wolfgangepplenaturschutzundethik.de\/wp-content\/uploads\/2023\/05\/DSC_8432-1536x1020.jpg 1536w, https:\/\/wolfgangepplenaturschutzundethik.de\/wp-content\/uploads\/2023\/05\/DSC_8432-2048x1360.jpg 2048w, https:\/\/wolfgangepplenaturschutzundethik.de\/wp-content\/uploads\/2023\/05\/DSC_8432-700x465.jpg 700w\" sizes=\"(max-width: 1024px) 100vw, 1024px\" \/><figcaption class=\"wp-element-caption\">Der Elternvogel wird st\u00fcrmisch begr\u00fc\u00dft&#8230;<\/figcaption><\/figure>\n\n\n\n<p><\/p>\n\n\n\n<figure class=\"wp-block-image size-large\"><img loading=\"lazy\" decoding=\"async\" width=\"1024\" height=\"550\" src=\"https:\/\/wolfgangepplenaturschutzundethik.de\/wp-content\/uploads\/2023\/05\/RemoteMediaFile_6553898_0_2022_07_17_07_42_04-1024x550.jpg\" alt=\"\" class=\"wp-image-6399\" srcset=\"https:\/\/wolfgangepplenaturschutzundethik.de\/wp-content\/uploads\/2023\/05\/RemoteMediaFile_6553898_0_2022_07_17_07_42_04-1024x550.jpg 1024w, https:\/\/wolfgangepplenaturschutzundethik.de\/wp-content\/uploads\/2023\/05\/RemoteMediaFile_6553898_0_2022_07_17_07_42_04-300x161.jpg 300w, https:\/\/wolfgangepplenaturschutzundethik.de\/wp-content\/uploads\/2023\/05\/RemoteMediaFile_6553898_0_2022_07_17_07_42_04-768x412.jpg 768w, https:\/\/wolfgangepplenaturschutzundethik.de\/wp-content\/uploads\/2023\/05\/RemoteMediaFile_6553898_0_2022_07_17_07_42_04-1536x825.jpg 1536w, https:\/\/wolfgangepplenaturschutzundethik.de\/wp-content\/uploads\/2023\/05\/RemoteMediaFile_6553898_0_2022_07_17_07_42_04-2048x1099.jpg 2048w\" sizes=\"(max-width: 1024px) 100vw, 1024px\" \/><figcaption class=\"wp-element-caption\">&#8230;und angebettelt, indem sich die Jungen auf die Intertarsalgelenke hockend klein machen&#8230;Fotos: Wolfgang Epple<\/figcaption><\/figure>\n\n\n\n<figure class=\"wp-block-image size-large\"><img loading=\"lazy\" decoding=\"async\" width=\"1024\" height=\"680\" src=\"https:\/\/wolfgangepplenaturschutzundethik.de\/wp-content\/uploads\/2023\/05\/DSC_8506-1024x680.jpg\" alt=\"\" class=\"wp-image-6401\" srcset=\"https:\/\/wolfgangepplenaturschutzundethik.de\/wp-content\/uploads\/2023\/05\/DSC_8506-1024x680.jpg 1024w, https:\/\/wolfgangepplenaturschutzundethik.de\/wp-content\/uploads\/2023\/05\/DSC_8506-300x199.jpg 300w, https:\/\/wolfgangepplenaturschutzundethik.de\/wp-content\/uploads\/2023\/05\/DSC_8506-768x510.jpg 768w, https:\/\/wolfgangepplenaturschutzundethik.de\/wp-content\/uploads\/2023\/05\/DSC_8506-1536x1020.jpg 1536w, https:\/\/wolfgangepplenaturschutzundethik.de\/wp-content\/uploads\/2023\/05\/DSC_8506-2048x1360.jpg 2048w, https:\/\/wolfgangepplenaturschutzundethik.de\/wp-content\/uploads\/2023\/05\/DSC_8506-700x465.jpg 700w\" sizes=\"(max-width: 1024px) 100vw, 1024px\" \/><figcaption class=\"wp-element-caption\">Der Luftraum \u00fcber dem Dorf wird erobert&#8230;<\/figcaption><\/figure>\n\n\n\n<p><\/p>\n\n\n\n<p><\/p>\n\n\n\n<figure class=\"wp-block-image size-large\"><img loading=\"lazy\" decoding=\"async\" width=\"1024\" height=\"680\" src=\"https:\/\/wolfgangepplenaturschutzundethik.de\/wp-content\/uploads\/2023\/05\/DSC_8682-1024x680.jpg\" alt=\"\" class=\"wp-image-6402\" srcset=\"https:\/\/wolfgangepplenaturschutzundethik.de\/wp-content\/uploads\/2023\/05\/DSC_8682-1024x680.jpg 1024w, https:\/\/wolfgangepplenaturschutzundethik.de\/wp-content\/uploads\/2023\/05\/DSC_8682-300x199.jpg 300w, https:\/\/wolfgangepplenaturschutzundethik.de\/wp-content\/uploads\/2023\/05\/DSC_8682-768x510.jpg 768w, https:\/\/wolfgangepplenaturschutzundethik.de\/wp-content\/uploads\/2023\/05\/DSC_8682-1536x1020.jpg 1536w, https:\/\/wolfgangepplenaturschutzundethik.de\/wp-content\/uploads\/2023\/05\/DSC_8682-2048x1360.jpg 2048w, https:\/\/wolfgangepplenaturschutzundethik.de\/wp-content\/uploads\/2023\/05\/DSC_8682-700x465.jpg 700w\" sizes=\"(max-width: 1024px) 100vw, 1024px\" \/><figcaption class=\"wp-element-caption\">&#8230;und gegen Mitte August 2022 verlassen die drei Jungst\u00f6rche endg\u00fcltig das Nest, \u00fcberwiegend nur noch von der St\u00f6rchin betreut und begleitet, bevor sie sich auf den Weg in den S\u00fcden machen. Fotos: Wolfgang Epple<\/figcaption><\/figure>\n\n\n\n<h4 class=\"wp-block-heading\"><strong>2023: Das Storchenjahr beginnt mit Ver\u00e4nderung, einem Drama und Turbulenzen<\/strong><\/h4>\n\n\n\n<p>Im dritten Jahr in Folge wird der Masten-Horst von Wei\u00dfst\u00f6rchen angenommen. Der Platz scheint begehrt, denn &#8230;<\/p>\n\n\n\n<p><\/p>\n\n\n\n<figure class=\"wp-block-image size-large\"><img loading=\"lazy\" decoding=\"async\" width=\"1024\" height=\"768\" src=\"https:\/\/wolfgangepplenaturschutzundethik.de\/wp-content\/uploads\/2023\/05\/IMG_8520-1024x768.jpeg\" alt=\"\" class=\"wp-image-6405\" srcset=\"https:\/\/wolfgangepplenaturschutzundethik.de\/wp-content\/uploads\/2023\/05\/IMG_8520-1024x768.jpeg 1024w, https:\/\/wolfgangepplenaturschutzundethik.de\/wp-content\/uploads\/2023\/05\/IMG_8520-300x225.jpeg 300w, https:\/\/wolfgangepplenaturschutzundethik.de\/wp-content\/uploads\/2023\/05\/IMG_8520-768x576.jpeg 768w, https:\/\/wolfgangepplenaturschutzundethik.de\/wp-content\/uploads\/2023\/05\/IMG_8520-1536x1152.jpeg 1536w, https:\/\/wolfgangepplenaturschutzundethik.de\/wp-content\/uploads\/2023\/05\/IMG_8520-2048x1536.jpeg 2048w\" sizes=\"(max-width: 1024px) 100vw, 1024px\" \/><figcaption class=\"wp-element-caption\">Die Tradition scheint zu halten: Schon im ersten M\u00e4rz-Drittel  wird der Horst &#8211; zun\u00e4chst von einem Storch &#8211; besetzt. Ab Mitte M\u00e4rz sind zwei St\u00f6rche anwesend&#8230;<\/figcaption><\/figure>\n\n\n\n<p>&#8230; am 17. M\u00e4rz 2023 kommt es zu dramatischen Szenen, die Aufschluss \u00fcber die neue Besetzung geben: Das Paar, das anwesend ist, hat zumindest was den Hahn betrifft, eine neue Zusammenstellung. Der Hahn aus 2021 und 2022, erkennbar an der Fehlstelle im linken Fl\u00fcgel, versucht, den Horst zur\u00fcck zu erobern, der ganz offensichtlich einen neuen Besitzer hat. Es kommt zu einem dramatischen Storchenkampf. Das anwesende neue Paar schl\u00e4gt mehrere Angriffswellen, die der Gr\u00fcnder-Storch der Vorjahre fliegt, zur\u00fcck:<\/p>\n\n\n\n<p><\/p>\n\n\n\n<figure class=\"wp-block-image size-large\"><img loading=\"lazy\" decoding=\"async\" width=\"1024\" height=\"680\" src=\"https:\/\/wolfgangepplenaturschutzundethik.de\/wp-content\/uploads\/2023\/05\/DSC_8746-1024x680.jpg\" alt=\"\" class=\"wp-image-6408\" srcset=\"https:\/\/wolfgangepplenaturschutzundethik.de\/wp-content\/uploads\/2023\/05\/DSC_8746-1024x680.jpg 1024w, https:\/\/wolfgangepplenaturschutzundethik.de\/wp-content\/uploads\/2023\/05\/DSC_8746-300x199.jpg 300w, https:\/\/wolfgangepplenaturschutzundethik.de\/wp-content\/uploads\/2023\/05\/DSC_8746-768x510.jpg 768w, https:\/\/wolfgangepplenaturschutzundethik.de\/wp-content\/uploads\/2023\/05\/DSC_8746-1536x1020.jpg 1536w, https:\/\/wolfgangepplenaturschutzundethik.de\/wp-content\/uploads\/2023\/05\/DSC_8746-2048x1360.jpg 2048w, https:\/\/wolfgangepplenaturschutzundethik.de\/wp-content\/uploads\/2023\/05\/DSC_8746-700x465.jpg 700w\" sizes=\"(max-width: 1024px) 100vw, 1024px\" \/><figcaption class=\"wp-element-caption\">Mit aggressivem Klappern und Fl\u00fcgel-Pumpen wird der Angreifer empfangen&#8230;<\/figcaption><\/figure>\n\n\n\n<figure class=\"wp-block-image size-large\"><img loading=\"lazy\" decoding=\"async\" width=\"1024\" height=\"800\" src=\"https:\/\/wolfgangepplenaturschutzundethik.de\/wp-content\/uploads\/2023\/05\/DSC_8763-1024x800.jpg\" alt=\"\" class=\"wp-image-6409\" srcset=\"https:\/\/wolfgangepplenaturschutzundethik.de\/wp-content\/uploads\/2023\/05\/DSC_8763-1024x800.jpg 1024w, https:\/\/wolfgangepplenaturschutzundethik.de\/wp-content\/uploads\/2023\/05\/DSC_8763-300x234.jpg 300w, https:\/\/wolfgangepplenaturschutzundethik.de\/wp-content\/uploads\/2023\/05\/DSC_8763-768x600.jpg 768w, https:\/\/wolfgangepplenaturschutzundethik.de\/wp-content\/uploads\/2023\/05\/DSC_8763-1536x1199.jpg 1536w, https:\/\/wolfgangepplenaturschutzundethik.de\/wp-content\/uploads\/2023\/05\/DSC_8763-2048x1599.jpg 2048w\" sizes=\"(max-width: 1024px) 100vw, 1024px\" \/><figcaption class=\"wp-element-caption\">&#8230;der Kehlsack des Angreifers ist gebl\u00e4ht, oft wird sogar in der Luft geklappert&#8230;<\/figcaption><\/figure>\n\n\n\n<figure class=\"wp-block-image size-large\"><img loading=\"lazy\" decoding=\"async\" width=\"1024\" height=\"680\" src=\"https:\/\/wolfgangepplenaturschutzundethik.de\/wp-content\/uploads\/2023\/05\/DSC_8753-1024x680.jpg\" alt=\"\" class=\"wp-image-6410\" srcset=\"https:\/\/wolfgangepplenaturschutzundethik.de\/wp-content\/uploads\/2023\/05\/DSC_8753-1024x680.jpg 1024w, https:\/\/wolfgangepplenaturschutzundethik.de\/wp-content\/uploads\/2023\/05\/DSC_8753-300x199.jpg 300w, https:\/\/wolfgangepplenaturschutzundethik.de\/wp-content\/uploads\/2023\/05\/DSC_8753-768x510.jpg 768w, https:\/\/wolfgangepplenaturschutzundethik.de\/wp-content\/uploads\/2023\/05\/DSC_8753-1536x1020.jpg 1536w, https:\/\/wolfgangepplenaturschutzundethik.de\/wp-content\/uploads\/2023\/05\/DSC_8753-2048x1360.jpg 2048w, https:\/\/wolfgangepplenaturschutzundethik.de\/wp-content\/uploads\/2023\/05\/DSC_8753-700x465.jpg 700w\" sizes=\"(max-width: 1024px) 100vw, 1024px\" \/><\/figure>\n\n\n\n<figure class=\"wp-block-image size-large\"><img loading=\"lazy\" decoding=\"async\" width=\"1024\" height=\"581\" src=\"https:\/\/wolfgangepplenaturschutzundethik.de\/wp-content\/uploads\/2023\/05\/DSC_8757-1024x581.jpg\" alt=\"\" class=\"wp-image-6411\" srcset=\"https:\/\/wolfgangepplenaturschutzundethik.de\/wp-content\/uploads\/2023\/05\/DSC_8757-1024x581.jpg 1024w, https:\/\/wolfgangepplenaturschutzundethik.de\/wp-content\/uploads\/2023\/05\/DSC_8757-300x170.jpg 300w, https:\/\/wolfgangepplenaturschutzundethik.de\/wp-content\/uploads\/2023\/05\/DSC_8757-768x435.jpg 768w, https:\/\/wolfgangepplenaturschutzundethik.de\/wp-content\/uploads\/2023\/05\/DSC_8757-1536x871.jpg 1536w, https:\/\/wolfgangepplenaturschutzundethik.de\/wp-content\/uploads\/2023\/05\/DSC_8757-2048x1161.jpg 2048w\" sizes=\"(max-width: 1024px) 100vw, 1024px\" \/><figcaption class=\"wp-element-caption\">Rangelnd und mit Schnabelhieben wird der Angreifer vom Nest gedr\u00e4ngt&#8230;<\/figcaption><\/figure>\n\n\n\n<figure class=\"wp-block-image size-large\"><img loading=\"lazy\" decoding=\"async\" width=\"1024\" height=\"680\" src=\"https:\/\/wolfgangepplenaturschutzundethik.de\/wp-content\/uploads\/2023\/05\/DSC_8774-1-1024x680.jpg\" alt=\"\" class=\"wp-image-6422\" srcset=\"https:\/\/wolfgangepplenaturschutzundethik.de\/wp-content\/uploads\/2023\/05\/DSC_8774-1-1024x680.jpg 1024w, https:\/\/wolfgangepplenaturschutzundethik.de\/wp-content\/uploads\/2023\/05\/DSC_8774-1-300x199.jpg 300w, https:\/\/wolfgangepplenaturschutzundethik.de\/wp-content\/uploads\/2023\/05\/DSC_8774-1-768x510.jpg 768w, https:\/\/wolfgangepplenaturschutzundethik.de\/wp-content\/uploads\/2023\/05\/DSC_8774-1-1536x1020.jpg 1536w, https:\/\/wolfgangepplenaturschutzundethik.de\/wp-content\/uploads\/2023\/05\/DSC_8774-1-2048x1360.jpg 2048w, https:\/\/wolfgangepplenaturschutzundethik.de\/wp-content\/uploads\/2023\/05\/DSC_8774-1-700x465.jpg 700w\" sizes=\"(max-width: 1024px) 100vw, 1024px\" \/><figcaption class=\"wp-element-caption\">er gibt nicht so schnell auf, neuer Angriff&#8230;<\/figcaption><\/figure>\n\n\n\n<p><\/p>\n\n\n\n<figure class=\"wp-block-image size-large\"><img loading=\"lazy\" decoding=\"async\" width=\"1024\" height=\"680\" src=\"https:\/\/wolfgangepplenaturschutzundethik.de\/wp-content\/uploads\/2023\/05\/DSC_8770-1-1024x680.jpg\" alt=\"\" class=\"wp-image-6414\" srcset=\"https:\/\/wolfgangepplenaturschutzundethik.de\/wp-content\/uploads\/2023\/05\/DSC_8770-1-1024x680.jpg 1024w, https:\/\/wolfgangepplenaturschutzundethik.de\/wp-content\/uploads\/2023\/05\/DSC_8770-1-300x199.jpg 300w, https:\/\/wolfgangepplenaturschutzundethik.de\/wp-content\/uploads\/2023\/05\/DSC_8770-1-768x510.jpg 768w, https:\/\/wolfgangepplenaturschutzundethik.de\/wp-content\/uploads\/2023\/05\/DSC_8770-1-1536x1020.jpg 1536w, https:\/\/wolfgangepplenaturschutzundethik.de\/wp-content\/uploads\/2023\/05\/DSC_8770-1-2048x1360.jpg 2048w, https:\/\/wolfgangepplenaturschutzundethik.de\/wp-content\/uploads\/2023\/05\/DSC_8770-1-700x465.jpg 700w\" sizes=\"(max-width: 1024px) 100vw, 1024px\" \/><figcaption class=\"wp-element-caption\">&#8230;und muss doch im Nahkampf den K\u00fcrzeren ziehen. Fotos: Wolfgang Epple<\/figcaption><\/figure>\n\n\n\n<p>Storchenk\u00e4mpfe werden \u00e4u\u00dferst hartn\u00e4ckig gef\u00fchrt und k\u00f6nnen t\u00f6dlich enden. Gottseidank wurde keiner der St\u00f6rche verletzt, und der Unterlegene schreibt im gleichen Jahr im Nachbarort Sch\u00f6llnach seine Geschichte weiter&#8230;<a href=\"https:\/\/www.pnp.de\/lokales\/landkreis-deggendorf\/kampf-um-das-aussernzeller-storchennest-11100772\" title=\"\">die PNP berichtete<\/a>.<\/p>\n\n\n\n<h4 class=\"wp-block-heading\"><strong>Jedes Individuum z\u00e4hlt &#8211; was wir von den Au\u00dfernzeller St\u00f6rchen lernen k\u00f6nnen<\/strong><\/h4>\n\n\n\n<figure class=\"wp-block-image size-large\"><img loading=\"lazy\" decoding=\"async\" width=\"1024\" height=\"680\" src=\"https:\/\/wolfgangepplenaturschutzundethik.de\/wp-content\/uploads\/2021\/08\/DSC_7707-1024x680.jpg\" alt=\"\" class=\"wp-image-4369\" srcset=\"https:\/\/wolfgangepplenaturschutzundethik.de\/wp-content\/uploads\/2021\/08\/DSC_7707-1024x680.jpg 1024w, https:\/\/wolfgangepplenaturschutzundethik.de\/wp-content\/uploads\/2021\/08\/DSC_7707-300x199.jpg 300w, https:\/\/wolfgangepplenaturschutzundethik.de\/wp-content\/uploads\/2021\/08\/DSC_7707-768x510.jpg 768w, https:\/\/wolfgangepplenaturschutzundethik.de\/wp-content\/uploads\/2021\/08\/DSC_7707-1536x1020.jpg 1536w, https:\/\/wolfgangepplenaturschutzundethik.de\/wp-content\/uploads\/2021\/08\/DSC_7707-2048x1360.jpg 2048w, https:\/\/wolfgangepplenaturschutzundethik.de\/wp-content\/uploads\/2021\/08\/DSC_7707-700x465.jpg 700w\" sizes=\"(max-width: 1024px) 100vw, 1024px\" \/><figcaption class=\"wp-element-caption\">Auf Au\u00dfernzeller Gebiet hat sich im Sommer 2021 ein zweites Storchenwunder ereignet. Im Bannholz, dem Waldgebiet bei Au\u00dferr\u00f6tzing\/Gunterding, haben Schwarzst\u00f6rche erfolgreich gebr\u00fctet und wohl einen Jungvogel durchgebracht. Er ist zur gleichen Zeit wie unsere Wei\u00dfst\u00f6rche fl\u00fcgge geworden. Das Bild zeigt den jungen Schwarzstorch am 02. August 2021 w\u00e4hrend der Nahrungssuche auf Wiesen in der N\u00e4he des Ellerbaches. <span class=\"has-inline-color has-vivid-red-color\"><strong>Schwarzst\u00f6rche sind als scheue Waldbr\u00fcter besonders empfindlich gegen St\u00f6rungen und von der Invasion der Windkraft in ihre Wald-Bruthabitate besonders stark betroffen.<\/strong>  Zu den Ungeheuerlichkeiten und Ausw\u00fcchsen der Energiewende geh\u00f6rt, dass ihre Horste und Brutareale in Deutschland &#8211; \u00e4hnlich wie beim Rotmilan &#8211; schon gezielter St\u00f6rung und Vernichtung ausgesetzt sind, um f\u00fcr Windkraft Platz zu schaffen<\/span>; Belege dazu in meinem Buch (s.u.)&#8230; Foto: Wolfgang Epple<\/figcaption><\/figure>\n\n\n\n<p><strong>Den Schutz der uns anvertrauten Gesch\u00f6pfe auf die Populationsebene zu beschr\u00e4nken bzw. abzuheben, bedeutet das Ende des Begriffes <em>&#8222;Unter Naturschutz&#8220;<\/em>.<\/strong> Die individuelle Schutzw\u00fcrdigkeit haben uns gerade die Au\u00dfernzeller St\u00f6rche &#8211; und zwar sowohl die wei\u00dfen als auch die schwarzen (!!) &#8211; gezeigt. <\/p>\n\n\n\n<p>Denn was ist das f\u00fcr eine Wildtiere verachtende, ja zynische Argumentation, im Rahmen des sogenannten Klimaschutzes in Kreisen der Windkraftunterst\u00fctzer zu sagen: <em>&#8222;Wenn da Einzelne an Windr\u00e4dern umkommen, ist es nicht relevant, weil die Population in Bayern nicht gef\u00e4hrdet ist&#8230;&#8220;<\/em><\/p>\n\n\n\n<p>Das \u201ePopulation-statt-Individuum-Argument\u201c wird inzwischen in der Politik in allen Parteien und auf allen Ebenen nachgeplappert, und hat in den uns\u00e4glichen Koalitionsvertrag der 2025 entstehenden Konstellation aus CDU, CSU und SPD sogar Eingang in einen Regierungsvertrag gefunden.<\/p>\n\n\n\n<p>Wer sich f\u00fcr Fakten interessiert, findet hier eine ausf\u00fchrliche Argumentation in einem eigenen Kapitel:<\/p>\n\n\n\n<figure class=\"wp-block-image is-resized\"><img decoding=\"async\" src=\"https:\/\/wolfgangepplenaturschutzundethik.de\/wp-content\/uploads\/2021\/05\/image.png\" alt=\"Dieses Bild hat ein leeres Alt-Attribut. Der Dateiname ist image.png\" style=\"width:437px;height:620px\"\/><\/figure>\n\n\n\n<p>Hier zu bestellen: <\/p>\n\n\n\n<p><a href=\"https:\/\/www.bod.de\/buchshop\/windkraftindustrie-und-naturschutz-wolfgang-epple-9783753416991\">https:\/\/www.bod.de\/buchshop\/windkraftindustrie-und-naturschutz-wolfgang-epple-9783753416991<\/a><\/p>\n","protected":false},"excerpt":{"rendered":"<p>Das Beitragsfoto zeigt den Storchenhahn des Au\u00dfernzeller Storchenpaars im Flug. Er ist leicht zu erkennen an einer dauerhaften L\u00fccke im linken Fl\u00fcgel. Im Jahr 2023 &hellip; <\/p>\n","protected":false},"author":1,"featured_media":4551,"parent":0,"menu_order":0,"comment_status":"closed","ping_status":"closed","template":"","meta":{"om_disable_all_campaigns":false,"_monsterinsights_skip_tracking":false,"_monsterinsights_sitenote_active":false,"_monsterinsights_sitenote_note":"","_monsterinsights_sitenote_category":0,"footnotes":""},"class_list":["post-4280","page","type-page","status-publish","has-post-thumbnail","hentry"],"aioseo_notices":[],"_links":{"self":[{"href":"https:\/\/wolfgangepplenaturschutzundethik.de\/index.php?rest_route=\/wp\/v2\/pages\/4280"}],"collection":[{"href":"https:\/\/wolfgangepplenaturschutzundethik.de\/index.php?rest_route=\/wp\/v2\/pages"}],"about":[{"href":"https:\/\/wolfgangepplenaturschutzundethik.de\/index.php?rest_route=\/wp\/v2\/types\/page"}],"author":[{"embeddable":true,"href":"https:\/\/wolfgangepplenaturschutzundethik.de\/index.php?rest_route=\/wp\/v2\/users\/1"}],"replies":[{"embeddable":true,"href":"https:\/\/wolfgangepplenaturschutzundethik.de\/index.php?rest_route=%2Fwp%2Fv2%2Fcomments&post=4280"}],"version-history":[{"count":72,"href":"https:\/\/wolfgangepplenaturschutzundethik.de\/index.php?rest_route=\/wp\/v2\/pages\/4280\/revisions"}],"predecessor-version":[{"id":6841,"href":"https:\/\/wolfgangepplenaturschutzundethik.de\/index.php?rest_route=\/wp\/v2\/pages\/4280\/revisions\/6841"}],"wp:featuredmedia":[{"embeddable":true,"href":"https:\/\/wolfgangepplenaturschutzundethik.de\/index.php?rest_route=\/wp\/v2\/media\/4551"}],"wp:attachment":[{"href":"https:\/\/wolfgangepplenaturschutzundethik.de\/index.php?rest_route=%2Fwp%2Fv2%2Fmedia&parent=4280"}],"curies":[{"name":"wp","href":"https:\/\/api.w.org\/{rel}","templated":true}]}}