{"id":4493,"date":"2021-08-31T10:19:26","date_gmt":"2021-08-31T10:19:26","guid":{"rendered":"https:\/\/wolfgangepplenaturschutzundethik.de\/?page_id=4493"},"modified":"2021-09-06T08:20:45","modified_gmt":"2021-09-06T08:20:45","slug":"die-drohende-zerstoerung-der-naturlandschaft-des-reinhardswaldes-und-der-oberweser-durch-windkraft","status":"publish","type":"page","link":"https:\/\/wolfgangepplenaturschutzundethik.de\/?page_id=4493","title":{"rendered":"Die drohende Zerst\u00f6rung der Naturlandschaft des Reinhardswaldes und der Oberweser durch Windkraft"},"content":{"rendered":"\n<p>von<a href=\"https:\/\/de.wikipedia.org\/wiki\/Hermann-Josef_Rapp\"> <strong>Hermann-Josef Rapp<\/strong><\/a>, Reinhardshagen<\/p>\n\n\n\n<h5 class=\"wp-block-heading\"><strong>Vorbemerkungen zum Stand der Dinge im Sommer 2021<\/strong><\/h5>\n\n\n\n<p class=\"has-vivid-green-cyan-color has-text-color\"><em>Die eingebetteten Fotos vermitteln Impressionen aus dem Reinhardswald mit dem Wesertal. Alle Fotos: Hermann-Josef Rapp, wenn nicht anders vermerkt<\/em><\/p>\n\n\n\n<p class=\"has-vivid-red-color has-text-color has-medium-font-size\"><strong>Windenergie in einem Waldgebiet der Sonderklasse?<\/strong><\/p>\n\n\n\n<p><\/p>\n\n\n\n<p class=\"has-vivid-red-color has-text-color\"><strong>Der Reinhardswald<\/strong><\/p>\n\n\n\n<p>Der Teilregionalplan Energie Nordhessen hat dem Reinhardswald eine besondere Bedeutung zugewiesen.<\/p>\n\n\n\n<p>Insgesamt sind hier sieben Suchr\u00e4ume mit einer Gesamtfl\u00e4che von 2.028 ha ausgewiesen. Geht man von einer Gesamtgr\u00f6\u00dfe dieses gro\u00dfen geschlossenen Waldgebietes von etwa 20.000 ha aus, sind das etwa zehn Prozent seiner Fl\u00e4che. Kann man das verantworten?<\/p>\n\n\n\n<p>Die Fl\u00e4chen sind ausschlie\u00dflich Staatswald des Landes Hessen, der vom Forstamt Reinhardshagen verwaltet wird. Im Mittelpunkt der Auseinandersetzungen stehen derzeit zwei Gebiete. Diese Fl\u00e4chen liegen in einem gesamt\u00f6kologischen Raum der Spitzenklasse. Gleichzeitig ist hier die landschaftszerst\u00f6rerische Wirkung in alle vier Himmelsrichtungen katastrophal. Es liegt ein Antrag auf die Errichtung von jetzt 18 Windenergieanlagen mit einer Gesamth\u00f6he von 241 Metern vor.<\/p>\n\n\n\n<p class=\"has-vivid-red-color has-text-color\"><strong>Um was geht es hier?<\/strong><\/p>\n\n\n\n<p>Die Antragsteller nutzen bei ihrer Argumentation zur Bagatellisierung der Eingriffe in Natur und Landschaft eine aus Sicht des Naturschutzes grauenvolle Situation aus den drei Kalamit\u00e4tsjahren 2018, 2019 und 2020.<\/p>\n\n\n\n<p>Zwei St\u00fcrme richteten hier Sch\u00e4den in einem bisher nicht bekannten Ausma\u00df an. Darauf folgte ein Massenbefall mit rindenbr\u00fctenden Borkenk\u00e4fern. Und schlie\u00dflich f\u00fchrte das Niederschlagsdefizit in Verbindung mit l\u00e4ngeren D\u00fcrreperioden in diesen drei Jahren zu weiterem Holzanfall und neuen Schadfl\u00e4chen.<\/p>\n\n\n\n<p>Insgesamt sind so eine Kalamit\u00e4tsholzmenge von gesch\u00e4tzt 1.300.000 Festmetern (fm) und eine Gesamtschadfl\u00e4che von 3.160 ha entstanden. Der Normaleinschlag des Forstamtes betr\u00e4gt pro Jahr 140.000 fm. Besonders betroffen sind die Baumarten Fichte und L\u00e4rche.<\/p>\n\n\n\n<p>Aus dieser Situation hat sich eine fatale Diskussion entwickelt.<\/p>\n\n\n\n<p>Man argumentiert, dass auf diesen Fl\u00e4chen nicht mehr von Wald gesprochen werden kann. Man k\u00f6nne dort eigentlich keine weiteren Sch\u00e4den mehr anrichten. Diese Auffassung ist falsch. Denn Wald bleibt Wald! Egal wie alt und in welchem Zustand, es gibt keine gesetzliche wie fachliche Festlegung, ab wann man von einem schlechten Wald reden kann, der nicht mehr seine Funktionen erf\u00fcllt.<\/p>\n\n\n\n<p>Und die Entwicklung auf diesen Fl\u00e4chen best\u00e4tigt, dass dort die Sukzession in rasanter Weise daf\u00fcr sorgt, dass die Naturverj\u00fcngung einer neuen Waldgeneration eingesetzt hat.<\/p>\n\n\n\n<figure class=\"wp-block-image size-large\"><img loading=\"lazy\" decoding=\"async\" width=\"1024\" height=\"768\" src=\"https:\/\/wolfgangepplenaturschutzundethik.de\/wp-content\/uploads\/2021\/08\/Bild-31.08.21-um-11.04-1024x768.jpg\" alt=\"\" class=\"wp-image-4514\" srcset=\"https:\/\/wolfgangepplenaturschutzundethik.de\/wp-content\/uploads\/2021\/08\/Bild-31.08.21-um-11.04-1024x768.jpg 1024w, https:\/\/wolfgangepplenaturschutzundethik.de\/wp-content\/uploads\/2021\/08\/Bild-31.08.21-um-11.04-300x225.jpg 300w, https:\/\/wolfgangepplenaturschutzundethik.de\/wp-content\/uploads\/2021\/08\/Bild-31.08.21-um-11.04-768x576.jpg 768w, https:\/\/wolfgangepplenaturschutzundethik.de\/wp-content\/uploads\/2021\/08\/Bild-31.08.21-um-11.04.jpg 1036w\" sizes=\"(max-width: 1024px) 100vw, 1024px\" \/><\/figure>\n\n\n\n<p>Dieser Wald braucht jetzt Zeit, um seine volle Leistungskraft wieder zu erlangen, Ruhe und sorgf\u00e4ltige Pflege. Jeder Eingriff durch den Bau von Windr\u00e4dern ist unverzeihlich.<\/p>\n\n\n\n<p>Eine weitere wesentliche Grundlage f\u00fcr das Genehmigungsverfahren der Windenergieanlagen ist entfallen:<\/p>\n\n\n\n<p>Mehrere Gutachten der Antragsteller besch\u00e4ftigen sich mit den \u00f6kologischen Gegebenheiten im und um den Suchraum herum.<\/p>\n\n\n\n<p>Es geht um die Avifauna, die Flederm\u00e4use, Amphibien, die S\u00e4uger von der Wildkatze bis zur Haselmaus, die Flora, das Landschaftsbild, insgesamt also um Lebensr\u00e4ume, Abundanzen und Interaktionen.<\/p>\n\n\n\n<p>Diese Gutachten, die alle vor dem Eintritt der Schadereignisse erstellt wurden, sind nach den Ereignissen von 2018 bis 2020 v\u00f6llig wertlos geworden. Die Lebensraumverh\u00e4ltnisse haben sich grundlegend ver\u00e4ndert und werden in den n\u00e4chsten Jahrzehnten zu einer ganz neuen \u00d6kologie des Reinhardswaldes f\u00fchren.<\/p>\n\n\n\n<p>Nach wie vor gilt, dass der Komplex des Reinhardswaldes einen au\u00dfergew\u00f6hnlich bedeutsamen Natur- und Landschaftsraum darstellt, der in seiner Gesamtwirkung durch ein oder mehrere Windenergiefelder hart getroffen und entwertet w\u00fcrde.<\/p>\n\n\n\n<p class=\"has-vivid-red-color has-text-color\"><strong>Die Unzerschnittenheit<\/strong><\/p>\n\n\n\n<p>Die Zerschneidung von Landschaften z\u00e4hlt zu den wichtigsten Ursachen f\u00fcr den starken Verlust an Arten und Lebensr\u00e4umen.<\/p>\n\n\n\n<figure class=\"wp-block-image size-large\"><img loading=\"lazy\" decoding=\"async\" width=\"692\" height=\"461\" src=\"https:\/\/wolfgangepplenaturschutzundethik.de\/wp-content\/uploads\/2021\/09\/Bild-06.09.21-um-09.24.jpg\" alt=\"\" class=\"wp-image-4536\" srcset=\"https:\/\/wolfgangepplenaturschutzundethik.de\/wp-content\/uploads\/2021\/09\/Bild-06.09.21-um-09.24.jpg 692w, https:\/\/wolfgangepplenaturschutzundethik.de\/wp-content\/uploads\/2021\/09\/Bild-06.09.21-um-09.24-300x200.jpg 300w\" sizes=\"(max-width: 692px) 100vw, 692px\" \/><figcaption>Die unbelastete Gro\u00dflandschaft des Wesertales und Reinhardswaldes. Foto: Rolf Schulzke<\/figcaption><\/figure>\n\n\n\n<p>Gro\u00dfe, unzerschnittene Naturr\u00e4ume werden in Deutschland immer seltener und damit kostbarer. Der Reinhardswald geh\u00f6rt dazu. Von gleicher Bedeutung ist die Tatsache, dass der vollst\u00e4ndige Reinhardswald als \u201ealter Wald\u201c oder \u201ehistorisch alter Wald\u201c bezeichnet werden darf.<\/p>\n\n\n\n<p class=\"has-vivid-red-color has-text-color\"><strong>Die Arch\u00e4ologie<\/strong><\/p>\n\n\n\n<p>Auch hier nimmt der Reinhardswald eine besondere Stellung ein. Es hei\u00dft, \u201e<em>Der Reinhardswald ist nicht nur voller B\u00e4ume, er ist auch voller Arch\u00e4ologie<\/em>.\u201c Die einzelnen Objekte erstrecken sich \u00fcber gro\u00dfe Teile des Waldes und sollten f\u00fcr tiefgreifende Bauma\u00dfnahmen tabu sein.<\/p>\n\n\n\n<p>Es gilt, dass bisher kein Teilst\u00fcck des Reinhardswaldes durch anthropogene Ma\u00dfnahmen mit den Anspr\u00fcchen der Bodendenkmalspflege in Kollision geraten ist.<\/p>\n\n\n\n<p class=\"has-vivid-red-color has-text-color\"><strong>Die Baudenkm\u00e4ler<\/strong><\/p>\n\n\n\n<p>Hier hat der Reinhardswald mit der Sababurg, dem Tierpark Sababurg und der Anlage Beberbeck wichtige Objekte von hessenweiter Bedeutung vorzuweisen. Die Siedlungsgeschichte der Region ist \u00fcberall zum Anfassen gegenst\u00e4ndlich erlebbar. Die Fachwerkkultur kennzeichnet die St\u00e4dte und D\u00f6rfer. All das korrespondiert intensiv mit der Landschaftswirkung.<\/p>\n\n\n\n<figure class=\"wp-block-image size-large\"><img loading=\"lazy\" decoding=\"async\" width=\"1024\" height=\"768\" src=\"https:\/\/wolfgangepplenaturschutzundethik.de\/wp-content\/uploads\/2021\/08\/Bild-31.08.21-um-10.56-1024x768.jpg\" alt=\"\" class=\"wp-image-4512\" srcset=\"https:\/\/wolfgangepplenaturschutzundethik.de\/wp-content\/uploads\/2021\/08\/Bild-31.08.21-um-10.56-1024x768.jpg 1024w, https:\/\/wolfgangepplenaturschutzundethik.de\/wp-content\/uploads\/2021\/08\/Bild-31.08.21-um-10.56-300x225.jpg 300w, https:\/\/wolfgangepplenaturschutzundethik.de\/wp-content\/uploads\/2021\/08\/Bild-31.08.21-um-10.56-768x576.jpg 768w, https:\/\/wolfgangepplenaturschutzundethik.de\/wp-content\/uploads\/2021\/08\/Bild-31.08.21-um-10.56-1536x1152.jpg 1536w, https:\/\/wolfgangepplenaturschutzundethik.de\/wp-content\/uploads\/2021\/08\/Bild-31.08.21-um-10.56-2048x1536.jpg 2048w\" sizes=\"(max-width: 1024px) 100vw, 1024px\" \/><\/figure>\n\n\n\n<p>Die Summe dieser geschichtstr\u00e4chtigen Einzelobjekte ist ein wesentlicher Baustein f\u00fcr den Leistungsgrad des Erholungs- und Erlebnisraums Reinhardswald, der seit 2017 auch unter dem Label \u201e<em>Naturpark Reinhardswald<\/em>\u201c entwickelt und vermarktet wird (www.naturpark-reinhardswald.de). Windenergieanlagen wirken hier wertzerst\u00f6rend.<\/p>\n\n\n\n<p><\/p>\n\n\n\n<figure class=\"wp-block-image size-large\"><img loading=\"lazy\" decoding=\"async\" width=\"875\" height=\"583\" src=\"https:\/\/wolfgangepplenaturschutzundethik.de\/wp-content\/uploads\/2021\/09\/Bild-06.09.21-um-09.22.jpg\" alt=\"\" class=\"wp-image-4537\" srcset=\"https:\/\/wolfgangepplenaturschutzundethik.de\/wp-content\/uploads\/2021\/09\/Bild-06.09.21-um-09.22.jpg 875w, https:\/\/wolfgangepplenaturschutzundethik.de\/wp-content\/uploads\/2021\/09\/Bild-06.09.21-um-09.22-300x200.jpg 300w, https:\/\/wolfgangepplenaturschutzundethik.de\/wp-content\/uploads\/2021\/09\/Bild-06.09.21-um-09.22-768x512.jpg 768w, https:\/\/wolfgangepplenaturschutzundethik.de\/wp-content\/uploads\/2021\/09\/Bild-06.09.21-um-09.22-700x465.jpg 700w\" sizes=\"(max-width: 875px) 100vw, 875px\" \/><figcaption>Die Wirkung von 240 Meter hohen Anlagen auf die Sababurg. Realistische, ma\u00dfstabsgetreue  Visualisierung. Quelle: https:\/\/rettet-den-reinhardswald.de. Mit freundlicher Genehmigung<\/figcaption><\/figure>\n\n\n\n<p class=\"has-vivid-red-color has-text-color\"><strong>Die Landschaft<\/strong><\/p>\n\n\n\n<p>Der Wald selbst charakterisiert die r\u00e4umliche Wirkung des Reinhardswaldkamms. Die bewaldeten Weserh\u00e4nge und das Flusstal geben dem Abschnitt der Weser zwischen Hann. M\u00fcnden und Bad Karlshafen einen Landschaftsstatus der Sonderklasse.<\/p>\n\n\n\n<p>Keine Eisenbahn, keine Autobahn, keine Hochspannungsleitung greifen hier in die Landschaft ein.<\/p>\n\n\n\n<figure class=\"wp-block-image size-large\"><img loading=\"lazy\" decoding=\"async\" width=\"1024\" height=\"768\" src=\"https:\/\/wolfgangepplenaturschutzundethik.de\/wp-content\/uploads\/2021\/08\/Bild-31.08.21-um-11.04-1-1024x768.jpg\" alt=\"\" class=\"wp-image-4513\" srcset=\"https:\/\/wolfgangepplenaturschutzundethik.de\/wp-content\/uploads\/2021\/08\/Bild-31.08.21-um-11.04-1-1024x768.jpg 1024w, https:\/\/wolfgangepplenaturschutzundethik.de\/wp-content\/uploads\/2021\/08\/Bild-31.08.21-um-11.04-1-300x225.jpg 300w, https:\/\/wolfgangepplenaturschutzundethik.de\/wp-content\/uploads\/2021\/08\/Bild-31.08.21-um-11.04-1-768x576.jpg 768w, https:\/\/wolfgangepplenaturschutzundethik.de\/wp-content\/uploads\/2021\/08\/Bild-31.08.21-um-11.04-1.jpg 1200w\" sizes=\"(max-width: 1024px) 100vw, 1024px\" \/><\/figure>\n\n\n\n<p>Daraus ergeben sich messbare volkswirtschaftliche Effekte, die ein wichtiges Standbein nachhaltiger Wertsch\u00f6pfung sind. Jeder Eingriff mit negativen Folgen richtet hier Schaden an. Batterien von Windr\u00e4dern auf den Kammlagen h\u00e4tten hier kaum absch\u00e4tzbare Folgen.<\/p>\n\n\n\n<p class=\"has-vivid-red-color has-text-color\"><strong>Der Naturschutz<\/strong><\/p>\n\n\n\n<p>Insgesamt 7.445 ha des Waldgebietes sind als FFH-Gebiete, Naturwaldreservat mit Bannwald-Status, Naturschutzgebiete oder Naturwaldentwicklungsfl\u00e4chen (NWE) ausgewiesen. Das sind 37 Prozent des Reinhardswaldes. Ein gro\u00dfer Teil davon steht unter einem Nutzungsverzicht. Besonders erw\u00e4hnenswert ist eine NWE-Fl\u00e4che quer durch den Reinhardswald vom Waldrand an der Weser bis zum Forsthaus Mariendorf mit einer Gr\u00f6\u00dfe von 1.295 ha.<\/p>\n\n\n\n<figure class=\"wp-block-image size-large\"><img loading=\"lazy\" decoding=\"async\" width=\"680\" height=\"1024\" src=\"https:\/\/wolfgangepplenaturschutzundethik.de\/wp-content\/uploads\/2021\/08\/Img_7941-680x1024.jpg\" alt=\"\" class=\"wp-image-4515\" srcset=\"https:\/\/wolfgangepplenaturschutzundethik.de\/wp-content\/uploads\/2021\/08\/Img_7941-680x1024.jpg 680w, https:\/\/wolfgangepplenaturschutzundethik.de\/wp-content\/uploads\/2021\/08\/Img_7941-199x300.jpg 199w, https:\/\/wolfgangepplenaturschutzundethik.de\/wp-content\/uploads\/2021\/08\/Img_7941-768x1157.jpg 768w, https:\/\/wolfgangepplenaturschutzundethik.de\/wp-content\/uploads\/2021\/08\/Img_7941-1020x1536.jpg 1020w, https:\/\/wolfgangepplenaturschutzundethik.de\/wp-content\/uploads\/2021\/08\/Img_7941.jpg 1360w\" sizes=\"(max-width: 680px) 100vw, 680px\" \/><\/figure>\n\n\n\n<p>Aush\u00e4ngeschild der \u00f6kologischen Qualit\u00e4t ist die Wildkatze. <\/p>\n\n\n\n<figure class=\"wp-block-image\"><img decoding=\"async\" src=\"https:\/\/cdn.pixabay.com\/photo\/2016\/05\/09\/18\/15\/wildcat-1382177_960_720.jpg\" alt=\"Wildkatze, Waldkatze, Raubtier, Europ\u00e4isch, Gesch\u00fctzt\"\/><figcaption>Europ\u00e4ische Wildkatze. Foto: Marcel Langthim, <a href=\"https:\/\/pixabay.com\/de\/photos\/wildkatze-waldkatze-raubtier-1382177\/\">Pixabay<\/a><\/figcaption><\/figure>\n\n\n\n<p>Bei der Vogelwelt steht der Schwarzstorch an erster Stelle, der seit zwei Jahrzehnten mit inzwischen mehreren Paaren hier heimisch geworden ist. <\/p>\n\n\n\n<figure class=\"wp-block-image size-large\"><img loading=\"lazy\" decoding=\"async\" width=\"1024\" height=\"680\" src=\"https:\/\/wolfgangepplenaturschutzundethik.de\/wp-content\/uploads\/2021\/08\/DSC_7708-1024x680.jpg\" alt=\"\" class=\"wp-image-4517\" srcset=\"https:\/\/wolfgangepplenaturschutzundethik.de\/wp-content\/uploads\/2021\/08\/DSC_7708-1024x680.jpg 1024w, https:\/\/wolfgangepplenaturschutzundethik.de\/wp-content\/uploads\/2021\/08\/DSC_7708-300x199.jpg 300w, https:\/\/wolfgangepplenaturschutzundethik.de\/wp-content\/uploads\/2021\/08\/DSC_7708-768x510.jpg 768w, https:\/\/wolfgangepplenaturschutzundethik.de\/wp-content\/uploads\/2021\/08\/DSC_7708-1536x1020.jpg 1536w, https:\/\/wolfgangepplenaturschutzundethik.de\/wp-content\/uploads\/2021\/08\/DSC_7708-2048x1360.jpg 2048w, https:\/\/wolfgangepplenaturschutzundethik.de\/wp-content\/uploads\/2021\/08\/DSC_7708-700x465.jpg 700w\" sizes=\"(max-width: 1024px) 100vw, 1024px\" \/><figcaption>Junger Schwarzstorch. Foto: Wolfgang Epple<\/figcaption><\/figure>\n\n\n\n<p>Und in diesem Jahr hat im Reinhardswald als Erstbrutnachweis f\u00fcr Hessen ein Kranichpaar erfolgreich gebr\u00fctet.<\/p>\n\n\n\n<p>Es gilt, dass der Reinhardswald auf Grund seiner vielf\u00e4ltigen Lebensr\u00e4ume und seiner geringen Beeinflussung durch St\u00f6relemente eine besondere Position aus Sicht des Naturschutzes einnimmt. Vergleichbare Naturr\u00e4ume gibt es in Hessen kaum noch. Deshalb ist jeder Eingriff durch den Bau von Windenergieanlagen abzulehnen.<\/p>\n\n\n\n<p class=\"has-vivid-red-color has-text-color\"><strong>Der Erlebniswert<\/strong><\/p>\n\n\n\n<p>Mit der Kennzeichnung als \u201e<em>Schatzhaus der europ\u00e4ischen W\u00e4lder<\/em>\u201c wird der Zauber des Reinhardswaldes sehr gut beschrieben. Man kann unterstellen, dass es keinen Hektar dieses Waldgebietes gibt, der durch anthropogene Einfl\u00fcsse in seinem Erholungs- und Erlebniswert vorgesch\u00e4digt ist.<\/p>\n\n\n\n<figure class=\"wp-block-image size-large\"><img loading=\"lazy\" decoding=\"async\" width=\"1024\" height=\"768\" src=\"https:\/\/wolfgangepplenaturschutzundethik.de\/wp-content\/uploads\/2021\/08\/Bild-31.08.21-um-10.58-1024x768.jpg\" alt=\"\" class=\"wp-image-4519\" srcset=\"https:\/\/wolfgangepplenaturschutzundethik.de\/wp-content\/uploads\/2021\/08\/Bild-31.08.21-um-10.58-1024x768.jpg 1024w, https:\/\/wolfgangepplenaturschutzundethik.de\/wp-content\/uploads\/2021\/08\/Bild-31.08.21-um-10.58-300x225.jpg 300w, https:\/\/wolfgangepplenaturschutzundethik.de\/wp-content\/uploads\/2021\/08\/Bild-31.08.21-um-10.58-768x576.jpg 768w, https:\/\/wolfgangepplenaturschutzundethik.de\/wp-content\/uploads\/2021\/08\/Bild-31.08.21-um-10.58-1536x1152.jpg 1536w, https:\/\/wolfgangepplenaturschutzundethik.de\/wp-content\/uploads\/2021\/08\/Bild-31.08.21-um-10.58-2048x1536.jpg 2048w\" sizes=\"(max-width: 1024px) 100vw, 1024px\" \/><\/figure>\n\n\n\n<p>Es gilt, dass der Reinhardswald insgesamt die Basis f\u00fcr einen natur- und erlebnisorientierten, wertsch\u00f6pfenden Tourismus darstellt. Dies w\u00fcrde der Bau von Windenergieanlagen radikal einschr\u00e4nken.<\/p>\n\n\n\n<p class=\"has-vivid-red-color has-text-color\"><strong>Bilanz<\/strong><\/p>\n\n\n\n<p>Die Energiewende wird bis zum Erreichen der Ziele im Jahr 2050 massivste Eingriffe in die Natur und Landschaft verlangen und tiefgreifende Konsequenzen f\u00fcr die Menschen und unsere \u00f6kologischen Verh\u00e4ltnisse nach sich ziehen.<\/p>\n\n\n\n<p>Deshalb sind umfassende Abw\u00e4gungsprozesse erforderlich, in denen die einzelnen G\u00fcter sensibel miteinander aufgewogen werden.<\/p>\n\n\n\n<p>Der Reinhardswald verf\u00fcgt \u00fcber so viel au\u00dferordentlich wichtiges \u00f6kologisches wie gesellschaftsbezogenes Potenzial, dass er in diesen Auseinandersetzungen geschont und von Windenergieanlagen frei bleiben muss.<\/p>\n\n\n\n<figure class=\"wp-block-image size-large\"><img loading=\"lazy\" decoding=\"async\" width=\"1024\" height=\"768\" src=\"https:\/\/wolfgangepplenaturschutzundethik.de\/wp-content\/uploads\/2021\/08\/Bild-31.08.21-um-10.58-1-1024x768.jpg\" alt=\"\" class=\"wp-image-4520\" srcset=\"https:\/\/wolfgangepplenaturschutzundethik.de\/wp-content\/uploads\/2021\/08\/Bild-31.08.21-um-10.58-1-1024x768.jpg 1024w, https:\/\/wolfgangepplenaturschutzundethik.de\/wp-content\/uploads\/2021\/08\/Bild-31.08.21-um-10.58-1-300x225.jpg 300w, https:\/\/wolfgangepplenaturschutzundethik.de\/wp-content\/uploads\/2021\/08\/Bild-31.08.21-um-10.58-1-768x576.jpg 768w, https:\/\/wolfgangepplenaturschutzundethik.de\/wp-content\/uploads\/2021\/08\/Bild-31.08.21-um-10.58-1-1536x1152.jpg 1536w, https:\/\/wolfgangepplenaturschutzundethik.de\/wp-content\/uploads\/2021\/08\/Bild-31.08.21-um-10.58-1.jpg 1600w\" sizes=\"(max-width: 1024px) 100vw, 1024px\" \/><\/figure>\n\n\n\n<p class=\"has-small-font-size\">* Der nun folgende Aufsatz von Hermman-Josef Rapp erschien mit gleichem Titel zuerst im <strong><em>Jahrbuch Naturschutz in Hessen Band 17\/2018<\/em> <\/strong>und wurde vom dortigen Schriftleiter Dr. Marcus Schmidt f\u00fcr diese Homepage freigegeben. In dieser Publikation wird die Dringlichkeit und Gefahr der drohenden Entwertung des gesamten Naturraumes an der Oberweser und des Reinhardswaldes durch Windkraft deutlich:<\/p>\n\n\n\n<h3 class=\"wp-block-heading\"><strong>Die Energiewende und ihre Folgen<\/strong><\/h3>\n\n\n\n<h3 class=\"wp-block-heading\"><strong>Zerst\u00f6rung der Naturlandschaft des Reinhardswaldes und der Oberweser<\/strong>*<\/h3>\n\n\n\n<p><strong><a href=\"https:\/\/de.wikipedia.org\/wiki\/Hermann-Josef_Rapp\">Hermann-Josef Rapp<\/a><\/strong><\/p>\n\n\n\n<p class=\"has-small-font-size\"><\/p>\n\n\n\n<p class=\"has-vivid-red-color has-text-color has-medium-font-size\"><strong>Einleitung<\/strong><\/p>\n\n\n\n<p>Die Notwendigkeit einer Energiewende steht au\u00dfer Frage. Die Endlichkeit der Vorkommen der fossilen Energietr\u00e4ger ist bekannt. Ebenso ist die Entwicklung des weltweiten Energieverbrauchs mittelfristig absch\u00e4tzbar. Und ebenso unstrittig ist ein gewaltiges Wachstum des strombasierten Energieverbrauchs unter dem Vorzeichen des R\u00fcckgangs der herk\u00f6mmlichen Energiequellen f\u00fcr die Mobilt\u00e4t und die W\u00e4rmegewinnung. Auf die Angabe von Quellen wird angesichts der breiten Darstellung in s\u00e4mtlichen Medienbereichen verzichtet.<\/p>\n\n\n\n<p>Die Nutzung neuer und m\u00f6glichst regenerativer Energiequellen besch\u00e4ftigt die Wissenschaft, wird von milliardenschweren staatlichen F\u00f6rderma\u00dfnahmen massiv unterst\u00fctzt und von ebenso hohen Investitionen der Finanzwelt realisiert. Die physikalischen Grenzen der Energiespeicherung werden unter dem Begriff \u201eGrundlastf\u00e4higkeit\u201c als bekannt vorausgesetzt.&nbsp;Diese Energiewende ver\u00e4ndert unsere Landschaften wie keine andere infrastrukturelle Investition zuvor.&nbsp;<\/p>\n\n\n\n<p>Nicht alle Naturr\u00e4ume unseres Landes sind gleicherma\u00dfen betroffen und nicht \u00fcberall ist die Landschaft als wertsch\u00f6pfendes Element der Region von herausragender Bedeutung. F\u00fcr den Reinhardswald kann man das aber durchaus konstatieren.<\/p>\n\n\n\n<p class=\"has-vivid-red-color has-text-color has-medium-font-size\"><strong>Die Situation im Reinhardswald<\/strong><\/p>\n\n\n\n<p>Die Diskussion \u00fcber die Notwendigkeit und das Ausma\u00df der Energiewende wird auch hier seit Jahren unerbittlich gef\u00fchrt. Zwischen den Bef\u00fcrwortern und Skeptikern ist ein tiefer Graben entstanden. Die Energiefrage spaltet die Gesellschaft, der Riss verl\u00e4uft durch Familien, Nachbar- und Dorfgemeinschaften, Belegschaften und Vereine. Man tauscht sich dar\u00fcber kaum noch aus und vermeidet dieses Thema.<\/p>\n\n\n\n<figure class=\"wp-block-image size-large\"><img loading=\"lazy\" decoding=\"async\" width=\"340\" height=\"293\" src=\"https:\/\/wolfgangepplenaturschutzundethik.de\/wp-content\/uploads\/2021\/08\/Bild-30.08.21-um-09.39-1.jpg\" alt=\"\" class=\"wp-image-4495\" srcset=\"https:\/\/wolfgangepplenaturschutzundethik.de\/wp-content\/uploads\/2021\/08\/Bild-30.08.21-um-09.39-1.jpg 340w, https:\/\/wolfgangepplenaturschutzundethik.de\/wp-content\/uploads\/2021\/08\/Bild-30.08.21-um-09.39-1-300x259.jpg 300w\" sizes=\"(max-width: 340px) 100vw, 340px\" \/><figcaption>Abb. 1: Tal der Oberweser bei Reinhardshagen. Um diese Landschaft geht es. Foto: Archiv der Weserfl\u00f6\u00dfer e.V.<\/figcaption><\/figure>\n\n\n\n<p>Der Naturraum Reinhardswald wird vom Wesertal im Osten und von den T\u00e4lern der Esse und der Diemel im Westen begrenzt. Kernst\u00fcck ist der geschlossene Staatswaldkomplex von mehr als 20.000 ha Gr\u00f6\u00dfe, der 1995 von Schweizer Schriftstellern als \u201eSchatzhaus der europ\u00e4ischen W\u00e4lder\u201c (Eggmann und Steiner, 1995) bezeichnet wurde. Diese Wertung blieb bisher unwidersprochen und entwickelte sich zum Werbeslogan f\u00fcr die Region.<\/p>\n\n\n\n<p>In unz\u00e4hligen Rundfunk- und Fernsehbeitr\u00e4gen, Zeitschriften- und Zeitungsbeitr\u00e4gen, Reisef\u00fchrern, B\u00fcchern und Internetauftritten werden die Attraktivit\u00e4t und die Einzigartigkeit des Reinhardswaldes weltweit beschrieben. Die hessische Staatskanzlei nutzt das Bild der Sababurg in ihrem Internetauftritt (<a href=\"http:\/\/www.staatskanzlei.hessen\/\">www.staatskanzlei.hessen<\/a>.de).&nbsp;&nbsp;&nbsp;Im November 2017 nahm der neugegr\u00fcndete Naturpark Reinhardswald (<a href=\"http:\/\/www.reinhardswald.de\/cms\/startseite\/\">www.reinhardswald.de\/cms\/startseite\/<\/a>) seine Arbeit auf. Damit erf\u00fcllte sich eine jahrelange Forderung engagierter B\u00fcrger und der Kommunalpolitik.<\/p>\n\n\n\n<p>Ein wesentliches Landschaftselement ist das Tal der Oberweser, das zwischen Hann. M\u00fcnden und Bad Karlshafen entlang von Reinhardswald, Bramwald und Solling unbelastet durch Autobahn, Bahnstrecken oder Hochspannungsleitungen zu den sch\u00f6nsten deutschen Flusslandschaften z\u00e4hlt. Zusammen mit dem Begriff der M\u00e4rchenwelt der Br\u00fcder Grimm z\u00e4hlt diese hochwertige Landschaft zu den Fundamenten der regionalen Wirtschaftsentwicklung und ist ein wichtiger weicher Standortfaktor im Wettbewerb der Kommunen um die Sicherung ihrer Einwohnerzahlen.&nbsp;Der Umgang mit den Landschaftsressourcen im Rahmen der Energiewende hat deshalb hier eine besondere Bedeutung und wird in der Bev\u00f6lkerung auch aufmerksam diskutiert. Es steht sehr viel auf dem Spiel. Bei der Standardfrage: \u201eWollt Ihr etwa Atomstrom?\u201c an die Kritiker von Windenergieanlagen gibt es eine Besonderheit. Bis 1994 war 4,6 km Luftlinie von der Nordspitze des Reinhardswaldes entfernt das Kernkraftwerk W\u00fcrgassen in Betrieb (<a href=\"http:\/\/www.wikipedia.org\/wiki\/kernkraftwerk_w%C3%BC\">www.wikipedia.org\/wiki\/kernkraftwerk_w\u00fcrgassen<\/a>).&nbsp;&nbsp;Die Diskussion \u00fcber diese Einrichtung ist vielen Bewohnern noch in lebhafter Erinnerung.<\/p>\n\n\n\n<p class=\"has-vivid-red-color has-text-color has-medium-font-size\"><strong>Wie ist es um die alternativen Energien in der Region bestellt?<\/strong><\/p>\n\n\n\n<p><strong>Wasserkraft<\/strong><\/p>\n\n\n\n<p>Sie hat die gr\u00f6\u00dfte Tradition um den Reinhardswald herum. Spielt aber trotzdem keine wesentliche Rolle. An der Diemel gibt es mehrere kleine Wasserkraftwerke. An der Unteren Fulda zwischen Kassel und Hann. M\u00fcnden ist nur an der Staustufe Wahnhausen eine Anlage in Betrieb. Der Beitrag der Wasserkraft zur Energiewende ist in der Region marginal. Weitergehende Belastungen der Umwelt sind von ihr nicht zu erwarten.<\/p>\n\n\n\n<p><strong>Fotovoltaik<\/strong><\/p>\n\n\n\n<p>Fotovoltaikanlagen haben hier bisher eine untergeordnete Bedeutung. Es sind lediglich zwei gr\u00f6\u00dfere Anlagen auf ehemals landwirtschaftlichen Fl\u00e4chen vorhanden. Die Potenziale auf Haus-, Logistik- und Industried\u00e4chern, auf kommunalen und landwirtschaftlichen Geb\u00e4uden sind nicht ann\u00e4hernd genutzt. Das l\u00e4sst sich bei einer Betrachtung per GoogleEarth oder bei einer Besichtigungsreise der St\u00e4dte und Gemeinden unzweifelhaft erkennen. Der Naturraum Reinhardswald wird bisher durch die Fotovoltaik nicht gesch\u00e4digt und w\u00fcrde auch bei einem weiteren Ausbau kaum Schaden nehmen, wenn man auf Freifl\u00e4chenanlagen verzichtet.<\/p>\n\n\n\n<p><strong>Biogas<\/strong><\/p>\n\n\n\n<p>Das sieht bei der Energiewinnung aus Biogasanlagen v\u00f6llig anders aus.&nbsp;In den T\u00e4lern von Weser, Esse und Diemel sind mehrere Biogasanlagen in Betrieb und haben zu einer massiven Ver\u00e4nderung der Landnutzung gef\u00fchrt.<\/p>\n\n\n\n<figure class=\"wp-block-image size-large\"><img loading=\"lazy\" decoding=\"async\" width=\"1024\" height=\"768\" src=\"https:\/\/wolfgangepplenaturschutzundethik.de\/wp-content\/uploads\/2021\/08\/Bild-30.08.21-um-09.39-1024x768.jpg\" alt=\"\" class=\"wp-image-4496\" srcset=\"https:\/\/wolfgangepplenaturschutzundethik.de\/wp-content\/uploads\/2021\/08\/Bild-30.08.21-um-09.39-1024x768.jpg 1024w, https:\/\/wolfgangepplenaturschutzundethik.de\/wp-content\/uploads\/2021\/08\/Bild-30.08.21-um-09.39-300x225.jpg 300w, https:\/\/wolfgangepplenaturschutzundethik.de\/wp-content\/uploads\/2021\/08\/Bild-30.08.21-um-09.39-768x576.jpg 768w, https:\/\/wolfgangepplenaturschutzundethik.de\/wp-content\/uploads\/2021\/08\/Bild-30.08.21-um-09.39-1536x1152.jpg 1536w, https:\/\/wolfgangepplenaturschutzundethik.de\/wp-content\/uploads\/2021\/08\/Bild-30.08.21-um-09.39-2048x1536.jpg 2048w\" sizes=\"(max-width: 1024px) 100vw, 1024px\" \/><figcaption>Abb. 2: Maisanbau im Landschaftsschutzgebiet in der Gemeinde Reinhardshagen. Foto: H.-J. Rapp<\/figcaption><\/figure>\n\n\n\n<p>Die \u201eVermaisung\u201c der Landschaft ist un\u00fcbersehbar, f\u00fchrt zu einer radikalen Ver\u00e4nderung des Landschaftsbildes und schr\u00e4nkt den Wert des Offenlandes als Erholungsraum f\u00fcr Wanderer und Radfahrer sp\u00fcrbar ein.<\/p>\n\n\n\n<p>Die negativen Folgewirkungen des Maisanbaus f\u00fcr die empfindlichen Auenb\u00f6den und f\u00fcr die ehemaligen Gr\u00fcnlandfl\u00e4chen an den geneigten Unterh\u00e4ngen sind allgemein bekannt. Die Verarmung von Flora und Fauna haben sich zu einem gesellschaftlichen Problem entwickelt. So hat sich in Hessen die Maisanbaufl\u00e4che von 2010 bis 2017 um 29 % gesteigert (<a href=\"http:\/\/www.statistik.hessen.de\/\">www.statistik.hessen.de<\/a>). Im Wesertal ist davon weitgehend auch das Gebiet des Landschaftsschutzgebietes \u201eAuenverbund Weser\u201c (<a href=\"http:\/\/www.rp-kassel.hessen.de)\/\">www.rp-kassel.hessen.de)<\/a>&nbsp;mit einer Gr\u00f6\u00dfe von 1.100 ha betroffen.<\/p>\n\n\n\n<p><strong>Energieholz<\/strong><\/p>\n\n\n\n<p>Heizenergie aus dem nachwachsenden Rohstoff Holz hat im l\u00e4ndlichen Raum seine uralte Bedeutung nicht verloren und hat bei der W\u00e4rmeversorgung zahlreicher Wohngeb\u00e4ude eine zentrale Funktion. Au\u00dferdem sind mehrere meistens kommunale Holzhackschnitzel-Heizanlagen um den Reinhardswald herum in Betrieb. Die Holzversorgung erfolgt weitgehend aus der Region. Konflikte mit dem Landschafts- oder dem Naturschutz gibt es bei dieser Energieform hier nicht.&nbsp; Angebot und Nachfrage haben sich in der Region eingespielt. Eine weitere Steigerung der Energieholzliefermenge ist aber kaum m\u00f6glich.<\/p>\n\n\n\n<p><strong>Energie aus Kurzumtriebsplantagen<\/strong><\/p>\n\n\n\n<p>Diese Form der Energiegewinnung hat im Wesertal bundesweit eine besondere Geschichte.<\/p>\n\n\n\n<p>Sie begann im Jahr 1976 (Dr. Martin Hofmann, Hann. M\u00fcnden, m\u00fcndlich, 2018) in der damaligen Hessischen Forstlichen Versuchsanstalt in Hann. M\u00fcnden in Zusammenarbeit mit dem fr\u00fcheren Forschungsinstitut f\u00fcr schnellwachsende Baumarten, das ebenfalls in Hann. M\u00fcnden ans\u00e4ssig war. Im benachbarten Reinhardshagen wurden Versuchsfl\u00e4chen mit Pappeln und Weiden angelegt, um die Leistungsf\u00e4higkeit verschiedener Arten und Sorten zu testen. Nutzungs- und Umtriebszeitvarianten, Stecklingsdichte und die Art der Bodenvorbereitung wurden versuchsm\u00e4\u00dfig mit der Zielgr\u00f6\u00dfe Trockenmasseertrag pro Hektar untersucht. Die Tradition dieser Versuchsarbeit existiert noch heute.&nbsp;<\/p>\n\n\n\n<p><\/p>\n\n\n\n<figure class=\"wp-block-image size-large\"><img loading=\"lazy\" decoding=\"async\" width=\"1024\" height=\"768\" src=\"https:\/\/wolfgangepplenaturschutzundethik.de\/wp-content\/uploads\/2021\/08\/Bild-30.08.21-um-09.38-1024x768.jpg\" alt=\"\" class=\"wp-image-4498\" srcset=\"https:\/\/wolfgangepplenaturschutzundethik.de\/wp-content\/uploads\/2021\/08\/Bild-30.08.21-um-09.38-1024x768.jpg 1024w, https:\/\/wolfgangepplenaturschutzundethik.de\/wp-content\/uploads\/2021\/08\/Bild-30.08.21-um-09.38-300x225.jpg 300w, https:\/\/wolfgangepplenaturschutzundethik.de\/wp-content\/uploads\/2021\/08\/Bild-30.08.21-um-09.38-768x576.jpg 768w, https:\/\/wolfgangepplenaturschutzundethik.de\/wp-content\/uploads\/2021\/08\/Bild-30.08.21-um-09.38-1536x1152.jpg 1536w, https:\/\/wolfgangepplenaturschutzundethik.de\/wp-content\/uploads\/2021\/08\/Bild-30.08.21-um-09.38-2048x1536.jpg 2048w\" sizes=\"(max-width: 1024px) 100vw, 1024px\" \/><figcaption>Abb. 3: Kurzumtrieb mit schnellwachsenden Baumarten. Versuchsanlage der Nordwestdeutschen Forstlichen Versuchsanstalt in der Gemarkung Reinhardshagen-Vaake. Foto: H.-J. Rapp.<\/figcaption><\/figure>\n\n\n\n<p>Die Gesamtbilanz des Kurzumtriebs gegen\u00fcber dem Maisanbau spricht eine deutliche Sprache. Ein Gutachten der Wissenschaftlichen Beir\u00e4te f\u00fcr Agrarpolitik und f\u00fcr Waldpolitik beim BMEL beschreibt, dass die Stromproduktion pro Jahr und Hektar etwa gleich hoch wie die des Maisanbaus ist, die Treibhausgasemissionen aber um ein Vielfaches geringer sind (BMEL, 2016). Au\u00dferdem ist die Habitatqualit\u00e4t der Kurzumtriebsfl\u00e4chen h\u00f6her als die des Maisanbaus, die Wirkung auf das Landschaftsbild wird eher akzeptiert und die Belastung durch die Bodenbearbeitung und den D\u00fcnger- und Pestizideintrag ist wesentlich g\u00fcnstiger. Angesichts dieser positiven Effekte ist es erstaunlich, dass der Anteil solcher Kurzumtriebsplantagen 2014 nur knapp 11.000 ha (BMEL, 2016) in Deutschland betrug.&nbsp;<\/p>\n\n\n\n<p><strong>Windenergie<\/strong><\/p>\n\n\n\n<p>Die folgenschwersten Auswirkungen der Energiewende f\u00fcr den Naturraum gehen von den Windenergieanlagen aus.<\/p>\n\n\n\n<p>Bei einer Wirkungsh\u00f6he von mehr als 200 m greifen sie erheblich in das Landschaftsbild ein, f\u00fchren zu kaum messbaren Verlusten in der Vogelwelt und der Fledermausfauna und verlangen massive Eingriffe in den Boden. Zum Bau und zum weiteren Betrieb wird ein \u00fcber den normalen Forststandard hinausgehendes Wegenetz ben\u00f6tigt. Der Wald wird zu einer Industrieanlage. Zusammen mit der jeweiligen Rodungsfl\u00e4che f\u00fcr die Windr\u00e4der wird die Struktur des Waldes fundamental gest\u00f6rt und ger\u00e4t damit auf Kollisionskurs zu den klassischen Grunds\u00e4tzen des nachhaltigen Waldbaus.&nbsp;&nbsp;Das Thema soll in diesem Fall auf die Windenergieanlagen im Wald reduziert werden. Hier ist der Reinhardswald besonders betroffen.<\/p>\n\n\n\n<p>Die Klimaziele der deutschen Politik auf Bundes- (<a href=\"http:\/\/www.umweltbundesamt.de\/\">www.umweltbundesamt.de<\/a>) wie auf Landesebene (<a href=\"http:\/\/www.umwelt.hessen.de\/\">www.umwelt.hessen.de<\/a>) werden als bekannt vorausgesetzt.&nbsp;Bei der Umstellung auf alternative Energiequellen bekommen Fotovoltaik und Windenergie eine hervorgehobene Rolle.&nbsp;Hessen hat sich zum Ziel gesetzt, 2 % der Landesfl\u00e4che als Suchraum f\u00fcr Windenergieanlagen auszuweisen (<a href=\"http:\/\/www.umwelt.hessen.de\/\">www.umwelt.hessen.de<\/a>) . Dabei werden die Waldfl\u00e4chen nicht ausgenommen. Lediglich der Nationalpark Kellerwald, der Bergpark Wilhelmsh\u00f6he und Teile des Biosph\u00e4renreservats Rh\u00f6n werden laut Umweltbericht des Teilregionalplans Nordhessen geschont (<a href=\"http:\/\/www.rp-kassel.hessen.de\/\">www.rp-kassel.hessen.de<\/a>).<\/p>\n\n\n\n<p>Der Reinhardswald ist stark betroffen. Im Teilregionalplan sind hier 10 Vorranggebiete mit insgesamt 2.141 ha Gr\u00f6\u00dfe ausgewiesen (<a href=\"http:\/\/www.rp-kassel.hessen.de\/\">www.rp-kassel.hessen.de<\/a>). Das sind mehr als 10 % der Waldfl\u00e4che. Verteilt \u00fcber den gesamten Bereich aber konzentriert auf die angeblich besonders windh\u00f6ffigen Hochlagen wird das gesamte landschaftliche Profil des Wesertals, der Fernblick von Westen und vom S\u00fcden auf den Reinhardswald sowie das Landschaftspanorama um die Sababurg negativ beeinflusst. Besonders betroffen ist das Dorf Gottsb\u00fcren, das von den Planungen f\u00f6rmlich umzingelt wird. Auf gro\u00dfes Unverst\u00e4ndnis st\u00f6\u00dft auch der Suchraum KS 04c, der unmittelbar an der Nordgrenze des 2001 er\u00f6ffneten Friedwaldes Reinhardswald liegt, der mit einer Gr\u00f6\u00dfe von 116 ha der gr\u00f6\u00dfte Friedhof Hessens ist und auf dem bisher etwa 6.500 Bestattungen (Forstamt Reinhardshagen, m\u00fcndlich, 2018) vorgenommen worden sind. Hier kollidiert die Windenergie massiv mit dem Anspruch der Totenruhe.<\/p>\n\n\n\n<p>Bei der Offenlegung der Planungen im Fr\u00fchjahr 2013 sind rund 15.000 Stellungnahmen eingegangen, im Jahr 2015 waren es sogar 32.000 (<a href=\"http:\/\/www.rp-kassel.de\/\">www.rp-kassel.de<\/a>) . Die Durchsetzung der Planungen wird dadurch erleichtert, dass praktisch die gesamte Suchraumfl\u00e4che innerhalb des gemeindefreien Gutsbezirks Reinhardswald (<a href=\"http:\/\/www.hessen-forst.de\/\">www.hessen-forst.de<\/a>) liegt, in dem es keine basisdemokratische kommunale B\u00fcrgermitwirkung gibt.<\/p>\n\n\n\n<p>Die Stimmung in der Bev\u00f6lkerung der Region schwankt zwischen Verzweifelung und Gleichg\u00fcltigkeit. Es haben sich mehrere B\u00fcrgerinitiativen gebildet, die den windkraftkritischen B\u00fcrgern eine Plattform bieten und die Diskussion, \u00fcber die Vertretbarkeit und das Ausma\u00df der Vorhaben f\u00fchren. Die einflussreichen Naturschutzorganisationen BUND, NABU und HGON haben sich vor Ort nicht an den Diskussionen beteiligt, was zu Missstimmungen gef\u00fchrt hat. Lediglich die Schutzgemeinschaft Deutscher Wald e. V. (SDW) hat sich eindeutig gegen die Windkraft im Wald positioniert und im ersten Antragsverfahren Klage eingereicht.<\/p>\n\n\n\n<p>Die B\u00fcrger vermissen auch Stellungnahmen der hier arbeitenden Tourismusverb\u00e4nde, der DEHOGA, des Regionalmanagements, der IHK und der Handwerkskammer, da mit den Windkraftplanungen ein ganz wesentliches Element der Regionalentwicklung und der wirtschaftlichen Perspektiven der Region fundamental gesch\u00e4digt wird.<\/p>\n\n\n\n<p>Aus Naturschutzsicht steht im Reinhardswald sehr viel auf dem Spiel. Die fast v\u00f6llige Unzerschnittenheit des gr\u00f6\u00dften zusammenh\u00e4ngenden Waldgebietes Hessen, die Funktion als l\u00e4rmfreier Raum, das hochwertige Landschaftsbild&nbsp;&nbsp;und ein unbelasteter Erholungsraum w\u00fcrden hochgradig entwertet. Ein au\u00dfergew\u00f6hnlich hochkar\u00e4tiger Lebensraum mit einem sch\u00fctzenswerten Arteninventar w\u00fcrde in seiner Substanz getroffen.&nbsp;<\/p>\n\n\n\n<p class=\"has-vivid-red-color has-text-color has-medium-font-size\"><strong>Wie geht es weiter?<\/strong><\/p>\n\n\n\n<p>Die Energiewende ver\u00e4ndert unsere Umwelt und spaltet die Gesellschaft.<\/p>\n\n\n\n<p>In Hessen werden die charakteristischen Mittelgebirgslandschaften besonders durch Windenergieanlagen radikal ver\u00e4ndert.<\/p>\n\n\n\n<p>Energiewende um jeden Preis darf es nicht geben. Solche Gedanken bei der Umsetzung politischer Ziele sind weder bei Stra\u00dfen- oder Bahnstreckenplanungen verfolgt worden. Eine \u00e4hnliche Genese hat h\u00f6chstens der Frankfurter Flughafen vorzuweisen.<\/p>\n\n\n\n<p>Abw\u00e4gungsprozesse sollten die Grundlage bilden und die Ziele&nbsp;&nbsp;basisdemokratisch festgelegt werden.<\/p>\n\n\n\n<p>Landschaftsr\u00e4ume der Sonderklasse m\u00fcssen dabei zu Tabuzonen werden. Und der Reinhardswald geh\u00f6rt zu dieser Kategorie. Hier darf es keine Windenergieanlagen geben.<\/p>\n\n\n\n<p>Diese Meinung findet in der Bev\u00f6lkerung und Beobachtern der Entwicklung aus ganz Deutschland breite Unterst\u00fctzung.<\/p>\n\n\n\n<p class=\"has-vivid-red-color has-text-color has-medium-font-size\"><strong>Literatur:&nbsp;<\/strong><\/p>\n\n\n\n<p class=\"has-small-font-size\">Eggmann. V.; Steiner, B. (1995): Baumzeit. Z\u00fcrich.<\/p>\n\n\n\n<p class=\"has-small-font-size\">BMEL (2016): Wissenschaftlicher Beirat f\u00fcr Agrarpolitik, Ern\u00e4hrung und gesundheitlichen Verbraucherschutz und Wissenschaftlicher Beirat f\u00fcr Waldpolitik&nbsp;&nbsp;beim Bundesministerium f\u00fcr Ern\u00e4hrung und Landwirtschaft: Klimaschutz in der Land- und Forstwirtschaft sowie den nachgelagerten Bereichen Ern\u00e4hrung und Holzverwendung. Gutachten November 2016. Berlin.&nbsp;&nbsp;&nbsp;&nbsp;<\/p>\n\n\n\n<p class=\"has-vivid-red-color has-text-color has-medium-font-size\"><strong>Kontakt zum Autor<\/strong>:<\/p>\n\n\n\n<p><em>Hermann-Josef Rapp; Leipziger Str. 15; 34359 Reinhardshagen; <a href=\"mailto:h-j.rapp@t-online.de\">h-j.rapp@t-online.de<\/a><\/em><\/p>\n\n\n\n<figure class=\"wp-block-image size-large\"><img loading=\"lazy\" decoding=\"async\" width=\"1024\" height=\"683\" src=\"https:\/\/wolfgangepplenaturschutzundethik.de\/wp-content\/uploads\/2021\/08\/Bild-31.08.21-um-11.22-1024x683.jpg\" alt=\"\" class=\"wp-image-4523\" srcset=\"https:\/\/wolfgangepplenaturschutzundethik.de\/wp-content\/uploads\/2021\/08\/Bild-31.08.21-um-11.22-1024x683.jpg 1024w, https:\/\/wolfgangepplenaturschutzundethik.de\/wp-content\/uploads\/2021\/08\/Bild-31.08.21-um-11.22-300x200.jpg 300w, https:\/\/wolfgangepplenaturschutzundethik.de\/wp-content\/uploads\/2021\/08\/Bild-31.08.21-um-11.22-768x512.jpg 768w, https:\/\/wolfgangepplenaturschutzundethik.de\/wp-content\/uploads\/2021\/08\/Bild-31.08.21-um-11.22.jpg 1228w\" sizes=\"(max-width: 1024px) 100vw, 1024px\" \/><\/figure>\n\n\n\n<p>Soweit der aufr\u00fcttelnde Artikel von H.-J. Rapp aus 2018. <\/p>\n\n\n\n<p><\/p>\n\n\n\n<p>Abschlie\u00dfend:<\/p>\n\n\n\n<h4 class=\"wp-block-heading\"><strong>Anmerkungen zur absoluten Dringlichkeit und zum \u00fcber\u00f6rtlichen Bezug des Anliegens<\/strong><\/h4>\n\n\n\n<p>von Wolfgang Epple<\/p>\n\n\n\n<p>Ich danke Hermman-Josef Rapp f\u00fcr seinen Beitrag aus 2018 und die einleitende Aktualisierung der Situation des Reinhardwaldes.<\/p>\n\n\n\n<p>Beim Schutz solch herausragender Landschaften wird <strong>Ganzheitlichkeit des Naturschutzes<\/strong>, die den Menschen im Mittelpunkt und im Blick beh\u00e4lt, greifbar: <\/p>\n\n\n\n<p>Die landschaftlich einzigartigen und weitgehend naturnah gebliebenen Bereiche der Oberweser mit dem Reinhardswald und die wie eine Symbiose anmutende Bezogenheit der durch Fachwerk gepr\u00e4gten D\u00f6rfer und St\u00e4dte in der Mitte Deutschlands zu &#8222;ihrer&#8220; Landschaft sprechen unmittelbar zu uns &#8211; sie sprechen f\u00fcr den Zusammenklang aus <em>Au\u00dfen<\/em> und <em>Innen<\/em>, die Einheit aus <em>erforschbarer<\/em> Vielseitigkeit der Natur und ihrer<em> f\u00fchlbaren<\/em>, <em>emotional ber\u00fchrenden<\/em> Sch\u00f6nheit. Natur und Kultur begegnet uns in Harmonie &#8211; ein weitgehend unversehrtes Kernland Mitteleuropas im besten Sinne. <\/p>\n\n\n\n<p>Es sind diese letzten nicht nicht durch Siedlung, Industrie und Verkehr &#8222;verbrauchten&#8220; Bereiche unseres Landes, die sich bei tieferer, auch fachlich fundierter Betrachtung und seelischer Erschlie\u00dfung ihrer rar gewordener Geschlossenheit und Ruhe als kaum bezifferbare Sch\u00e4tze erweisen. Es sind R\u00fcckzugsr\u00e4ume f\u00fcr Mensch und Natur, die wir auch im Sinne der  Generationengerechtigkeit in unserem so dicht besiedelten Land in die Zukunft retten m\u00fcssen.<\/p>\n\n\n\n<p>Im Rahmen von Energiewende und einseitig auf Technik fixiertem &#8222;Klimaschutz&#8220; werden wir Zeugen des  Verlustes dieser Sch\u00e4tze. Aus aktuellem Anlass der Invasion der Windkraft in die W\u00e4lder habe ich deshalb im August 2021 eine Seite zur <a href=\"https:\/\/wolfgangepplenaturschutzundethik.de\/?page_id=4447\"><strong><em>Auslieferung der Staatsw\u00e4lder an die Windkraftindustrie<\/em><\/strong> auf dieser Homepage<\/a> publiziert.<\/p>\n\n\n\n<p>Dort ist der Reinhardswald als herausragendes Beispiel der beklemmenden Entwicklung aufgef\u00fchrt, mit Hinweis auf die <a href=\"https:\/\/www.forstpraxis.de\/wertschoepfung-der-windparks-im-reinhardswald-bleibt-in-der-region\/\">(politisch) Verantwortlichen<\/a>. <\/p>\n\n\n\n<p>Den fundierten, \u00fcber alle politischen Grenzen hinweg im besten Sinne staatsb\u00fcrgerlich verankerten Widerstand  gegen die Zerst\u00f6rung des Reinhardswaldes durch die Windkraftindustrie finden Naturfreunde hier:<\/p>\n\n\n\n<p><a href=\"https:\/\/windpark-reinhardswald-dagegen.de\/\"><strong>Windpark Reinhardswald &#8211; Dagegen!<\/strong><\/a><\/p>\n\n\n\n<p><a href=\"https:\/\/rettet-den-reinhardswald.de\"><strong>Rettet-den Reinhardswald!<\/strong><\/a><\/p>\n\n\n\n<p>Im Rahmen dieses Widerstandes hat Hermann-Josef Rapp einen weiteren Blog-Beitrag  verfasst, den ich nur empfehlen kann:<a href=\"https:\/\/windpark-reinhardswald-dagegen.de\/2020\/11\/irrglaube-zum-thema-fichte-windwurf-und-borkenkaefer\/\"> <strong><em>Irrglaube zum Thema Fichte, Windwurf und Borkenk\u00e4fer<\/em><\/strong><\/a>. F\u00fcr Interessierte sei besonders die dortige <a href=\"https:\/\/windpark-reinhardswald-dagegen.de\/2020\/10\/linkliste\/\">Link-Liste<\/a> empfohlen. Meine Leser bitte ich, diesen Widerstand durch Mitzeichnen von Petitionen und\/oder Spenden zu unterst\u00fctzen! <a href=\"https:\/\/www.regenwald.org\/petitionen\/1184\/keine-windkraftanlagen-im-wald\"><strong>Hier geht es zu einer wichtigen Petition.<\/strong><\/a> <\/p>\n\n\n\n<p>Der Reinhardswald wird unter <a href=\"https:\/\/www.naturpark-reinhardswald.de\">&#8222;<strong><em>Grimm Heimat Nordhessen<\/em>&#8222;<\/strong> in der Homepage des Naturparks Reinhardswald <\/a>touristisch beworben. Kein Wort zu den Windkraftpl\u00e4nen, auch dann nicht, wenn man auf dieser Homepage des Naturparkes <em>Windkraft<\/em> als Suchbegriff eingibt. Wie f\u00fcr andere mit &#8222;Naturpark&#8220; etikettierte Gro\u00dflandschaften Deutschlands droht der Begriff &#8222;Naturpark&#8220; im Zeichen der Energiewende ein mehr oder weniger wertloser Aufkleber zu werden.<\/p>\n\n\n\n<figure class=\"wp-block-image size-large\"><img loading=\"lazy\" decoding=\"async\" width=\"692\" height=\"461\" src=\"https:\/\/wolfgangepplenaturschutzundethik.de\/wp-content\/uploads\/2021\/09\/Bild-06.09.21-um-09.25.jpg\" alt=\"\" class=\"wp-image-4538\" srcset=\"https:\/\/wolfgangepplenaturschutzundethik.de\/wp-content\/uploads\/2021\/09\/Bild-06.09.21-um-09.25.jpg 692w, https:\/\/wolfgangepplenaturschutzundethik.de\/wp-content\/uploads\/2021\/09\/Bild-06.09.21-um-09.25-300x200.jpg 300w\" sizes=\"(max-width: 692px) 100vw, 692px\" \/><figcaption>\u00c4sthetisch und \u00f6kologisch h\u00f6chst wertvoll: Wald-Offenland-Mosaik im Reinhardswald. Foto: Rolf Schulzke<\/figcaption><\/figure>\n\n\n\n<p><\/p>\n\n\n\n<p>Ich schlie\u00dfe mich dem Fazit Hermann-Josef Rapps in seinen Vorbemerkungen an, und will diese Bilanz noch einmal in aller Dringlichkeit Wort f\u00fcr Wort wiederholen:<\/p>\n\n\n\n<p class=\"has-vivid-red-color has-text-color has-medium-font-size\"> <strong>Der Reinhardswald verf\u00fcgt \u00fcber so viel au\u00dferordentlich wichtiges \u00f6kologisches wie gesellschaftsbezogenes Potenzial, dass er in diesen Auseinandersetzungen geschont und von Windenergieanlagen frei bleiben muss.<\/strong><\/p>\n\n\n\n<p>Mehr noch: <\/p>\n\n\n\n<p class=\"has-vivid-red-color has-text-color has-medium-font-size\"><strong>Der Reinhardswald steht stellvertretend f\u00fcr die Problematik der politisch initiierten Auslieferung der Staatsw\u00e4lder an die Windkraftindustrie. Von Seite und aus Sicht eines ganzheitlichen Naturschutzes kann nur noch einmal dringend an alle Verantwortlichen appelliert werden, die dem &#8222;Klimaschutz&#8220; und dem Erhalt der Lebensgrundlagen abtr\u00e4gliche  Sch\u00e4digung der W\u00e4lder durch Windkraftindustrie endlich im Sinne einer umfassenden, den Werten unseres Rechtsstaates und seiner Verfassung gen\u00fcgenden G\u00fcterabw\u00e4gung  in ganz Deutschland zu beenden. Der Windkraftindustrie, die Naturschutz, Klima- und Weltrettung f\u00fcr sich in Anspruch nimmt, st\u00fcnde es gut zu Gesicht, auf die Zerst\u00f6rung wertvoller Natur freiwillig zu verzichten. Im Reinhardswald, in Deutschland, in Europa, weltweit.<\/strong><\/p>\n","protected":false},"excerpt":{"rendered":"<p>von Hermann-Josef Rapp, Reinhardshagen Vorbemerkungen zum Stand der Dinge im Sommer 2021 Die eingebetteten Fotos vermitteln Impressionen aus dem Reinhardswald mit dem Wesertal. Alle Fotos: &hellip; <\/p>\n","protected":false},"author":1,"featured_media":0,"parent":0,"menu_order":0,"comment_status":"closed","ping_status":"closed","template":"","meta":{"om_disable_all_campaigns":false,"_monsterinsights_skip_tracking":false,"_monsterinsights_sitenote_active":false,"_monsterinsights_sitenote_note":"","_monsterinsights_sitenote_category":0,"footnotes":""},"class_list":["post-4493","page","type-page","status-publish","hentry"],"aioseo_notices":[],"_links":{"self":[{"href":"https:\/\/wolfgangepplenaturschutzundethik.de\/index.php?rest_route=\/wp\/v2\/pages\/4493"}],"collection":[{"href":"https:\/\/wolfgangepplenaturschutzundethik.de\/index.php?rest_route=\/wp\/v2\/pages"}],"about":[{"href":"https:\/\/wolfgangepplenaturschutzundethik.de\/index.php?rest_route=\/wp\/v2\/types\/page"}],"author":[{"embeddable":true,"href":"https:\/\/wolfgangepplenaturschutzundethik.de\/index.php?rest_route=\/wp\/v2\/users\/1"}],"replies":[{"embeddable":true,"href":"https:\/\/wolfgangepplenaturschutzundethik.de\/index.php?rest_route=%2Fwp%2Fv2%2Fcomments&post=4493"}],"version-history":[{"count":31,"href":"https:\/\/wolfgangepplenaturschutzundethik.de\/index.php?rest_route=\/wp\/v2\/pages\/4493\/revisions"}],"predecessor-version":[{"id":4548,"href":"https:\/\/wolfgangepplenaturschutzundethik.de\/index.php?rest_route=\/wp\/v2\/pages\/4493\/revisions\/4548"}],"wp:attachment":[{"href":"https:\/\/wolfgangepplenaturschutzundethik.de\/index.php?rest_route=%2Fwp%2Fv2%2Fmedia&parent=4493"}],"curies":[{"name":"wp","href":"https:\/\/api.w.org\/{rel}","templated":true}]}}