{"id":4619,"date":"2021-09-20T13:18:03","date_gmt":"2021-09-20T13:18:03","guid":{"rendered":"https:\/\/wolfgangepplenaturschutzundethik.de\/?page_id=4619"},"modified":"2025-04-04T09:16:27","modified_gmt":"2025-04-04T09:16:27","slug":"windkraft-im-ebersberger-forst-die-drohende-entwertung-der-gruenen-lunge-muenchens-ist-zukunft-mit-strengem-schutz-eine-utopie","status":"publish","type":"page","link":"https:\/\/wolfgangepplenaturschutzundethik.de\/?page_id=4619","title":{"rendered":"Windkraft im Ebersberger Forst:  Eine Entwertung der gr\u00fcnen Lunge M\u00fcnchens &#8211;  ist Zukunft mit strengem Schutz eine Utopie?"},"content":{"rendered":"\n<p>Das Beitragsbild zeigt einen Blick auf Ebersberg, aus dem Wald heraus. Foto: Wolfgang Epple<\/p>\n\n\n\n<p>erstmals ver\u00f6ffentlicht 2021; <\/p>\n\n\n\n<p>erg\u00e4nzt 2023, 2024, 2025<\/p>\n\n\n\n<h4 class=\"wp-block-heading\"><strong>Ein Konflikt mit grunds\u00e4tzlicher Bedeutung: Windkraft bedroht den Ebersberger Forst<\/strong><\/h4>\n\n\n\n<p>Wie in einem Brennglas fokussiert sich der Konflikt um die Entwertung wertvollster Erholung- und Naturfl\u00e4chen durch das Eindringen der Windkraftindustrie in Deutschland im Falle eines der gr\u00f6\u00dften noch zusammenh\u00e4ngenden Waldgebiete des bayerischen Flachlandes:<\/p>\n\n\n\n<p> Nach jahrelanger von Politik und zust\u00e4ndigen \u00c4mtern einseitig und gespickt mit Propaganda und Fehlinformation gef\u00fchrter Auseinandersetzung steht die Industrialisierung des Ebersberger Forstes nord\u00f6stlich von M\u00fcnchen durch f\u00fcnf monstr\u00f6se Windkraftanlagen &#8211; Stand 2025 &#8211; offenbar unwiderruflich bevor.<\/p>\n\n\n\n<p class=\"has-medium-font-size\"><strong>Um welches Gebiet geht es? <\/strong><\/p>\n\n\n\n<p>Inhalte sind einerseits aus der sehr informativen I<a href=\"https:\/\/www.ebersberger-forst.com\/\">nternet-Seite von Franz Czech aus Hohenlinden zum Ebersberger Forst<\/a> entnommen. Auf die <a href=\"https:\/\/de.wikipedia.org\/wiki\/Ebersberger_Forst\">Beschreibung des Gebietes in Wikipedia<\/a> und der Bayerischen Staatsforste wird zur\u00fcck gegriffen.<\/p>\n\n\n\n<p>Die Bayerischen Staatsforsten schreiben zum Ebersberger Forst: <\/p>\n\n\n\n<p><em><a href=\"http:\/\/Vor allem f\u00fcr die st\u00e4dtische Bev\u00f6lkerung ist er ein ideales Naherholungsgebiet mit einem dichten Netz aus Rad- und Wanderwegen.\">Mit seinen rund 9.000 Hektar Wald ist er das gr\u00f6\u00dfte zusammenh\u00e4ngende Waldgebiet in der Region. 7.600 Hektar sind&nbsp;<dfn title=\"Wald, der sich in staatlichem Eigentum befindet. Der Staatswald in Bayern dient nach Art. 18 des Waldgesetzes f\u00fcr Bayern dem allgemeinen Wohle in besonderem Ma\u00df und ist daher vorbildlich zu bewirtschaften.\">Staatswald<\/dfn>&nbsp;und werden von den Bayerischen Staatsforsten bewirtschaftet.&nbsp; Vor allem f\u00fcr die st\u00e4dtische Bev\u00f6lkerung ist er ein ideales Naherholungsgebiet mit einem&nbsp;dichten Netz aus Rad- und Wanderwegen.&nbsp;<\/a><\/em>&#8230;<\/p>\n\n\n\n<figure class=\"wp-block-image size-large\"><img loading=\"lazy\" decoding=\"async\" width=\"1024\" height=\"768\" src=\"https:\/\/wolfgangepplenaturschutzundethik.de\/wp-content\/uploads\/2021\/09\/IMG_3518-1024x768.jpg\" alt=\"\" class=\"wp-image-4632\" srcset=\"https:\/\/wolfgangepplenaturschutzundethik.de\/wp-content\/uploads\/2021\/09\/IMG_3518-1024x768.jpg 1024w, https:\/\/wolfgangepplenaturschutzundethik.de\/wp-content\/uploads\/2021\/09\/IMG_3518-300x225.jpg 300w, https:\/\/wolfgangepplenaturschutzundethik.de\/wp-content\/uploads\/2021\/09\/IMG_3518-768x576.jpg 768w, https:\/\/wolfgangepplenaturschutzundethik.de\/wp-content\/uploads\/2021\/09\/IMG_3518-1536x1152.jpg 1536w, https:\/\/wolfgangepplenaturschutzundethik.de\/wp-content\/uploads\/2021\/09\/IMG_3518-2048x1536.jpg 2048w\" sizes=\"(max-width: 1024px) 100vw, 1024px\" \/><figcaption class=\"wp-element-caption\">Schautafel der Bayerischen Staatsforsten mit Karte des Ebersberger Forstes, in der N\u00e4he der &#8222;Sausch\u00fctt&#8220;. Foto: Wolfgang Epple<\/figcaption><\/figure>\n\n\n\n<p><\/p>\n\n\n\n<p> Der <strong>Ebersberger Forst<\/strong> ist Landschaftsschutzgebiet, Wasserschutzgebiet und <a href=\"https:\/\/www.2080-forstinning.de\/unser-ebersberger-forst\/bannwaldgebiet-ebersberger-forst\/\"><strong>&#8222;Bannwald&#8220;<\/strong><\/a>. <\/p>\n\n\n\n<p>Bayerisches Waldgesetz; (<a href=\"https:\/\/www.gesetze-bayern.de\/Content\/Document\/BayWaldG-11\">BayWaldG), Art. 11:<\/a> (fette Hervorhebung durch WE):<\/p>\n\n\n\n<p class=\"has-vivid-green-cyan-color has-text-color\"><strong>Bannwald<\/strong>&nbsp;(1) Wald, der auf Grund seiner Lage und seiner fl\u00e4chenm\u00e4\u00dfigen Ausdehnung vor allem in Verdichtungsr\u00e4umen und waldarmen Bereichen unersetzlich ist <strong>und deshalb in seiner Fl\u00e4chensubstanz erhalten werden muss<\/strong> und welchem eine au\u00dfergew\u00f6hnliche Bedeutung f\u00fcr das Klima, den Wasserhaushalt oder f\u00fcr die Luftreinigung zukommt, soll durch Rechtsverordnung zu Bannwald erkl\u00e4rt werden.(2) Zu Bannwald kann durch Rechtsverordnung ferner Wald erkl\u00e4rt werden, der in besonderem Ma\u00df dem Schutz vor Immissionen dient.<\/p>\n\n\n\n<figure class=\"wp-block-image size-large\"><img loading=\"lazy\" decoding=\"async\" width=\"1024\" height=\"768\" src=\"https:\/\/wolfgangepplenaturschutzundethik.de\/wp-content\/uploads\/2021\/09\/IMG_3522-1024x768.jpg\" alt=\"\" class=\"wp-image-4625\" srcset=\"https:\/\/wolfgangepplenaturschutzundethik.de\/wp-content\/uploads\/2021\/09\/IMG_3522-1024x768.jpg 1024w, https:\/\/wolfgangepplenaturschutzundethik.de\/wp-content\/uploads\/2021\/09\/IMG_3522-300x225.jpg 300w, https:\/\/wolfgangepplenaturschutzundethik.de\/wp-content\/uploads\/2021\/09\/IMG_3522-768x576.jpg 768w, https:\/\/wolfgangepplenaturschutzundethik.de\/wp-content\/uploads\/2021\/09\/IMG_3522-1536x1152.jpg 1536w, https:\/\/wolfgangepplenaturschutzundethik.de\/wp-content\/uploads\/2021\/09\/IMG_3522-2048x1536.jpg 2048w\" sizes=\"(max-width: 1024px) 100vw, 1024px\" \/><figcaption class=\"wp-element-caption\">Landschaftsschutzgebiets-Beschilderung im Ebersberger Forst. Foto: Wolfgang Epple<\/figcaption><\/figure>\n\n\n\n<p><\/p>\n\n\n\n<p>Seit 2004 ist der S\u00fcden und Osten des Ebersberger Forstes als <a href=\"https:\/\/www.protectedplanet.net\/555522044\"><strong>FFH-Gebiet &#8222;<em>Ebersberger und Gro\u00dfhaager Forst<\/em>&#8222;<\/strong> <\/a>mit ca. 3265 Hektar ausgewiesen. Dies tr\u00e4gt dem dortigen Vorkommen besonders schutzw\u00fcrdiger Arten Rechnung. Es gibt einen <a href=\"https:\/\/www.lfu.bayern.de\/natur\/natura2000_managementplaene\/7028_7942\/doc\/7837_371\/texte\/de7837371_t_fg_ffin_nfin.pdf\">Managementplan f\u00fcr das FFH-Gebiet<\/a> aus dem Jahr 2011: Dort hei\u00dft es: <\/p>\n\n\n\n<p>&#8222;(&#8230;)<a style=\"font-style: italic;\" href=\"https:\/\/www.lfu.bayern.de\/natur\/natura2000_managementplaene\/7028_7942\/doc\/7837_371\/texte\/de7837371_t_fg_ffin_nfin.pdf\"><i>Das Gebiet ist zwar stark durch Fichtenforste gepr\u00e4gt, enth\u00e4lt aber noch bedeutende Vorkommen naturnaher Buchenw\u00e4lder. An bzw. in den Toteisl\u00f6chern und Bachl\u00e4ufen haben sich vielf\u00e4ltige und reichstrukturiert Lebensr\u00e4ume entwickelt wie Erlen- und Moorw\u00e4lder, Niedermoore und Kalktuffquellen. Vereinzelte magere Flachland-M\u00e4hwiesen <\/i><strong style=\"font-style: italic;\">bieten in der sonst in dieser Region verbreiteten intensiven Landwirtschaft R\u00fcckzugsm\u00f6glichkeiten f\u00fcr viele seltene Tier- und Pflanzenarten.<\/strong><\/a>(&#8230;)<\/p>\n\n\n\n<p><\/p>\n\n\n\n<figure class=\"wp-block-image size-large\"><img loading=\"lazy\" decoding=\"async\" width=\"1024\" height=\"768\" src=\"https:\/\/wolfgangepplenaturschutzundethik.de\/wp-content\/uploads\/2021\/09\/IMG_3532-1024x768.jpg\" alt=\"\" class=\"wp-image-4635\" srcset=\"https:\/\/wolfgangepplenaturschutzundethik.de\/wp-content\/uploads\/2021\/09\/IMG_3532-1024x768.jpg 1024w, https:\/\/wolfgangepplenaturschutzundethik.de\/wp-content\/uploads\/2021\/09\/IMG_3532-300x225.jpg 300w, https:\/\/wolfgangepplenaturschutzundethik.de\/wp-content\/uploads\/2021\/09\/IMG_3532-768x576.jpg 768w, https:\/\/wolfgangepplenaturschutzundethik.de\/wp-content\/uploads\/2021\/09\/IMG_3532-1536x1152.jpg 1536w, https:\/\/wolfgangepplenaturschutzundethik.de\/wp-content\/uploads\/2021\/09\/IMG_3532-2048x1536.jpg 2048w\" sizes=\"(max-width: 1024px) 100vw, 1024px\" \/><figcaption class=\"wp-element-caption\">Blick vom Aussichtsturm \u00fcber den Ebersberger Forst Richtung M\u00fcnchen. Sp\u00e4tsommer 2021. Im Gegensatz zu anderen Gegenden Deutschlands ist im relativ niederschlagsreichen  Oberbayern keine fl\u00e4chendeckende Sch\u00e4digung der Fichten durch D\u00fcrre oder Insekten erkennbar. Foto: Wolfgang Epple<\/figcaption><\/figure>\n\n\n\n<p>Hiermit ist bereits sehr viel gesagt zum <strong>Naturschutzwert des gesamten Ebersberger Forstes<\/strong>. <\/p>\n\n\n\n<p>Ein Fachgutachten im Auftrag des Landratsamtes Ebersberg aus dem Jahr 2019 mit dem Titel&#8230;<\/p>\n\n\n\n<p><em>Kartierung von Gro\u00dfv\u00f6geln und Flederm\u00e4usen im LSG Ebersberger Forst als Grundlage f\u00fcr die Entscheidung \u00fcber eine Zonierung des Landschaftsschutzgebietes f\u00fcr die Windenergienutzung. Endbericht vom 08.11.2019. GFN-Umweltplanung Gharadjedaghi &amp; Mitarbeiter, M\u00fcnchen; Auftragsgutachten des LRA Ebersberg<\/em>.(Studie liegt vor, und ist <a href=\"https:\/\/lra-ebe.de\/dox\/media.aspx?data=VYVm1SOjJ2pz0%2BX5DzMS1vku7jerVvLUagMhJrQ62YEz0ZXxClJZBT5d%2B6QV5U9l%2BQC13NSRY0%2FYsOKAxGYpEmLMHkhdatEGaeeaM%2BjADeji8VB%2BfuYvdsXWujhzOCVDLYfhxSKjEIs%3D\">beim Landratsamt Ebersberg publiziert, hier.<\/a>).<\/p>\n\n\n\n<p>&#8230;kommt zu einem eindeutigen Urteil und Fazit:<\/p>\n\n\n\n<p class=\"has-vivid-red-color has-text-color\"><em><strong>\u201eEs gibt definitiv keine Teilfl\u00e4chen innerhalb des UGs, die f\u00fcr die untersuchten Artengruppen wertlos oder ungeeignet und damit bez\u00fcglich einer Windkraftnutzung konfliktarm w\u00e4ren. (\u2026) Nach unserer gutachterlichen Einsch\u00e4tzung ist eine Zonierung des (\u2026) Untersuchungsbgebietes (\u2026)innerhalb des LSG Ebersberger Forstes f\u00fcr die Zwecke der Windenergienutzung auf Basis der vorliegenden Daten zu Vorkommen von Flederm\u00e4usen und V\u00f6geln nicht sinnvoll m\u00f6glich\u201c<\/strong><\/em><\/p>\n\n\n\n<p>Anmerkung: Das Gutachten ist beim LRA Ebersberg nicht mehr abrufbar. Der hier zitierte Inhalt wurde seinerzeit gesichert.<\/p>\n\n\n\n<figure class=\"wp-block-image size-large\"><img loading=\"lazy\" decoding=\"async\" width=\"1024\" height=\"768\" src=\"https:\/\/wolfgangepplenaturschutzundethik.de\/wp-content\/uploads\/2021\/09\/IMG_3524-1024x768.jpg\" alt=\"\" class=\"wp-image-4637\" srcset=\"https:\/\/wolfgangepplenaturschutzundethik.de\/wp-content\/uploads\/2021\/09\/IMG_3524-1024x768.jpg 1024w, https:\/\/wolfgangepplenaturschutzundethik.de\/wp-content\/uploads\/2021\/09\/IMG_3524-300x225.jpg 300w, https:\/\/wolfgangepplenaturschutzundethik.de\/wp-content\/uploads\/2021\/09\/IMG_3524-768x576.jpg 768w, https:\/\/wolfgangepplenaturschutzundethik.de\/wp-content\/uploads\/2021\/09\/IMG_3524-1536x1152.jpg 1536w, https:\/\/wolfgangepplenaturschutzundethik.de\/wp-content\/uploads\/2021\/09\/IMG_3524-2048x1536.jpg 2048w\" sizes=\"(max-width: 1024px) 100vw, 1024px\" \/><figcaption class=\"wp-element-caption\"><em><strong>&#8222;&#8230;Bedeutende Vorkommen naturnaher W\u00e4lder&#8220;<\/strong><\/em>. Dies kann man nur unterstreichen f\u00fcr den Ebersberger Wald. Das Bild entstand am 05. September 2021 im Ebersberger Forst. Es zeigt Naturverj\u00fcngung durch die Buche in einem der naturnahen Bereiche. Foto: Wolfgang Epple<\/figcaption><\/figure>\n\n\n\n<p>Naturschutzfachlich ist es mehr als berechtigt, dass <a href=\"https:\/\/www.pro-wald.org\/bedrohte-waelder\/ebersberger-forst-bei-muenchen-auf-kollisionskurs\">der Ebersberger Forst bei &#8222;Pro Wald.org&#8220; unter den &#8222;Bedrohten W\u00e4ldern&#8220; Deutschlands aufgenommen ist.<\/a> Und eigentlich h\u00e4tte das Thema Windkraft in einem so bedeutenden Wald nicht mehr aufkommen d\u00fcrfen.<\/p>\n\n\n\n<h4 class=\"wp-block-heading\"><strong>Eine &#8222;Volksbefragung&#8220; mit zweifelhaftem Wortlaut<\/strong><\/h4>\n\n\n\n<p>Am 9. Oktober 2020 titelt die S\u00fcddeutsche Zeitung: <\/p>\n\n\n\n<p><strong><em><a href=\"https:\/\/www.sueddeutsche.de\/muenchen\/ebersberg\/5-windraeder-frage-1.5060404\">F\u00fcnf Windr\u00e4der im Ebersberger Forst? Antworten im Mai 2021<\/a> <\/em><\/strong><\/p>\n\n\n\n<p><strong><a href=\"https:\/\/www.sueddeutsche.de\/muenchen\/ebersberg\/5-windraeder-frage-1.5060404\"><em>Der Landkreis Ebersberg und die Regierung haben den Wortlaut des B\u00fcrgerentscheids zu Windr\u00e4dern im Ebersberger Forst erarbeitet.<\/em><\/a><\/strong><\/p>\n\n\n\n<p>W\u00f6rtlich hei\u00dft es im Bericht der S\u00fcddeutschen: <\/p>\n\n\n\n<p><a href=\"https:\/\/www.sueddeutsche.de\/muenchen\/ebersberg\/5-windraeder-frage-1.5060404\"><em>&#8222;(&#8230;)Exakt 38 W\u00f6rter lang ist die Frage, die einen Gro\u00dfteil zur k\u00fcnftigen klimapolitischen Ausrichtung des Landkreises beitragen wird. Es geht darum, ob bis zu f\u00fcnf Windr\u00e4der im&nbsp;Ebersberger Forst&nbsp;gebaut werden sollen. In der Formulierung der Fragestellung f\u00fcr den B\u00fcrgerentscheid steckt eine Menge Arbeit, mit dem Ergebnis sind allerdings die wenigsten gl\u00fccklich.(&#8230;)So einfach wie die Antwort, kommt die Frage allerdings nicht daher, wie auch Landrat Robert Niederges\u00e4\u00df (CSU) zugeben musste. &#8222;Das mag dem ein oder anderen etwas sperrig erscheinen. Wir h\u00e4tten uns das auch einfacher vorgestellt&#8220;, r\u00e4umte er ein. Niederges\u00e4\u00df zufolge gibt es allerdings keinen gro\u00dfen Spielraum. Diese finale Version sei das Ergebnis intensiver Beratungen mit der Regierung von Oberbayern, die als Rechtsaufsichtsbeh\u00f6rde eben nur diese Fragestellung f\u00fcr rechtlich zul\u00e4ssig&nbsp;halte<\/em> (&#8230;)&#8220;<\/a><\/p>\n\n\n\n<p>Und hier die &#8222;sperrige&#8220; Formulierung, die die B\u00fcrger des Landkreises mit &#8222;ja&#8220; oder &#8222;nein&#8220; ankreuzen konnten:<\/p>\n\n\n\n<p><strong><a href=\"https:\/\/www.sueddeutsche.de\/muenchen\/ebersberg\/5-windraeder-frage-1.5060404\">&#8222;Sind Sie daf\u00fcr, dass der&nbsp;Landkreis Ebersberg&nbsp;zur Erreichung der Ziele des Klimaschutzzieles und zur F\u00f6rderung der Landschaftspflege die ihm zur Verf\u00fcgung stehenden grundst\u00fccksrechtlichen M\u00f6glichkeiten aussch\u00f6pft, um darauf hinzuwirken, dass im Ebersberger Forst maximal f\u00fcnf Windr\u00e4der errichtet&nbsp;werden?&#8220;<\/a><\/strong><\/p>\n\n\n\n<figure class=\"wp-block-image size-large\"><img loading=\"lazy\" decoding=\"async\" width=\"500\" height=\"642\" src=\"https:\/\/wolfgangepplenaturschutzundethik.de\/wp-content\/uploads\/2021\/09\/Bildschirmfoto-2021-09-20-um-08.36.03.png\" alt=\"\" class=\"wp-image-4663\" srcset=\"https:\/\/wolfgangepplenaturschutzundethik.de\/wp-content\/uploads\/2021\/09\/Bildschirmfoto-2021-09-20-um-08.36.03.png 500w, https:\/\/wolfgangepplenaturschutzundethik.de\/wp-content\/uploads\/2021\/09\/Bildschirmfoto-2021-09-20-um-08.36.03-234x300.png 234w\" sizes=\"(max-width: 500px) 100vw, 500px\" \/><\/figure>\n\n\n\n<p>Die gezielte Irref\u00fchrung in der Formulierung <em><strong>&#8222;zur F\u00f6rderung der Landschaftspflege&#8220;<\/strong><\/em> (!) d\u00fcrfte bundesweit eine der dreistesten Formulierungen sein, die je gew\u00e4hlt wurden, um das Eindringen der Windkraftindustrie in einen bislang verschonten und geschlossenen Wald zu &#8222;umschreiben&#8220;.<\/p>\n\n\n\n<p>In einer<a href=\"https:\/\/www.2080-forstinning.de\/aktuelles\/rechtsgutachten\/\"> Stellungnahme des  renommierten Juristen <strong>Peter Fischer-H\u00fcftle<\/strong> (nachzulesen bei der <strong>B\u00fcrgerinitiative St 2080<\/strong>)  wurde die irreleitende Fragestellung und die angeblich rechtssichere vertragliche Begrenzung auf nur 5 Windenergieanlagen mit deutlichen Worten entlarvt.<\/a> Zum Wortlaut der Abstimmung formuliert der Rechtsexperte: <em>&#8222;Die Stimmberechtigten k\u00f6nnen bei der Abstimmung \u00fcber den B\u00fcrgerentscheid nur dann <strong>sachgerecht  entscheiden<\/strong>, wenn sie den Inhalt des Begehrens verstehen, seine Auswirkungen \u00fcberblicken und die wesentlichen Vor- und Nachteile absch\u00e4tzen k\u00f6nnen. Damit ist unvereinbar, wenn in der Fragestellung oder in der Begr\u00fcndung eines B\u00fcrgerbegehrens in abstimmungsrelevanter Weise unzutreffende Tatsachen behauptet werden oder die geltende Rechtslage unzutreffend oder unvollst\u00e4ndig erl\u00e4utert wird.(&#8230;)&#8220;<\/em> Ich empfehle meinen Lesern, die im weiteren Text nachlesbare sorgf\u00e4ltige Blo\u00dfstellung der Irref\u00fchrung und der juristischen Fragw\u00fcrdigkeit im B\u00fcrgerentscheid durch den Spitzenjuristen nachzulesen (<a href=\"https:\/\/www.2080-forstinning.de\/aktuelles\/rechtsgutachten\/\">Stellungnahme eines Spitzenjuristen zum Ratsbegehren; eingestellt bei der <strong>B\u00fcrgerinitiative St2080<\/strong>)<\/a>.<\/p>\n\n\n\n<p>Was sich im Fr\u00fchjahr 2021 abspielte, war ein regelrechter &#8222;Wahlkampf&#8220; um die Windkraft im Ebersberger Wald, gegen Kritiker gef\u00fchrt mit harten Bandagen und mit den \u00fcblichen Fake-N\u00fcssen der Windkraftindustrie und ihrer Unterst\u00fctzer, leider auch mit <a href=\"https:\/\/www.schutzgemeinschaft-ebersberger-forst.de\/aktuelles-2021\">Verunglimpfung und Verleumdung gegen Windkraftkritiker und Windkraftkritik. Ein Beispiel sei hier, bei der <strong>Schutzgemeinschaft Ebersberger Forst e.V<\/strong>. verlinkt.<\/a> (s.nochmal unten).<\/p>\n\n\n\n<p>Eine auch nur ann\u00e4hernd sachgerechte Information durch die politisch und in der zust\u00e4ndigen Verwaltung Verantwortlichen f\u00fcr die betroffenen B\u00fcrger als Handreichung zum ohnehin fragw\u00fcrdigen &#8222;B\u00fcrgerentscheid&#8220; hat es nicht gegeben. Im Gegenteil: <\/p>\n\n\n\n<p>Wie <strong>Dr. Ludwig Seebauer<\/strong>, der Vorsitzende der BI St2080 in einer Stellungnahme zum knappen Ergebnis des B\u00fcrgerentscheids am 16. Mai 2021 in Erinnerung ruft, war der Landkreis von Anfang an Partei: <\/p>\n\n\n\n<p><a href=\"https:\/\/www.pro-wald.org\/bedrohte-waelder\/windkraft-im-ebersberger-forst-buergerentscheid-bringt-knappe-mehrheit-fuer-wald-bebauung\"><em>&#8222;(&#8230;)Es war von Anfang an klar, dass f\u00fcr das Aktionsb\u00fcndnis gegen die Windkraft im Forst keine fairen Ausgangs- und Wettbewerbsbedingungen bestanden. Schon die Fragestellung des B\u00fcrgerentscheids war bewusst verwirrend und irref\u00fchrend gew\u00e4hlt. (&#8230;)Gro\u00dfz\u00fcgig hat der Landkreis den Bef\u00fcrwortern der Windkraftanlagen zudem 64.000 Euro Steuermittel f\u00fcr deren Kampagne zur Verf\u00fcgung gestellt, und gerade die Gr\u00fcnen, die \u00d6DP, der Bund Naturschutz unterst\u00fctzen die Kampagne zus\u00e4tzlich mit finanziellen Mitteln und tatkr\u00e4ftigem Engagement ihrer Mitglieder bei Plakat- und Flyeraktionen.(&#8230;)&#8220;<\/em><\/a><\/p>\n\n\n\n<p>Die Leitmedien hatten und haben sich bis heute &#8211; wie bundesweit inzwischen \u00fcblich &#8211; auf die Seite der Windkraft geschlagen &#8211; oft plump, manchmal subtil, aber immer mit Wirkung&#8230;Die ohnehin windkraftaffine S\u00fcddeutsche Zeitung (siehe Epple 2021), inzwischen f\u00fchrend in der oft nicht einmal mehr unterschwelligen Verketzerung von Windkraftkiritk, produzierte am 16. April 2021 in der hei\u00dfen Phase des \u00f6ffentlichen Schlagabtausches beispielsweise diese Dachzeile schon als Tendenz: <a href=\"https:\/\/www.sueddeutsche.de\/muenchen\/ebersberg\/landkreis-ebersberg-ebersberger-forst-windkraft-1.5267012\"><em>&#8222;(&#8230;)<strong>Die Gegner des geplanten Windparks im Ebersberger Forst starten eine Kampagne f\u00fcr ein Nein beim B\u00fcrgerentscheid<\/strong><\/em><strong> <\/strong><em><strong>am 16. Mai. Viele ihrer Argumente sind zumindest fragw\u00fcrdig.<\/strong>(&#8230;<\/em><\/a>)&#8220;<\/p>\n\n\n\n<p>In jener Phase des zunehmend schmutzig gef\u00fchrten &#8222;Wahlkampfes&#8220; um die Windr\u00e4der im Ebersberger Wald hat sich eine unabh\u00e4ngige W\u00e4hlergruppe aus dem Gemeinderat Markt Schwabens, <a href=\"https:\/\/zukunft-marktschwaben.de\"><strong>&#8222;Zukunft MarktSchwaben&#8220;<\/strong>,<\/a> an mich gewandt, und zu mehreren Schwerpunkt-Inhalten  der Auseinandersetzung Interviews mit dem Hintergrund der Ganzheitlichkeit des Naturschutzanliegens gef\u00fchrt.  <\/p>\n\n\n\n<p>Hier geht es zur Playlist mit 13 Videos: <a href=\"https:\/\/www.youtube.com\/playlist?app=desktop&amp;list=PLvpWHOfAUuo_YHqiQDFEEpbrAp3JIOfoG\">https:\/\/www.youtube.com\/playlist?app=desktop&amp;list=PLvpWHOfAUuo_YHqiQDFEEpbrAp3JIOfoG<\/a><\/p>\n\n\n\n<p><\/p>\n\n\n\n<h4 class=\"wp-block-heading\"><strong>\u00c4u\u00dferst knappes Ergebnis der B\u00fcrgerbefragung &#8211; ein &#8222;Sieg&#8220; wessen \u00fcber wen?<\/strong><\/h4>\n\n\n\n<p>Am Tag des B\u00fcrgerentscheids, am 16. Mai 2021, hatte die <a href=\"https:\/\/www.sueddeutsche.de\/muenchen\/ebersberg\/liveticker-2021-buergerentscheid-ebersberg-windkraft-1.5294793\">S\u00fcddeutsche sogar eine Live-Ticker <\/a>installiert.<\/p>\n\n\n\n<p><strong><a href=\"https:\/\/www.windenergie-landkreis-ebersberg.de\/projekte\/ebersberger_forst\/buergerentscheid\">Das Ergebnis: 52,74 % haben mit &#8222;Ja&#8220; gestimmt, 47,26 % mit &#8222;Nein&#8220;<\/a><\/strong>; die Wahlbeteiligung lag bei 61,89 Prozent.<\/p>\n\n\n\n<p> Bis hinein in \u00fcber\u00f6rtliche Medien wurde das \u00e4u\u00dferst knappe Ergebnis als <em>pro Windkraft im Wald<\/em> gefeiert, mit&#8230; <em><strong><a href=\"https:\/\/www.sueddeutsche.de\/muenchen\/ebersberg\/liveticker-2021-buergerentscheid-ebersberg-windkraft-1.5294793\">&#8222;Signalwirkung weit \u00fcber den Landkreis hinaus&#8220;<\/a><\/strong><\/em>&#8230; Die <a href=\"https:\/\/www.bayern.de\/buergerentscheid-im-landkreis-ebersberg-knappe-mehrheit-fuer-fuenf-windraeder-im-forst\/\">&#8222;Erleichterung&#8220; <\/a>des pausenlos f\u00fcr Windkraft als vermeintlich sichere dezentrale Energieversorgung trommelnden derzeitigen bayerischen <strong>Wirtschaftsministers Hubert Aiwanger (Freie W\u00e4hler)<\/strong> ist daher nicht \u00fcberraschend; sie ist garniert mit jenen einschl\u00e4gigen zentralen Fake-N\u00fcssen der Windkraftindustrie; aus der Pressemitteilung der Staatsregierung vom 16.05.2021: <em><a href=\"https:\/\/www.bayern.de\/buergerentscheid-im-landkreis-ebersberg-knappe-mehrheit-fuer-fuenf-windraeder-im-forst\/\">&#8222;(&#8230;)Die Windenergieanlagen im Ebersberger Forst werden ein F\u00fcnftel aller Haushalte in Kreis Ebersberg mit regenerativer Energie versorgen. Zudem k\u00f6nnen die B\u00fcrger und Kommunen in die Anlagen investieren und an der Wertsch\u00f6pfung beteiligt werden. Energiewende mit Wertsch\u00f6pfung vor Ort, das ist der richtige Weg. Unsere Windk\u00fcmmerer stehen bereit, um neue Energieprojekte zu unterst\u00fctzen.\u201c<\/a><\/em><\/p>\n\n\n\n<p>Speziell und herausragend aber haben sich (neben der SPD) die GR\u00dcNEN und ihre Jugend f\u00fcr die Windkraft im Ebersberger Wald engagiert und feierten entsprechend ihren &#8222;Sieg&#8220;&#8230;:<\/p>\n\n\n\n<p>Zur Erinnerung sei der Screenshot der \u00f6ffentlichen Darstellung einer sehr bezeichnenden Aktion der <a href=\"https:\/\/gruene-ebersberg.de\/kreisverband\/gruene-jugend\/\">&#8222;GR\u00dcNEN Jugend Ebersberg&#8220; <\/a>am 25. April 2021 hier publiziert. Aus der <a href=\"https:\/\/www.naturschutz-initiative.de\/images\/PDF2019\/ESSAY-EPPLE-WOLFGANG.pdf\">GR\u00dcNEN Jugend rekrutieren sich in weiten Teilen bundesweit auch die Anf\u00fchrerinnen von &#8222;Fridays for Future&#8220;<\/a>:<\/p>\n\n\n\n<figure class=\"wp-block-image size-large\"><img loading=\"lazy\" decoding=\"async\" width=\"539\" height=\"1024\" src=\"https:\/\/wolfgangepplenaturschutzundethik.de\/wp-content\/uploads\/2021\/09\/IMG_3573-539x1024.jpg\" alt=\"\" class=\"wp-image-4665\" srcset=\"https:\/\/wolfgangepplenaturschutzundethik.de\/wp-content\/uploads\/2021\/09\/IMG_3573-539x1024.jpg 539w, https:\/\/wolfgangepplenaturschutzundethik.de\/wp-content\/uploads\/2021\/09\/IMG_3573-158x300.jpg 158w, https:\/\/wolfgangepplenaturschutzundethik.de\/wp-content\/uploads\/2021\/09\/IMG_3573-768x1458.jpg 768w, https:\/\/wolfgangepplenaturschutzundethik.de\/wp-content\/uploads\/2021\/09\/IMG_3573-809x1536.jpg 809w, https:\/\/wolfgangepplenaturschutzundethik.de\/wp-content\/uploads\/2021\/09\/IMG_3573-1079x2048.jpg 1079w, https:\/\/wolfgangepplenaturschutzundethik.de\/wp-content\/uploads\/2021\/09\/IMG_3573.jpg 1230w\" sizes=\"(max-width: 539px) 100vw, 539px\" \/><\/figure>\n\n\n\n<p>In einem <a href=\"https:\/\/zukunft-marktschwaben.de\/windkraftindustrie-im-ebersberger-wald-wo-bleibt-die-generationengerechtigkeit-wendeblatt-11\">Gastbeitrag f\u00fcr das <strong>&#8222;Wendeblatt Nr.11&#8220;<\/strong> der erw\u00e4hnten unabh\u00e4ngigen W\u00e4hlergruppe <strong>ZMS<\/strong><\/a> setze ich mich bewusst mit der immer wieder wenn es um Windkraft geht ins Feld gef\u00fchrten <strong><em>Generationengerechtigkeit <\/em><\/strong>auseinander. Diesem Aspekt ist auch ein Abschnitt in meinem Buch zum Konflikt gewidmet: <a href=\"https:\/\/www.bod.de\/buchshop\/windkraftindustrie-und-naturschutz-wolfgang-epple-9783753416991\">Epple, W. (2021). Windkraftindustrie und Naturschutz. Windkraft-Naturschutz-Ethik. Eine Studie f\u00fcr die Naturschutzinitiative e.V. (NI), 544 Seiten. Verlag BoD \u2013 Books on Demand, Norderstedt<\/a>; dort Seite 460 ff..<\/p>\n\n\n\n<p>Nachdem sich <a href=\"https:\/\/pro-windenergie-ebersberger-forst.de\/impressum\/\">&#8222;Pro Windenergie Ebersberger Forst <\/a>&#8220; in einem mit uns\u00e4glichen Verleumdungen gespickten offenen Brief speziell auf das &#8222;Klima-Urteil&#8220; des BVerfG vom 24.03.2021 beruft (der Brief ist <a href=\"https:\/\/www.schutzgemeinschaft-ebersberger-forst.de\/aktuelles-2021\">nachzulesen bei der Schutzgemeinschaft Ebersberger Forst e.V.<\/a>), nachdem aus diesem Urteil ein Schub an Naturzerst\u00f6rung und damit Besch\u00e4digung der Schutzg\u00fcter des Art. 20a GG im Rahmen der Energiewende hergeleitet und begr\u00fcndet werden wird, verweise ich auf die der Generationengerechtigkeit zuwider laufende Engf\u00fchrung des Diskurses um den Klimawandel auf CO2 gerade auch beim BVerfG. Ich habe unter dem Stichwort Generationengerechtigkeit hierzu eine aktuelle Kritik verfasst: <\/p>\n\n\n\n<p><em>Epple, W.(2021): Generationengerechtigkeit und der Erhalt der nat\u00fcrlichen Lebensgrundlagen. Anmerkungen zum \u201eKlimaschutzgesetz-Urteil\u201c des BVerfG vom 24.03.2021 aus Sicht des Naturschutzes.&nbsp;<a href=\"https:\/\/naturschutz-initiative.de\/images\/PDF2021\/03NM2021.pdf\">Naturschutz Magazin der Naturschutzinitiative e.V. 03\/2021: 12-18.<\/a>&nbsp;Der Beitrag ist als&nbsp;<a href=\"https:\/\/naturschutz-initiative.de\/images\/PDF2021\/Generationengerechtigkeit.pdf\">Denkansto\u00df direkt abrufbar&nbsp;<\/a>. Die verwendeten&nbsp;<a href=\"https:\/\/naturschutz-initiative.de\/images\/PDF2021\/LiteraturlisteWolfgangEppleGenerationengerechtigkeitNM032021.pdf\">Quellen hier.<\/a><\/em><\/p>\n\n\n\n<figure class=\"wp-block-image size-large\"><img loading=\"lazy\" decoding=\"async\" width=\"1024\" height=\"768\" src=\"https:\/\/wolfgangepplenaturschutzundethik.de\/wp-content\/uploads\/2021\/09\/IMG_3537-1024x768.jpg\" alt=\"\" class=\"wp-image-4793\" srcset=\"https:\/\/wolfgangepplenaturschutzundethik.de\/wp-content\/uploads\/2021\/09\/IMG_3537-1024x768.jpg 1024w, https:\/\/wolfgangepplenaturschutzundethik.de\/wp-content\/uploads\/2021\/09\/IMG_3537-300x225.jpg 300w, https:\/\/wolfgangepplenaturschutzundethik.de\/wp-content\/uploads\/2021\/09\/IMG_3537-768x576.jpg 768w, https:\/\/wolfgangepplenaturschutzundethik.de\/wp-content\/uploads\/2021\/09\/IMG_3537-1536x1152.jpg 1536w, https:\/\/wolfgangepplenaturschutzundethik.de\/wp-content\/uploads\/2021\/09\/IMG_3537-2048x1536.jpg 2048w\" sizes=\"(max-width: 1024px) 100vw, 1024px\" \/><figcaption class=\"wp-element-caption\">Mit welchen Informationen und mit welch einem wie weit entwerteten Forst werden die Kinder des Waldkindergartens Ebersberg wohl zuk\u00fcnftig konfrontiert? Das Kalk\u00fcl der Protagonisten der Windkraftindustrie mit <strong><em>&#8222;Shifting Baselines&#8220;<\/em><\/strong> geht dahin, dass sich junge Menschen an mit Windkraftanlagen gespickte <a href=\"https:\/\/wolfgangepplenaturschutzundethik.de\/?page_id=86\">&#8222;Energielandschaften&#8220;<\/a> gew\u00f6hnen (<a href=\"https:\/\/www.bod.de\/buchshop\/windkraftindustrie-und-naturschutz-wolfgang-epple-9783753416991\">Kap. 7.3 im meinem Buch zum Konflikt, am konkreten Beispiel belegt)<\/a>. Ein der <a href=\"https:\/\/wolfgangepplenaturschutzundethik.de\/?page_id=2434\">ganzheitlichen Naturethik<\/a> und dem ganzheitlichen Naturschutz angemessener Pfad in die Zukunft aber ist das Bewahren letzter weitgehend intakter  Lebensr\u00e4ume, zu denen auch der Ebersberger Wald geh\u00f6rt. Die Vision eines Gro\u00df-Schutzgebietes , eines <strong><em>Entwicklungs-Nationalpark Ebersberger Wald<\/em><\/strong> w\u00fcrde f\u00fcr die heutigen Kindergartenkinder eine unermessiche Chance bedeuten, s.u.. Foto: Wolfgang Epple<\/figcaption><\/figure>\n\n\n\n<p>Die Ermunterung der Erneuerbaren-Energien-Branche zur &#8222;Entfesselung&#8220; durch das BVerfG und die begleitend berichtenden Medien allerdings ist in Bayern bis hinauf auf den h\u00f6chsten Berg Deutschlands vorgedrungen:<\/p>\n\n\n\n<h4 class=\"wp-block-heading\"><strong>Ein neues bayerisches \u201eUmweltb\u00fcndnis&#8220; und seine Verantwortung f\u00fcr den Schutz der W\u00e4lder<\/strong><\/h4>\n\n\n\n<p><strong>2. September 2021: <\/strong><\/p>\n\n\n\n<p><strong>Ein <\/strong> &#8222;<strong>Umweltb\u00fcndnis&#8220; liefert weitere Steilvorlagen f\u00fcr die Windkraft-Entwertung der W\u00e4lder in Bayern:<\/strong><\/p>\n\n\n\n<p><a href=\"https:\/\/www.sueddeutsche.de\/bayern\/bayern-klimaschutz-protest-zugspitze-windkraft-1.5398997\"><em><strong>&#8222;Wir brauchen die Entfesselung der Erneuerbaren Energien&#8220;<\/strong><\/em> t\u00f6nt Richard Mergner, <strong>Bund Naturschutz Bayern,<\/strong> bei einem &#8222;Event&#8220; auf der Zugspitze in die BR-Kamera<\/a> (<a href=\"https:\/\/www.br.de\/mediathek\/video\/umweltbuendnis-auf-der-zugspitze-forderungen-fuer-den-klimaschutz-av:6131c561804f3e0007c5e288\">https:\/\/www.br.de\/mediathek\/video\/umweltbuendnis-auf-der-zugspitze-forderungen-fuer-den-klimaschutz-av:6131c561804f3e0007c5e288<\/a>; Video sichtbar bis 02.09.2022). Wieder liefert neben dem Bayerischen Rundfunk unter anderem die S\u00fcddeutsche Zeitung, dort erfahren wir: <a href=\"https:\/\/www.sueddeutsche.de\/bayern\/bayern-klimaschutz-protest-zugspitze-windkraft-1.5398997\"><em>Norbert Sch\u00e4ffer vom <strong>Landesbund f\u00fcr Vogelschutz<\/strong> (LBV) forderte den schellen Ausbau der Windkraft. &#8222;Ohne sie ist die Energiewende zum Scheitern verurteilt&#8220;, sagte&nbsp;er<\/em><\/a> (<a href=\"https:\/\/www.sueddeutsche.de\/bayern\/bayern-klimaschutz-protest-zugspitze-windkraft-1.5398997\">https:\/\/www.sueddeutsche.de\/bayern\/bayern-klimaschutz-protest-zugspitze-windkraft-1.5398997<\/a>). Man ist sich also einig an den Verbandsspitzen: <\/p>\n\n\n\n<p class=\"has-text-align-center\">&#8222;Entfesselung&#8220; der Windkraft&#8230;<\/p>\n\n\n\n<p>Was bedeutet das f\u00fcr die direkt betroffene Basis beispielsweise dieses <strong>&#8222;Landesbundes f\u00fcr Vogelschutz<\/strong>&#8222;? <\/p>\n\n\n\n<p>Hier der Wortlaut des Vorsitzenden der Kreisgruppe Ebersberg des LBV, Benedikt Sommer zur geplanten &#8222;Zonierung&#8220; des Landschaftsschutzgebietes Ebersberger Forst:<em><strong><a href=\"https:\/\/www.storch-in-bayern.de\/ebersberg\/index.php\/wissenswertes\/windkraft-im-ebersberger-forst\"> \u201eDie Kreisgruppe Ebersberg des LBV spricht sich klar gegen die Aufweichung des Landschaftsschutzgebiets aus. Hier wird ein wichtiges, intaktes Waldgebiet mit einer Einzelma\u00dfnahme beeintr\u00e4chtigt, ohne dass ein zugrundeliegendes Gesamtkonzept zur Erreichung der Energieziele bekannt w\u00e4re.\u201c<\/a><\/strong><\/em>  (<a href=\"https:\/\/www.storch-in-bayern.de\/ebersberg\/index.php\/wissenswertes\/windkraft-im-ebersberger-forst\">https:\/\/www.storch-in-bayern.de\/ebersberg\/index.php\/wissenswertes\/windkraft-im-ebersberger-forst<\/a>).<\/p>\n\n\n\n<p>Der stellvertretende Vorsitzende dieser Kreisgruppe, Richard Straub, hat sich die M\u00fche gemacht, und den Sinn von Landschaftsschutz gr\u00fcndlich hinterfragt. Er kommt in seinem &#8222;Faktencheck&#8220; zu einem klaren Ergebnis: <\/p>\n\n\n\n<p><em><a href=\"https:\/\/www.storch-in-bayern.de\/ebersberg\/index.php\/wissenswertes\/faktencheck-die-bedeutung-von-landschaftsschutzgebieten-lsg\">&#8222;Was ist ein LSG eigentlich wert, wenn Schutzzweck und Artenschutz \u00f6konomischen Interessen geopfert werden? Damit w\u00fcrde ein Pr\u00e4zedenzfall geschaffen werden, der den dauerhaften Schutz weiterer LSG in Frage stellt. Deshalb ein \u201eNEIN\u201c zur Zonierung im Ebersberger Forst!<br>Richard Straub, April 2021&#8243;<\/a><\/em> (<a href=\"https:\/\/www.storch-in-bayern.de\/ebersberg\/index.php\/wissenswertes\/faktencheck-die-bedeutung-von-landschaftsschutzgebieten-lsg\">https:\/\/www.storch-in-bayern.de\/ebersberg\/index.php\/wissenswertes\/faktencheck-die-Bedeutung-von-landschaftsschutzgebieten-lsg<\/a>)<\/p>\n\n\n\n<p>Anmerkung: Die Links zu den \u00c4u\u00dferungen der LBV-Basis sind nicht mehr aktiv. Die Zitate bleiben erhalten, weil sie seinerzeit gesichert wurden.<\/p>\n\n\n\n<p>Ob das Verschwinden der Links mit der Pro-Windkraft-Propaganda des Verbandsvorsitzenden Dr. Norbert Sch\u00e4ffer zusammenh\u00e4ngt (s.o.) sei dahingestellt und muss nicht weiter interessieren.<\/p>\n\n\n\n<p><\/p>\n\n\n\n<p>Die Frage nach dem &#8222;Wert eines Landschaftsschutzgebietes&#8220; jedenfalls stellte sich seit Oktober 2021 versch\u00e4rft:<\/p>\n\n\n\n<h4 class=\"wp-block-heading\"><strong>Zonierung und Schutzzweck &#8211; das &#8222;Konzept&#8220; eines M\u00fcnchner Professors als gezielte Auftragsarbeit zur Erm\u00f6glichung der Windkraft?<\/strong><\/h4>\n\n\n\n<p><strong>Es kann kein Zufall sein, dass ein inhaltlich und in den Zielen festgelegter Verfechter der Windkraft im Auftrag des Landratsamtes Ebersberg f\u00fcr die angeblich fachlich begr\u00fcndete Entwertung des Landschaftsschutzgebietes Ebersberger Forst in Stellung gebracht wird<\/strong>. <\/p>\n\n\n\n<p>In einem <a href=\"https:\/\/umwelt-watchblog.de\/die-pervertierung-von-natur-und-landschaftsschutz-am-beispiel-des-ebersberger-forstes\/\">Beitrag f\u00fcr den Umwelt-Watchblog des VLAB<\/a> habe ich deshalb die vom Landkreis Ebersberg bestellte Ausarbeitung eines M\u00fcnchner Landschaftsarchitekten aufgegriffen. Prof. S\u00f6ren Sch\u00f6bel-Rutschmann, Inhaber der&nbsp;<em>Professur f\u00fcr Landschaftsarchitektur regionaler Freir\u00e4ume&nbsp;<\/em>an der Technischen Universit\u00e4t M\u00fcnchen (<em>TUM School of Engineering and Design)<\/em>&nbsp;ist als militanter <a href=\"https:\/\/umwelt-watchblog.de\/haesslich-ist-das-neue-schoen\/#more-7123\">Verfechter der Windkraft f\u00fcr viele steile Formulierungen bekannt<\/a>, in denen er Landschaftsgestaltung und Landschafts\u00e4sthetik im Sinne der Windkraftindustrie neu definiert. &nbsp;Im Oktober 2021 wurde auf Bestellung des Landkreises Ebersberg von dem M\u00fcnchner Professor eine Ausarbeitung geliefert *, die offensichtlich das erw\u00e4hnte <a href=\"https:\/\/lra-ebe.de\/dox\/media.aspx?data=VYVm1SOjJ2pz0%2BX5DzMS1vku7jerVvLUagMhJrQ62YEz0ZXxClJZBT5d%2B6QV5U9l%2BQC13NSRY0%2FYsOKAxGYpEmLMHkhdatEGaeeaM%2BjADeji8VB%2BfuYvdsXWujhzOCVDLYfhxSKjEIs%3D\">windkraftkritische faunistische Gutachten <\/a>f\u00fcr den Ebersberger Forst (<em>GFN-Umweltplanung Gharadjedaghi &amp; Mitarbeiter, M\u00fcnchen; Auftragsgutachten des LRA Ebersberg<\/em>, s.o.) aushebeln soll. Das gelieferte und am 6. Oktober 2021 vorgestellte \u201eKonzept\u201c hat es in sich. Windkraftinvasion in das vor den Toren M\u00fcnchens gelegene, einzigartig geschlossene Waldgebiet soll unter der Vorgabe einer \u201eZonierung\u201c des Landschaftsschutzgebietes bzw. einer \u201eModifizierung\u201c der Verordnung und damit der Umdeutung des urspr\u00fcnglichen Schutzzweckes erm\u00f6glicht werden. Methodisch arbeitet Sch\u00f6bel-Rutschmann wie alle Windkraftbef\u00fcrworter: Das von der Planung und Auslieferung an die Windkraft betroffene Gebiet wird m\u00f6glichst weitgehend abgewertet&#8230;In der Zusammenfassung seines Elaborats wird deutlich, dass es nur noch um die <em>Regelung<\/em> der Zul\u00e4ssigkeit gehen soll, die grunds\u00e4tzlich (auch f\u00fcr die Auftraggeber?) nicht mehr in Frage steht:&nbsp;<\/p>\n\n\n\n<p class=\"has-luminous-vivid-orange-color has-text-color has-normal-font-size\"><em>\u201eUm die Zul\u00e4ssigkeit von Windenergieanlagen zu regeln, wird in den unterhalb der H\u00f6henlinie von 545 m \u00fcNN und s\u00fcdlich der R\u00f6merstra\u00dfe liegenden Gebieten, an der Wald-Offenland-Grenze in einem Abstand von mindestens 675 m vom Waldrand (\u2026) die Errichtung von genehmigungsbed\u00fcrftigen Windenergieanlagen in einer ca. 2.450 ha gro\u00dfen Zone von der Erlaubnis freigestellt\u201c&nbsp;<\/em><\/p>\n\n\n\n<p>Wohlgemerkt, was wird hier gefordert: \u2026<em>Errichtung von der Erlaubnis freigestellt<\/em>&nbsp;! <\/p>\n\n\n\n<p>Auf fast einem Drittel der Waldfl\u00e4che soll es freie Fahrt f\u00fcr die f\u00fcnf Windkraftanlagen geben \u2013 nur noch \u00fcber die Details l\u00e4sst sich reden, jedoch nicht \u00fcber den Persilschein f\u00fcr Windkraft in einem so einzigartigen bewaldeten Ausgleichsgebiet f\u00fcr einen Ballungsraum. In Zeiten des galoppierenden Artenschwundes und des erkannten <a href=\"https:\/\/wolfgangepplenaturschutzundethik.de\/?page_id=566\">natur-zerst\u00f6rerischen und klimasch\u00e4dlichen Effektes der Schl\u00e4gerung und des Aufrei\u00dfens geschlossener W\u00e4lder<\/a> schickt sich der Landkreis Ebersberg mit Unterst\u00fctzung von ganz weit oben an, Naturschutzgeschichte im negativen Sinne um zu schreiben.<\/p>\n\n\n\n<p><a href=\"https:\/\/umwelt-watchblog.de\/die-pervertierung-von-natur-und-landschaftsschutz-am-beispiel-des-ebersberger-forstes\/\">Weitere Einzelheiten und entlarvende Zitate aus dem Sch\u00f6bel-&#8222;Konzept&#8220; siehe in meinem Blogbeitrag des Watchblogs.<\/a> Das Auftrags-Elaborat kann und sollte von Interessierten beim Landkreis Ebersberg angefordert werden. Es ist nach den rechtlichen Bestimmungen des Umweltinformationsgesetzes in <a href=\"https:\/\/eur-lex.europa.eu\/legal-content\/DE\/TXT\/HTML\/?uri=CELEX:32003L0004&amp;from=SL\">Anwendung von Unionsrecht<\/a> (Richtlinie 2003\/4\/EG des Europ\u00e4ischen Parlaments und des Rates vom 28. Januar 2003 \u00fcber den Zugang der \u00d6ffentlichkeit zu Umweltinformationen)  zug\u00e4nglich zu machen und liegt dem Verfasser vor: <\/p>\n\n\n\n<p class=\"has-small-font-size\">*Sch\u00f6bel-Rutschmann, S. (2021): Landschaftsschutzgebiet Ebersberger Forst \u2013 Zonierungskonzept Windenergienutzung.&nbsp;F&amp;E Projekt \u201aLandschaftsdialog\u2018 Vorlage ULV 6.10.2021. 15 Seiten.<\/p>\n\n\n\n<p>Sch\u00f6bel-Rutschmann dient sich &#8211; nicht \u00fcberraschend &#8211; im Mainstream der windkraft-affinen Politik an. Er bezieht sich auf die Ank\u00fcndigung des Ministerpr\u00e4sidenten \u00fcber die <a href=\"https:\/\/wolfgangepplenaturschutzundethik.de\/?page_id=4447\">Auslieferung des Staatswaldes an die Windkraft<\/a>; w\u00f6rtlich hei\u00dft es : <\/p>\n\n\n\n<p class=\"has-luminous-vivid-orange-color has-text-color has-normal-font-size\"><em>\u201e(\u2026)Die Staatsregierung hat 2019 verk\u00fcndet, die Zahl von Windener- gieanlagen in Staatsforstgebieten um bayernweit 100 erh\u00f6hen zu wollen. Diese Zahl wurde in einer Regierungserkl\u00e4rung von Ministerpr\u00e4sident Markus S\u00f6der am 21.07.2021 auf 500 erh\u00f6ht. Beide Ziele sprechen f\u00fcr eine \u00d6ffnung des LSG Ebersberger Forst f\u00fcr eine begrenzte Zahl von Windenergieanlagen.\u201c&nbsp;<\/em><\/p>\n\n\n\n<p>Trotz solcher letztendlich dramatischer Entwicklungen und gerade wegen des Versuchs, mit Hilfe der Politik und gest\u00e4rkt durch den fragw\u00fcrdigen Volksentscheid die Windkraft auf Biegen und Brechen im Ebersberger Wald zu erm\u00f6glichen, scheint um so sicherer: <\/p>\n\n\n\n<p>Der Widerstand gegen die Entwertung des Ebersberger Forstes wird nicht einfach erlahmen:<\/p>\n\n\n\n<figure class=\"wp-block-image size-large\"><img loading=\"lazy\" decoding=\"async\" width=\"1024\" height=\"768\" src=\"https:\/\/wolfgangepplenaturschutzundethik.de\/wp-content\/uploads\/2021\/09\/IMG_3519-1024x768.jpg\" alt=\"\" class=\"wp-image-4633\" srcset=\"https:\/\/wolfgangepplenaturschutzundethik.de\/wp-content\/uploads\/2021\/09\/IMG_3519-1024x768.jpg 1024w, https:\/\/wolfgangepplenaturschutzundethik.de\/wp-content\/uploads\/2021\/09\/IMG_3519-300x225.jpg 300w, https:\/\/wolfgangepplenaturschutzundethik.de\/wp-content\/uploads\/2021\/09\/IMG_3519-768x576.jpg 768w, https:\/\/wolfgangepplenaturschutzundethik.de\/wp-content\/uploads\/2021\/09\/IMG_3519-1536x1152.jpg 1536w, https:\/\/wolfgangepplenaturschutzundethik.de\/wp-content\/uploads\/2021\/09\/IMG_3519-2048x1536.jpg 2048w\" sizes=\"(max-width: 1024px) 100vw, 1024px\" \/><figcaption class=\"wp-element-caption\">Plakat der <a href=\"https:\/\/www.2080-forstinning.de\/\u00fcber-uns\/impressum\/\">B\u00fcrgerinitiaitve St2080-Schwaberwegen und Moos e.V.<\/a>. Sie setzt sich auch kritisch mit der <a href=\"https:\/\/www.2080-forstinning.de\/aktuelles\/neues-um-wka\/\">Fragestellung des B\u00fcrgerentscheides und der drohenden Invasion der Windkraft in den Ebersberger Forst auseinander.<\/a><\/figcaption><\/figure>\n\n\n\n<p>Es stellt sich allerdings die Frage: Kann man mit den etablierten Umweltverb\u00e4nden und mit Hilfe <a href=\"https:\/\/wolfgangepplenaturschutzundethik.de\/?page_id=4447\">auf Windkraftkurs gebrachter F\u00f6rster der Staatsforsten <\/a>einen solch gro\u00dfen, geschlossenen und wertvollen Wald wie den Ebersberger Forst \u00fcberhaupt noch sch\u00fctzen? Man erinnere hierzu das naturschutz-schw\u00e4chende Gebaren der Umwelt-Verb\u00e4nde, <a href=\"https:\/\/wolfgangepplenaturschutzundethik.de\/?page_id=86\">aufgegriffen auf der Seite dieser Homepage zur Windkraft<\/a>. <\/p>\n\n\n\n<p>Ich formuliere im Folgenden einige Gedanken &#8211; sehr bewusst den Rahmen der bisherigen Diskussion sprengend:<\/p>\n\n\n\n<h4 class=\"wp-block-heading\"><strong>Zukunft einmal anders denken f\u00fcr den Ebersberger Forst<\/strong><\/h4>\n\n\n\n<p><strong>Was w\u00e4re eigentlich in Zeiten der versch\u00e4rften \u00f6kologischen Krise denkbar f\u00fcr die Zukunft eines so gro\u00dfen geschlossenen und wertvollen Waldgebietes in einer Metropolregion?<\/strong><\/p>\n\n\n\n<p><strong>Haben wir \u00fcberhaupt noch Visionen <strong>f\u00fcr den Naturschutz<\/strong> in Zeiten des Klima-Hypes ? <\/strong><\/p>\n\n\n\n<p><strong>Wie w\u00e4re das:<\/strong><\/p>\n\n\n\n<h4 class=\"wp-block-heading has-vivid-green-cyan-color has-text-color\"><strong>Statt Windkraft-Entwertung ein zuk\u00fcnftiges Gro\u00df- und Entwicklungsschutzgebiet&#8230; <\/strong><\/h4>\n\n\n\n<h4 class=\"wp-block-heading has-vivid-green-cyan-color has-text-color\">&#8230;<strong>ein zuk\u00fcnftiger <\/strong><\/h4>\n\n\n\n<h4 class=\"wp-block-heading has-vivid-green-cyan-color has-text-color\"><strong>(Entwicklungs-)<em>&#8222;Nationalpark Ebersberger Wald&#8220;<\/em><\/strong><\/h4>\n\n\n\n<p>In vielen L\u00e4ndern der Erde w\u00e4re ein so gro\u00dfer, in die Gegenwart geretteter und noch geschlossener Wald  &#8211; zumal in der unmittelbaren N\u00e4he einer weiterhin fruchtbare Erde fressenden Metropole wie M\u00fcnchen &#8211; l\u00e4ngst Gegenstand weiter in die Zukunft reichender \u00dcberlegungen und Ans\u00e4tze f\u00fcr den Schutz. Es sei daran erinnert, dass wir gerne von anderen L\u00e4ndern und Gemeinschaften &#8211; m\u00f6glichst in gro\u00dfer Ferne &#8211; selbstverst\u00e4ndlich &#8222;Gro\u00dfe W\u00fcrfe&#8220; und Verzicht zu Gunsten von Natur und Wildlife fordern.<\/p>\n\n\n\n<p>Im Klima-Hype und naturfernen &#8222;gr\u00fcnen&#8220; Zeitgeist ist gerade im dicht bebauten Deutschland der strikte und greifende Natur- und Fl\u00e4chenschutz in eigenartiger Weise zum Hindernis geworden (siehe: <em>Epple, W. (2020): Naturschutz als Hindernis f\u00fcr \u201eKlimaschutz\u201c und Energiewende? Die Windlobby bestellt \u2013 die Politik liefert. Eine Chronologie. Naturschutz Magazin der Naturschutzinitiative e.V. 03\/2020: 32-37.&nbsp;<a href=\"https:\/\/www.naturschutz-initiative.de\/images\/PDF2020\/Windkraftlobby.pdf\">https:\/\/www.naturschutz-initiative.de\/images\/PDF2020\/Windkraftlobby.pdf<\/a>&nbsp;Literaturverzeichnis zu Artikel:&nbsp;<a href=\"https:\/\/www.naturschutz-initiative.de\/images\/PDF2020\/LiteraturlisteWE.pdf\">https:\/\/www.naturschutz-initiative.de\/images\/PDF2020\/LiteraturlisteWE.pdf<\/a><\/em>)<\/p>\n\n\n\n<p>Wie kann trotz <a href=\"https:\/\/wolfgangepplenaturschutzundethik.de\/?page_id=566\">gesicherter Erkenntnisse \u00fcber die Sch\u00e4dlichkeit der Wald-aufl\u00f6senden Eingriffe, auch und gerade der Klima-Sch\u00e4dlichkeit<\/a> des Auflichtens des Kronendachs, \u00fcberhaupt dar\u00fcber nachgedacht werden, ein solch \u00fcberaus wertvolles Waldgebiet anzutasten? <\/p>\n\n\n\n<p>Wie ich in meinem <a href=\"https:\/\/www.bod.de\/buchshop\/windkraftindustrie-und-naturschutz-wolfgang-epple-9783753416991\">Buch zum Konflikt<\/a> schreibe, stellt sich uns versch\u00e4rft die <strong>Frage nach dem Tabu<\/strong> (siehe Schlusszitat Hans Jonas). <\/p>\n\n\n\n<h4 class=\"wp-block-heading\"><strong>Zukunft des Naturschutzes im Ebersberger Forst &#8211; von der &#8222;Klimaschutz&#8220;-Gegenwart schon \u00fcberholt?<\/strong><\/h4>\n\n\n\n<p>Statt erweitertem Schutz aber wird der Ebersberger Forst derzeit unter dem Druck des &#8222;Klimaschutzes&#8220; zum Menetekel und Negativ-Beispiel:<\/p>\n\n\n\n<ul class=\"wp-block-list\">\n<li><a href=\"https:\/\/wolfgangepplenaturschutzundethik.de\/?page_id=86\">Zonierung und Entwertung von Landschaftsschutzgebieten, das Ende des Landschaftsschutzes<\/a> im Rahmen der Energiewende<\/li>\n<\/ul>\n\n\n\n<ul class=\"wp-block-list\">\n<li><a href=\"https:\/\/wolfgangepplenaturschutzundethik.de\/?page_id=4447\">Auslieferung der Staatsw\u00e4lder an die Windkraftindustrie<\/a><\/li>\n<\/ul>\n\n\n\n<ul class=\"wp-block-list\">\n<li><a href=\"https:\/\/wolfgangepplenaturschutzundethik.de\/?page_id=518\">Nichtanwendung geltenden Naturschutzrechtes oder dessen Schleifung im Rahmen der Energiewende<\/a><\/li>\n<\/ul>\n\n\n\n<ul class=\"wp-block-list\">\n<li>Gezielte Irref\u00fchrung und Desinformation der Bev\u00f6lkerung, wenn es um erneuerbare Energien geht<\/li>\n<\/ul>\n\n\n\n<ul class=\"wp-block-list\">\n<li><a href=\"https:\/\/wolfgangepplenaturschutzundethik.de\/?page_id=636\">Spaltung der Gesellschaft in der Frage der Sch\u00e4digung der Natur durch &#8222;Klimaschutz&#8220;<\/a><\/li>\n<\/ul>\n\n\n\n<p>Gibt es wirklich kein Halten der Klimasch\u00fctzer vor nichts und niemandem? Ist die gr\u00fcndliche Abw\u00e4gung der betroffenen G\u00fcter in unserem Rechtsstaat endg\u00fcltig au\u00dfer Kraft? Funktioniert dieser Rechtsstaat nicht mehr, wenn es um &#8222;Klimaschutz&#8220; geht?<\/p>\n\n\n\n<p>Ich m\u00f6chte deshalb der drohenden Entwertung des Ebersberger Forstes ganz bewusst den oben eingef\u00fchrten  Vorschlag eines Gro\u00df-Schutzgebietes als Vision entgegensetzen.  <\/p>\n\n\n\n<p>Zusammengefasst: Wie w\u00e4re es, liebe Denker einer lebenswerten Zukunft und Retter der Welt, mit dem <\/p>\n\n\n\n<p class=\"has-text-align-center has-vivid-green-cyan-color has-text-color has-medium-font-size\"><strong><em>NATIONALPARK EBERSBERGER WALD<\/em>  ?<\/strong><\/p>\n\n\n\n<p><strong>Gute Gr\u00fcnde gibt es genug:<\/strong><\/p>\n\n\n\n<p>Das Gebiet ist gut abgrenzbar. Es bestehen eindeutige &#8222;Grenzen&#8220;. Der gr\u00f6\u00dfte Teil ist im Besitz der \u00f6ffentlichen Hand.<\/p>\n\n\n\n<p>Die Entwicklung eines geschlossenen, bislang forstlich genutzten  Waldgebietes hin zu einer <em>Wildnis von Morgen <\/em>ist fachlich nicht zu beanstanden und gesellschaftspolitisch weltweit und auch in Deutschland nichts Neues. Die Umwandlung ist nur eine Frage der Zeit, sie ist machbar. Ohne reale Verluste und Eigentumsprobleme zumindest im Staatswaldbereich. Der Staat ist rechtlich in der Lage, sein Gebiet in diese Richtung zu verwalten (im Gegensatz zur rechtlich nicht h\u00fcrdenfreien Waldumwandlung zu Gunsten eines Industriekomplexes). <strong>Wildnisschutz ist die Vollendung des Naturschutzgedankens.<\/strong><\/p>\n\n\n\n<p>Die Entwicklung des <em>Ebersberger Forstes<\/em> hin zu einem <em>Nationalpark Ebersberger Wald <\/em>w\u00e4re auch f\u00fcr die Wissenschaft ein unsch\u00e4tzbares Reallabor f\u00fcr die Dokumentation der Anpassung eines vorher jahrhundertelang bef\u00f6rsterten Waldes; gerade in der <a href=\"https:\/\/www.spektrum.de\/lexikon\/biologie-kompakt\/hoehenstufen\/5563\">kollinen Stufe<\/a> gibt es zu wenige Wald-Gro\u00dfschutzgebiete. Wir und insbesondere unsere Nachfahren (<em>nota bene: Generationengerechtigkeit!<\/em>) w\u00fcrden Zeugen der immer wieder beschworenen und doch \u00fcberaus seltenen Entstehung von &#8222;Urwald von Morgen&#8220; &#8211; und dies auch noch unter Bedingungen des Klimawandels. Und dies auch noch vor den T\u00fcren bzw. inmitten einer Metropolregion.<\/p>\n\n\n\n<figure class=\"wp-block-image size-large\"><img loading=\"lazy\" decoding=\"async\" width=\"1024\" height=\"768\" src=\"https:\/\/wolfgangepplenaturschutzundethik.de\/wp-content\/uploads\/2021\/09\/IMG_3525-1024x768.jpg\" alt=\"\" class=\"wp-image-4743\" srcset=\"https:\/\/wolfgangepplenaturschutzundethik.de\/wp-content\/uploads\/2021\/09\/IMG_3525-1024x768.jpg 1024w, https:\/\/wolfgangepplenaturschutzundethik.de\/wp-content\/uploads\/2021\/09\/IMG_3525-300x225.jpg 300w, https:\/\/wolfgangepplenaturschutzundethik.de\/wp-content\/uploads\/2021\/09\/IMG_3525-768x576.jpg 768w, https:\/\/wolfgangepplenaturschutzundethik.de\/wp-content\/uploads\/2021\/09\/IMG_3525-1536x1152.jpg 1536w, https:\/\/wolfgangepplenaturschutzundethik.de\/wp-content\/uploads\/2021\/09\/IMG_3525-2048x1536.jpg 2048w\" sizes=\"(max-width: 1024px) 100vw, 1024px\" \/><figcaption class=\"wp-element-caption\">Mehrstufiger, naturnaher Mischwald im Ebersberger Forst. Lebhafte Naturverj\u00fcngung der Buche. Solche Areale zeigen das Entwicklungspotenzial des zuk\u00fcnftigen gesamten Ebersberger Waldes. Foto: Wolfgang Epple<\/figcaption><\/figure>\n\n\n\n<p><\/p>\n\n\n\n<p>Es entst\u00fcnde eine phantastische M\u00f6glichkeit f\u00fcr die Einwohner M\u00fcnchens und seiner weiten Umgebung, direkt Zeuge der Wiederkehr von Wald-Wildnis, ihrer Anpassung an den Menschen und an den Klimawandel zu werden. <\/p>\n\n\n\n<p>Wie weit entfernt sind wir vom Wildnis-Gedanken, wenn es um einen solchen Wald und seine Zukunft geht? Auch hier: Wie immer kolportiert die S\u00fcddeutsche Zeitung besonders ausgepr\u00e4gt gedankliche Engf\u00fchrung und Simplizierung, wenn es um den Konflikt des Natur- und Landschaftsschutzes mit der Windkraft geht, etwa um Aussagen dieser Qualit\u00e4t: &#8222;Der Wald stirbt nicht an ein paar Windkraftanlagen, sondern am Klimawandel&#8220;. Da wird dann ganz diffus und pauschal die &#8222;Wissenschaft&#8220; bem\u00fcht, konkret: Auszug aus einem SZ-Artikel vom 27. April 2021, geschickt in die Zeit des H\u00f6hepunktes der Verunglimpfung von Windkraftkritik im Vorfeld des Ebersberger &#8222;B\u00fcrgerentscheids&#8220; platziert; Dachzeile, im Artikel wiederholt:<em> <strong><a href=\"https:\/\/www.sueddeutsche.de\/muenchen\/ebersberg\/landkreis-ebersberg-ebersberger-forst-windkraft-1.5277134\">Windr\u00e4der in Ebersberg:&#8220;Dann k\u00f6nnen wir Korkeichen anbauen&#8220;<\/a><\/strong><\/em>. Dann l\u00e4sst die S\u00fcddeutsche aus berufenem Bund-Naturschutz-Munde erkl\u00e4ren, was <a href=\"https:\/\/www.sueddeutsche.de\/muenchen\/ebersberg\/landkreis-ebersberg-ebersberger-forst-windkraft-1.5277134\"><em>&#8222;(&#8230;)den Unterschied des BN zu anderen lokalen Umweltverb\u00e4nden ausmacht: &#8222;Wir betrachten die Gesamtheit&#8220;, so Rautenberg. Unterst\u00fctzung bekommt er von Martin Geilhufe, der bayerische Landesbeauftragte des BN ist ebenfalls in den Forst gekommen. <strong>Seine Prognose deckt sich mit wissenschaftlichen Berechnungen<\/strong>: Steigen die Temperaturen weiter an, werden heimische B\u00e4ume wie Fichte und Buche vertrocknen. Franz H\u00f6cherl von der Ortsgruppe Pliening dr\u00fcckt die Problematik mit einer im mediterranen Portugal heimischen Baumart aus: <strong>&#8222;Dann k\u00f6nnen wir nur noch Korkeichen&nbsp;anbauen.<\/strong>&#8222;&#8220;<\/em><\/a><\/p>\n\n\n\n<p>(Fette Hervorhebung durch WE). Die Antwort auf diesen Unsinn w\u00e4re bei wirklich ganzheitlicher Betrachtung: <\/p>\n\n\n\n<p><strong>Nein: Wir pflanzen gar nichts! <\/strong><\/p>\n\n\n\n<p><strong>Wir geben der Natur mit einem Gro\u00dfschutzgebiet eine Chance <\/strong>&#8211; eine Chance sowohl zur Mitigation als auch zur Anpassung nicht nur an den Klimawandel. Es ist die Chance <strong>zur gleichberechtigten Koexistenz &#8211; auf 10.000 Hektaren der Natur \u00fcberlassener Fl\u00e4che &#8211; mit Hunderttausenden davon profitierenden Menschen <\/strong>in der ringsum l\u00e4ngst zersiedelten Umgebung.<\/p>\n\n\n\n<h4 class=\"wp-block-heading\"><strong>Die Utopie f\u00fcr den EBE-Forst &#8211; ganzheitlicher Naturschutz wird real<\/strong>: <\/h4>\n\n\n\n<p> Meine pers\u00f6nliche  Naturschutz-&#8222;Utopie&#8220; f\u00fcr den Ebersberger Wald und seine Umgebung , jenseits der Vorstellungen heutiger &#8222;BN-Gesamtheit&#8220;, sei zumindest in aller Unvorsicht noch ein wenig ausgemalt &#8211; <a href=\"https:\/\/wolfgangepplenaturschutzundethik.de\/?page_id=1586\" title=\"\">positive Beispiele im Naturschutz <\/a>beginnen immer mit Hoffnung und grenzen anfangs auch an Utopie: <\/p>\n\n\n\n<p>Warum sollte nicht eine Wisent-Herde und eine Herde Wildpferde grasen im Ebersberger<em><strong> Wald<\/strong><\/em>? Eine <a href=\"https:\/\/onlinelibrary.wiley.com\/doi\/10.1111\/ddi.13671#:~:text=bison%20(Figure%202).,in%20the%20Solska%20Forest%20area.\" title=\"\">aktuelle \u00dcbersichtsstudie zu Wisent und Elch (Blum et al. 2022)<\/a> erkennt den Ebersberger Forst als zwar von nat\u00fcrlichen Wanderungen der Wisente weitab isoliertes, jedoch f\u00fcr die Etablierung einer &#8222;Reservoir-Population&#8220; wohl geeignetes Waldgebiet. Der Wisent w\u00e4re eine gro\u00dfe Bereicherung f\u00fcr ein Waldgebiet in einer ansonsten vom Menschen \u00fcberpr\u00e4gten Metropolregion. Solche Wisentherden sind f\u00fcr die Erhaltung der Art durchaus von Bedeutung.<\/p>\n\n\n\n<figure class=\"wp-block-image size-large\"><img loading=\"lazy\" decoding=\"async\" width=\"1024\" height=\"673\" src=\"https:\/\/wolfgangepplenaturschutzundethik.de\/wp-content\/uploads\/2021\/09\/Dia-03655-1024x673.jpg\" alt=\"\" class=\"wp-image-4740\" srcset=\"https:\/\/wolfgangepplenaturschutzundethik.de\/wp-content\/uploads\/2021\/09\/Dia-03655-1024x673.jpg 1024w, https:\/\/wolfgangepplenaturschutzundethik.de\/wp-content\/uploads\/2021\/09\/Dia-03655-300x197.jpg 300w, https:\/\/wolfgangepplenaturschutzundethik.de\/wp-content\/uploads\/2021\/09\/Dia-03655-768x505.jpg 768w, https:\/\/wolfgangepplenaturschutzundethik.de\/wp-content\/uploads\/2021\/09\/Dia-03655-1536x1009.jpg 1536w, https:\/\/wolfgangepplenaturschutzundethik.de\/wp-content\/uploads\/2021\/09\/Dia-03655-2048x1346.jpg 2048w\" sizes=\"(max-width: 1024px) 100vw, 1024px\" \/><figcaption class=\"wp-element-caption\">Freilebende Wisente in der <a href=\"https:\/\/de.wikipedia.org\/wiki\/Borkener_Forst\">Puszcza Borecka, Borkener Forst, Masuren, Polen<\/a> Foto: Wolfgang Epple. Ein weiteres Foto siehe auf der Seite dieser Homepage : <strong> <a href=\"https:\/\/wolfgangepplenaturschutzundethik.de\/?page_id=91\">Die Natur sch\u00fctzen durch Mitmenschlichkeit und gerechtes Teilen?<\/a><\/strong><\/figcaption><\/figure>\n\n\n\n<p>Weiterhin: Warum sollten nicht Schwarzst\u00f6rche und Kraniche eines Tages br\u00fcten in gezielt und gro\u00dfz\u00fcgig vern\u00e4ssten Bereichen des Ebersberger Forstes?<\/p>\n\n\n\n<figure class=\"wp-block-image size-large\"><img loading=\"lazy\" decoding=\"async\" width=\"1024\" height=\"680\" src=\"https:\/\/wolfgangepplenaturschutzundethik.de\/wp-content\/uploads\/2021\/09\/DSC_7706-1024x680.jpg\" alt=\"\" class=\"wp-image-4739\" srcset=\"https:\/\/wolfgangepplenaturschutzundethik.de\/wp-content\/uploads\/2021\/09\/DSC_7706-1024x680.jpg 1024w, https:\/\/wolfgangepplenaturschutzundethik.de\/wp-content\/uploads\/2021\/09\/DSC_7706-300x199.jpg 300w, https:\/\/wolfgangepplenaturschutzundethik.de\/wp-content\/uploads\/2021\/09\/DSC_7706-768x510.jpg 768w, https:\/\/wolfgangepplenaturschutzundethik.de\/wp-content\/uploads\/2021\/09\/DSC_7706-1536x1020.jpg 1536w, https:\/\/wolfgangepplenaturschutzundethik.de\/wp-content\/uploads\/2021\/09\/DSC_7706-2048x1360.jpg 2048w, https:\/\/wolfgangepplenaturschutzundethik.de\/wp-content\/uploads\/2021\/09\/DSC_7706-700x465.jpg 700w\" sizes=\"(max-width: 1024px) 100vw, 1024px\" \/><figcaption class=\"wp-element-caption\">Junger Schwarzstorch. Schwarzst\u00f6rche suchen das unmittelbar ihrem Brutorts-Wald benachbarte Offenland zur Nahrungssuche auf. Foto: Wolfgang Epple<\/figcaption><\/figure>\n\n\n\n<p><\/p>\n\n\n\n<figure class=\"wp-block-image size-large\"><img loading=\"lazy\" decoding=\"async\" width=\"1024\" height=\"768\" src=\"https:\/\/wolfgangepplenaturschutzundethik.de\/wp-content\/uploads\/2021\/09\/IMG_3505-1024x768.jpg\" alt=\"\" class=\"wp-image-4738\" srcset=\"https:\/\/wolfgangepplenaturschutzundethik.de\/wp-content\/uploads\/2021\/09\/IMG_3505-1024x768.jpg 1024w, https:\/\/wolfgangepplenaturschutzundethik.de\/wp-content\/uploads\/2021\/09\/IMG_3505-300x225.jpg 300w, https:\/\/wolfgangepplenaturschutzundethik.de\/wp-content\/uploads\/2021\/09\/IMG_3505-768x576.jpg 768w, https:\/\/wolfgangepplenaturschutzundethik.de\/wp-content\/uploads\/2021\/09\/IMG_3505-1536x1152.jpg 1536w, https:\/\/wolfgangepplenaturschutzundethik.de\/wp-content\/uploads\/2021\/09\/IMG_3505-2048x1536.jpg 2048w\" sizes=\"(max-width: 1024px) 100vw, 1024px\" \/><figcaption class=\"wp-element-caption\">Eine Gruppe Wei\u00dfst\u00f6rche im &#8222;Schwabener Moos&#8220;. Beleg f\u00fcr die natuschutzfachliche Bedeutung der an den Ebersberger Forst angrenzenden, noch nicht \u00fcberbauten Gebiete. Foto: Wolfgang Epple<\/figcaption><\/figure>\n\n\n\n<p>Warum sollten nicht Biber neue Lebensr\u00e4ume gestalten und Otter seine Wasserl\u00e4ufe nutzen?<\/p>\n\n\n\n<p>Warum sollten nicht die staunenden, sich erholenden Menschen sehr wohl gleichzeitig  &#8211; geschickt &#8222;besuchergelenkt&#8220; &#8211; alle bisherigen Erholungseinrichtungen inmitten einer neu entstehenden Wildnis nutzen k\u00f6nnen?<\/p>\n\n\n\n<p>Warum sollten diese Menschen nicht ein um ein Vielfaches intensiviertes Naturerlebnis genie\u00dfen &#8211; im endg\u00fcltig jagdberuhigten Bereich des Nationalparkes? Denn: Wildtiere tradieren schnell die sogenannte &#8222;Nationalparkvertrautheit&#8220;: Die Fluchtdistanzen werden klein, wo und wenn die Flinten schweigen.<\/p>\n\n\n\n<p>Schlie\u00dflich, um einschl\u00e4gigen Bef\u00fcrchtungen um Jobs gleich entgegen zu treten:<\/p>\n\n\n\n<p>Warum sollte die bisherige <em><strong>Forstverwaltung<\/strong> <\/em>nicht auch hier &#8211; wie in anderen Beispielen &#8211; zur <em><strong>Nationalparkverwaltung<\/strong> <\/em>werden? Diese Rolle st\u00fcnde ihr besser als die von <a href=\"https:\/\/twitter.com\/Markus_Soeder\/status\/1432307856930451458\">Ministerpr\u00e4sident S\u00f6der (CSU) zugedachte Degradierung der Staatsf\u00f6rster zu Erf\u00fcllungsgehilfen der Windkraftindustrie!<\/a><\/p>\n\n\n\n<p>Warum sollten die vielen umliegenden wertvollen Offenland-Fl\u00e4chen nicht einbezogen werden als &#8222;gemanagte&#8220; Puffer- und Entwicklungszonen des werdenden und gedeihenden Nationalparks?<\/p>\n\n\n\n<p><\/p>\n\n\n\n<figure class=\"wp-block-image size-large\"><img loading=\"lazy\" decoding=\"async\" width=\"1024\" height=\"768\" src=\"https:\/\/wolfgangepplenaturschutzundethik.de\/wp-content\/uploads\/2021\/09\/IMG_3534-1024x768.jpg\" alt=\"\" class=\"wp-image-4732\" srcset=\"https:\/\/wolfgangepplenaturschutzundethik.de\/wp-content\/uploads\/2021\/09\/IMG_3534-1024x768.jpg 1024w, https:\/\/wolfgangepplenaturschutzundethik.de\/wp-content\/uploads\/2021\/09\/IMG_3534-300x225.jpg 300w, https:\/\/wolfgangepplenaturschutzundethik.de\/wp-content\/uploads\/2021\/09\/IMG_3534-768x576.jpg 768w, https:\/\/wolfgangepplenaturschutzundethik.de\/wp-content\/uploads\/2021\/09\/IMG_3534-1536x1152.jpg 1536w, https:\/\/wolfgangepplenaturschutzundethik.de\/wp-content\/uploads\/2021\/09\/IMG_3534-2048x1536.jpg 2048w\" sizes=\"(max-width: 1024px) 100vw, 1024px\" \/><figcaption class=\"wp-element-caption\">\u00dcberg\u00e4nge vom geschlossenen Wald zum reich strukturierten Offenland am S\u00fcdrand des Ebersberger Forstes. An einigen Au\u00dfengrenzen des Waldes bestehen wertvolle Habitatstrukturen mit h\u00f6herem Laubholzanteil, die insbesondere als Jagbereiche f\u00fcr Gro\u00dfv\u00f6gel und Flederm\u00e4use von Bedeutung sind.  Das Bild entstand am 05. September 2021. Foto : Wolfgang  Epple<\/figcaption><\/figure>\n\n\n\n<p class=\"has-black-color has-text-color\">Liebe jung-GR\u00dcNE Klima-Kids, liebe Alt-GR\u00dcNE, verehrte Schwarze und Rote oder Gelbe Klimaretter &#8211; so: Mit der R\u00fcckkehr und der Toleranz der wilden Natur k\u00f6nnte der wirksame Beitrag zur <a href=\"https:\/\/wolfgangepplenaturschutzundethik.de\/?page_id=636\" title=\"\">Generationengerechtigkeit<\/a> in einer durch weitere Verst\u00e4dterung bedrohten oberbayerischen Umwelt aussehen&#8230;<\/p>\n\n\n\n<p><strong>Der Ebersberger Forst, entwickelt in einen Wald der Zukunft w\u00fcrde zum Sinnbild und Beispiel f\u00fcr <a href=\"https:\/\/wolfgangepplenaturschutzundethik.de\/\">GANZHEITLICHEN NATURSCHUTZ<\/a>, f\u00fcr geschontes Leben<\/strong>. Siehe das Eingangszitat Hans Jonas auf der Startseite der Homepage. <\/p>\n\n\n\n<p>Dies w\u00e4re die einzig ethisch und fachlich konsistente Antwort auf die Geldgier der Windkraft-Protagonisten:<br><strong>Verbesserte Schutzgebiete statt Industrie in den W\u00e4ldern&nbsp;<\/strong><br>Von L\u00e4ndern der sogenannten dritten Welt fordern wir st\u00e4ndig solche Schritte!<\/p>\n\n\n\n<p class=\"has-black-color has-text-color\">Um eine solche Zukunft mit Schonung der Natur nicht zu verunm\u00f6glichen bedeutet dies als ersten Schritt, um es mit der Schutzgemeinschaft Ebersberger Forst e.V. zu formulieren: <\/p>\n\n\n\n<p class=\"has-text-align-center has-large-font-size\">! <strong><a href=\"https:\/\/www.schutzgemeinschaft-ebersberger-forst.de\/\">H\u00e4nde weg vom Ebersberger Forst<\/a><\/strong> ! <\/p>\n\n\n\n<h4 class=\"wp-block-heading\"><strong>Fazit und Ausblick<\/strong> &#8211; <strong>was wird aus dem Ebersberger Forst?<\/strong><\/h4>\n\n\n\n<p><strong>Nichts ist in Sachen Windkraft (und \u00fcbrigens auch in Sachen Stra\u00dfenbau) im Ebersberger Forst entschieden!! Der Rechtsstaatlichkeit muss gerade vor dem Hintergrund des rechtlich fragw\u00fcrdigen &#8222;B\u00fcrgerentscheids&#8220; und der \u00f6ffentlich gef\u00f6rderten Pro-Windkraft-Kampagne gen\u00fcgt werden. Das hei\u00dft: eine ergebnisoffene G\u00fcterabw\u00e4gung<\/strong> * (siehe Erg\u00e4nzung am Ender der Seite) <strong>im Rahmen des Genehmigungsverfahrens<\/strong> <strong>ist zwingend, <\/strong>so es dazu wirklich kommen sollte.<\/p>\n\n\n\n<p>Hier zun\u00e4chst die klare Ansage von <a href=\"https:\/\/www.2080-forstinning.de\/\">Dr. Ludwig Seebauer, BI St2080<\/a> vom 16. Mai 2021:<\/p>\n\n\n\n<p><em><a href=\"https:\/\/www.pro-wald.org\/bedrohte-waelder\/windkraft-im-ebersberger-forst-buergerentscheid-bringt-knappe-mehrheit-fuer-wald-bebauung\">&#8222;(&#8230;)Um unseren Forst trotz dieses Ergebnisses vor den geplanten Angriffen zu sch\u00fctzen, werden von uns nun alle juristischen Mittel ausgesch\u00f6pft werden, um den Unsinn zu stoppen. Es muss das EuGH-Urteil zu Landschaftsschutzgebieten abgewartet werden. Ob die Landschaftsschutzgebietsverordnung f\u00fcr die geplanten Bauvorhaben (Windkraft und Umgehungsstra\u00dfe) so einfach ge\u00e4ndert werden kann, oder ob hier wesentlich aufw\u00e4ndigere Pr\u00fcfverfahren heranzuziehen sind, bleibt zun\u00e4chst abzuwarten. Bis zum heutigen Tage sind rechtlich belastbare artenschutzrechtliche Untersuchungen und Umweltvertr\u00e4glichkeitspr\u00fcfungen sowie weitere vertiefende Pr\u00fcfungen nicht durchgef\u00fchrt worden. Der Kampf um den uneingeschr\u00e4nkten und unzerteilten Erhalt unseres Ebersberger Forstes geht jetzt erst richtig los. Dieses Ergebnis ist keine Niederlage, sondern Auftrag und Ansporn auf juristischer Ebene jetzt erst Recht weiter zu machen. Kopf hoch &#8211; die Windr\u00e4der stehen noch lange nicht.&#8220;<\/a><\/em><\/p>\n\n\n\n<p>Zum juristischen Gehalt des Konfliktes, insbesondere zu den naturschutzrechtlichen Vorgaben des h\u00f6herrangigen und auch in Bayern anzuwendenden europ\u00e4ischen Artenschutzrechtes muss dringend erg\u00e4nzt werden: <strong>der <a href=\"https:\/\/curia.europa.eu\/juris\/document\/document.jsf?text=&amp;docid=238465&amp;pageIndex=0&amp;doclang=DE&amp;mode=lst&amp;dir=&amp;occ=first&amp;part=1&amp;cid=5340251\">EuGH hat am 04.03.2021 eine wichtige Entscheidung gef\u00e4llt,<\/a> die alleine schon gen\u00fcgen m\u00fcsste, das Vorhaben der Windkraftindustrie in einem so \u00fcbergeordnet wertvollen Lebensraum wie dem Ebersberger Forst zum Scheitern zu bringen.<\/strong> Denn: Einen neuen Ma\u00dfstab f\u00fcr den europ\u00e4ischen Naturschutz im Sinne einer Unterordnung unter den \u201eKlimaschutz\u201c wird es nicht geben. Mit diesem&nbsp;<a href=\"https:\/\/curia.europa.eu\/juris\/document\/document.jsf?text=&amp;docid=238465&amp;pageIndex=0&amp;doclang=DE&amp;mode=lst&amp;dir=&amp;occ=first&amp;part=1&amp;cid=5340251\">Urteil vom 04.03.2021&nbsp;<\/a>hat der EuGH klar gemacht, dass das artenschutzrechtliche T\u00f6tungsverbot nicht mit dem Erhaltungszustand einer Art oder dem Hinweis auf dessen Verschlechterung ausgeh\u00f6hlt werden kann. Das gilt grunds\u00e4tzlich f\u00fcr alle todbringenden Eingriffe und Aktivit\u00e4ten des Menschen. Es wird also nichts mit der auch f<a href=\"https:\/\/core.ac.uk\/download\/pdf\/14520106.pdf\">achlich und ethisch nicht haltbaren oder zu rechtfertigenden Reduzierung von Schutzw\u00fcrdigkeit auf \u201ePopulationsbezug\u201c!<\/a>&nbsp;<strong>Es gibt keine Lizenz zum T\u00f6ten, keinen Freibrief f\u00fcr das Niedermachen von Lebensr\u00e4umen und Lebensst\u00e4tten \u2013 auch nicht im Namen der Energiewende und \u201eKlimarettung\u201c<\/strong>. Ich verweise hierzu auf meinen Beitrag in dieser Homepage, den ich auch im <a href=\"https:\/\/www.bod.de\/buchshop\/windkraftindustrie-und-naturschutz-wolfgang-epple-9783753416991\">Buch zum Konflikt (s.o.)<\/a> an den Schluss aufgenommen habe: <\/p>\n\n\n\n<p><a href=\"https:\/\/wolfgangepplenaturschutzundethik.de\/?p=3716\"><em>Der NABU-GR\u00dcNE \u201eVogelfrieden\u201c und die europ\u00e4ische Rechtsprechung, oder: Warum ist eigentlich das Rotkehlchen gesch\u00fctzt?<\/em><\/a><\/p>\n\n\n\n<p>In meinem erw\u00e4hnten Gastbeitrag f\u00fcr die ZMS zum Stand der Dinge: <\/p>\n\n\n\n<p><em><strong>&#8222;(&#8230;)<a href=\"https:\/\/zukunft-marktschwaben.de\/windkraftindustrie-im-ebersberger-wald-wo-bleibt-die-generationengerechtigkeit-wendeblatt-11\">Noch besteht im Rahmen des gesetzlich vorgeschriebenen Genehmigungsverfahrens die berechtigte Hoffnung, dass gr\u00fcndliche G\u00fcterabw\u00e4gung dazu f\u00fchrt, den gro\u00dfen Wald in seiner Geschlossenheit und in seinem unsch\u00e4tzbaren Wert f\u00fcr Mensch, Natur und Klima in der Metropolregion M\u00fcnchen zu erhalten. Das w\u00e4re der angemessene regionale Beitrag zur Gerechtigkeit f\u00fcr nachfolgende Generationen einschlie\u00dflich aller Mitgesch\u00f6pfe. <\/a><\/strong><\/em><\/p>\n\n\n\n<p><em><strong><a href=\"https:\/\/zukunft-marktschwaben.de\/windkraftindustrie-im-ebersberger-wald-wo-bleibt-die-generationengerechtigkeit-wendeblatt-11\">Die Verschonung des Eberberger Forstes vor einer Opferung f\u00fcr wirtschaftliche Interessen w\u00e4re ein Fanal f\u00fcr ganzheitlichen Naturschutz: Der Verzicht auf das durch fragw\u00fcrdige juristische Konstrukte Machbare zu Gunsten des Verantwortbaren.<\/a> <\/strong><\/em><\/p>\n\n\n\n<p><em><strong>(&#8230;) <strong>Es geht im tiefsten Wortsinn um Lebensraum. Es geht um Respekt. Es geht um das&nbsp;<em>Tabu nicht gerechtfertigter und nicht verantwortbarer Zerst\u00f6rung von Natur<\/em><\/strong><\/strong><\/em>.&#8220;<\/p>\n\n\n\n<p>Es geht um Ehrfurcht vor der Natur: <\/p>\n\n\n\n<p class=\"has-luminous-vivid-orange-color has-text-color\"><strong><em>(\u2026) Die Ehrfurcht allein, indem sie uns ein \u201eHeiliges\u201c, das hei\u00dft unter keinen Umst\u00e4nden zu Verletzendes enth\u00fcllt (\u2026), wird uns auch davor sch\u00fctzen, um der Zukunft willen die Gegenwart zu sch\u00e4nden, jene um den Preis dieser kaufen zu wollen. (\u2026) Ein degradiertes Erbe wird die Erben mit degradieren.<\/em> <\/strong><\/p>\n\n\n\n<p>HANS JONAS (1979) in: Das Prinzip Verantwortung. Versuch einer Ethik f\u00fcr die technologische Zivilisation &#8211; Seite 33 (426 Seiten. Insel Verlag, Frankfurt)<\/p>\n\n\n\n<p><\/p>\n\n\n\n<p><strong>Die Adressen f\u00fcr weitere Informationen: <\/strong><\/p>\n\n\n\n<p><em><a href=\"http:\/\/www.landschaftsschutz-ebersberger-land.de\/index.html\">Landschaftsschutz Ebersberger Land e.V.<\/a>; Vorsitzende Catrin Dietl, E-Mail: <a href=\"mailto:kontakt@lsel.de\">kontakt@lsel.de<\/a><\/em><\/p>\n\n\n\n<p><em><a rel=\"noreferrer noopener\" href=\"http:\/\/www.schutzgemeinschaft-ebersberger-forst.de\/\" target=\"_blank\">Schutzgemeinschaft Ebersberger Forst e.V.<\/a>; Vorsitzende: Kerstin Mertens<br>E-Mail:&nbsp;<a>info@schutzgemeinschaft-ebersberger-forst.de<\/a><\/em><\/p>\n\n\n\n<p><em><a href=\"https:\/\/www.2080-forstinning.de\/%C3%BCber-uns\/vorstand\/\">B\u00fcrgerinitiative St 2080<\/a>;  Vorsitzender Dr. Ludwig Seebauer; E-Mail: <a href=\"mailto:info@2080-forstinning.de\">info@2080-forstinning.de<\/a><\/em><\/p>\n\n\n\n<p><a rel=\"noreferrer noopener\" href=\"http:\/\/www.ebersberg.lbv.de\/\" target=\"_blank\"> <\/a><em><a rel=\"noreferrer noopener\" href=\"http:\/\/www.ebersberg.lbv.de\/\" target=\"_blank\">Landesbund Vogelschutz LBV Ebersberg e.V.<\/a>; Vorsitzender: Benedikt Sommer;                              E-Mail:&nbsp;<a>kg-ebersberg@lbv.de<\/a><\/em><\/p>\n\n\n\n<p><a href=\"https:\/\/www.pro-wald.org\/bedrohte-waelder\/ebersberger-forst-bei-muenchen-auf-kollisionskurs\"><em>https:\/\/www.pro-wald.org\/bedrohte-waelder\/ebersberger-forst-bei-muenchen-auf-kollisionskurs<\/em><\/a><\/p>\n\n\n\n<p>Bitte unterst\u00fctzen Sie, liebe Leser, die hier vermittelten Vereine und Seiten, die sich um den Schutz des Waldes bem\u00fchen.<\/p>\n\n\n\n<p>* Die ergebnisoffene Schutzg\u00fcterabw\u00e4gung ist in Deutschland mit den Gesetzen der sogenannten \u201eAmpel\u201c-Regierung (\u201eOsterpaket 2022\u201c) au\u00dfer Kraft gesetzt. Ich lasse die 2021 noch mit einem Rest Optimismus formulierten Passagen bewusst stehen. Es wird erkennbar, welchen Schaden die inzwischen kl\u00e4glich gescheiterte Ampel, dort namentlich die politisch Hauptverantwortlichen aus den \u00c4mtern abgew\u00e4hlten Olaf Scholz (SPD) und Dr. Robert Habeck (B\u00fcndnis 90\/die GR\u00dcNEN), angerichtet hat.<\/p>\n\n\n\n<p>Die Bayerische Staatsregierung ist zum eifrigen Erf\u00fcllungsgehilfen in den Personen Dr. Markus S\u00f6der und Hubert Aiwanger degradiert.<\/p>\n\n\n\n<p>Die aktuellen Planungen haben die f\u00fcnf Windkraftkolosse ins Zentrum, sozusagen ins Herz des Ebersberger Waldes verlegt. Der zust\u00e4ndige Forstamtsleiter geh\u00f6rt &#8211; wie inzwischen vielerorts in Deutschland &#8211; zu den ebenfalls eifrigen Verfechtern der Windkraftindustrie im Wald.<\/p>\n\n\n\n<p>Eine Karte hat der \u201eMerkur\u201c am 16.04.2024 ver\u00f6ffentlicht; Screenshot:<\/p>\n\n\n\n<figure class=\"wp-block-image size-large\"><img loading=\"lazy\" decoding=\"async\" width=\"563\" height=\"1024\" src=\"https:\/\/wolfgangepplenaturschutzundethik.de\/wp-content\/uploads\/2025\/04\/image-563x1024.jpeg\" alt=\"\" class=\"wp-image-6801\" srcset=\"https:\/\/wolfgangepplenaturschutzundethik.de\/wp-content\/uploads\/2025\/04\/image-563x1024.jpeg 563w, https:\/\/wolfgangepplenaturschutzundethik.de\/wp-content\/uploads\/2025\/04\/image-165x300.jpeg 165w, https:\/\/wolfgangepplenaturschutzundethik.de\/wp-content\/uploads\/2025\/04\/image-768x1397.jpeg 768w, https:\/\/wolfgangepplenaturschutzundethik.de\/wp-content\/uploads\/2025\/04\/image-844x1536.jpeg 844w, https:\/\/wolfgangepplenaturschutzundethik.de\/wp-content\/uploads\/2025\/04\/image-1126x2048.jpeg 1126w, https:\/\/wolfgangepplenaturschutzundethik.de\/wp-content\/uploads\/2025\/04\/image.jpeg 1206w\" sizes=\"(max-width: 563px) 100vw, 563px\" \/><figcaption class=\"wp-element-caption\">Screenshot<\/figcaption><\/figure>\n\n\n\n<p><a href=\"https:\/\/www.merkur.de\/lokales\/ebersberg\/neue-standorte-neuer-zuendstoff-windkraft-plaene-im-ebersberger-forst-schreiten-voran-93015151.html\" title=\"\">https:\/\/www.merkur.de\/lokales\/ebersberg\/neue-standorte-neuer-zuendstoff-windkraft-plaene-im-ebersberger-forst-schreiten-voran-93015151.html<\/a><\/p>\n\n\n\n<p><\/p>\n\n\n\n<p><\/p>\n","protected":false},"excerpt":{"rendered":"<p>Das Beitragsbild zeigt einen Blick auf Ebersberg, aus dem Wald heraus. Foto: Wolfgang Epple erstmals ver\u00f6ffentlicht 2021; erg\u00e4nzt 2023, 2024, 2025 Ein Konflikt mit grunds\u00e4tzlicher &hellip; <\/p>\n","protected":false},"author":1,"featured_media":4639,"parent":0,"menu_order":0,"comment_status":"closed","ping_status":"closed","template":"","meta":{"om_disable_all_campaigns":false,"_monsterinsights_skip_tracking":false,"_monsterinsights_sitenote_active":false,"_monsterinsights_sitenote_note":"","_monsterinsights_sitenote_category":0,"footnotes":""},"class_list":["post-4619","page","type-page","status-publish","has-post-thumbnail","hentry"],"aioseo_notices":[],"_links":{"self":[{"href":"https:\/\/wolfgangepplenaturschutzundethik.de\/index.php?rest_route=\/wp\/v2\/pages\/4619"}],"collection":[{"href":"https:\/\/wolfgangepplenaturschutzundethik.de\/index.php?rest_route=\/wp\/v2\/pages"}],"about":[{"href":"https:\/\/wolfgangepplenaturschutzundethik.de\/index.php?rest_route=\/wp\/v2\/types\/page"}],"author":[{"embeddable":true,"href":"https:\/\/wolfgangepplenaturschutzundethik.de\/index.php?rest_route=\/wp\/v2\/users\/1"}],"replies":[{"embeddable":true,"href":"https:\/\/wolfgangepplenaturschutzundethik.de\/index.php?rest_route=%2Fwp%2Fv2%2Fcomments&post=4619"}],"version-history":[{"count":134,"href":"https:\/\/wolfgangepplenaturschutzundethik.de\/index.php?rest_route=\/wp\/v2\/pages\/4619\/revisions"}],"predecessor-version":[{"id":6811,"href":"https:\/\/wolfgangepplenaturschutzundethik.de\/index.php?rest_route=\/wp\/v2\/pages\/4619\/revisions\/6811"}],"wp:featuredmedia":[{"embeddable":true,"href":"https:\/\/wolfgangepplenaturschutzundethik.de\/index.php?rest_route=\/wp\/v2\/media\/4639"}],"wp:attachment":[{"href":"https:\/\/wolfgangepplenaturschutzundethik.de\/index.php?rest_route=%2Fwp%2Fv2%2Fmedia&parent=4619"}],"curies":[{"name":"wp","href":"https:\/\/api.w.org\/{rel}","templated":true}]}}